{"id":3352,"date":"2019-09-27T13:29:24","date_gmt":"2019-09-27T11:29:24","guid":{"rendered":"http:\/\/booking.net2rent.com\/domusbegur2\/?page_id=3352"},"modified":"2021-11-17T11:47:40","modified_gmt":"2021-11-17T10:47:40","slug":"lloguer-apartaments-begur","status":"publish","type":"page","link":"https:\/\/www.domusbegur.com\/ca\/lloguer-apartaments-begur\/","title":{"rendered":"Lloguer d\u2019apartaments a Begur"},"content":{"rendered":"\t\t<div data-elementor-type=\"wp-page\" data-elementor-id=\"3352\" class=\"elementor elementor-3352 elementor-3351\" data-elementor-post-type=\"page\">\n\t\t\t\t\t\t<section class=\"elementor-section elementor-top-section elementor-element elementor-element-f415a43 elementor-section-height-min-height positionHeader elementor-section-boxed elementor-section-height-default elementor-section-items-middle\" data-id=\"f415a43\" data-element_type=\"section\" data-e-type=\"section\" data-settings=\"{&quot;background_background&quot;:&quot;classic&quot;}\">\n\t\t\t\t\t\t<div class=\"elementor-container elementor-column-gap-default\">\n\t\t\t\t\t<div class=\"elementor-column elementor-col-100 elementor-top-column elementor-element elementor-element-764fc6c\" data-id=\"764fc6c\" data-element_type=\"column\" data-e-type=\"column\" data-settings=\"{&quot;background_background&quot;:&quot;classic&quot;}\">\n\t\t\t<div class=\"elementor-widget-wrap elementor-element-populated\">\n\t\t\t\t\t\t<div class=\"elementor-element elementor-element-4e3a5aa elementor-widget elementor-widget-heading\" data-id=\"4e3a5aa\" data-element_type=\"widget\" data-e-type=\"widget\" data-widget_type=\"heading.default\">\n\t\t\t\t\t<h1 class=\"elementor-heading-title elementor-size-default\">Lloguer d\u2019apartaments a Begur <\/h1>\t\t\t\t<\/div>\n\t\t\t\t<div class=\"elementor-element elementor-element-becb375 textocabecera dc-has-condition dc-condition-not_empty elementor-widget elementor-widget-text-editor\" data-id=\"becb375\" data-element_type=\"widget\" data-e-type=\"widget\" data-widget_type=\"text-editor.default\">\n\t\t\t\t\t\t\t\t\t<p>Gaudeix d&#8217;una de les millors destinacions de la Costa Brava llogant un dels <b>apartaments a Begur<\/b> que trobar\u00e0s a continuaci\u00f3. Les <b>paradis\u00edaques cales<\/b> de Sa Riera i Aiguafreda, les platges de Pals i Aiguablava o els espectaculars Camins de Ronda s\u00f3n nom\u00e9s alguns dels incre\u00efbles atractius que trobar\u00e0s en aquest <b>entorn \u00fanic del Mediterrani<\/b>. El clima, c\u00e0lid i fresc a causa dels intensos raigs de sol i la brisa del mar, et far\u00e0 sentir a la gl\u00f2ria quan vinguis a gaudir d&#8217;una temporada de vacances. Consulta el cat\u00e0leg que trobar\u00e0s tot seguit i troba l&#8217;apartament que m\u00e9s s&#8217;ajusti als teus desigs i necessitats. Vens amb la fam\u00edlia? Amics? Parella? A Domus Begur trobar\u00e0s un <b>ampli rang d&#8217;opcions per gaudir d&#8217;aquesta localitat<\/b> alhora que et prens un merescut descans en les millors condicions.<\/p>\n\t\t\t\t\t\t\t\t<\/div>\n\t\t\t\t\t<\/div>\n\t\t<\/div>\n\t\t\t\t\t<\/div>\n\t\t<\/section>\n\t\t\t\t<section class=\"elementor-section elementor-top-section elementor-element elementor-element-4d02cb6 elementor-section-boxed elementor-section-height-default elementor-section-height-default\" data-id=\"4d02cb6\" data-element_type=\"section\" data-e-type=\"section\" data-settings=\"{&quot;background_background&quot;:&quot;classic&quot;}\">\n\t\t\t\t\t\t<div class=\"elementor-container elementor-column-gap-default\">\n\t\t\t\t\t<div class=\"elementor-column elementor-col-100 elementor-top-column elementor-element elementor-element-abb30b5\" data-id=\"abb30b5\" data-element_type=\"column\" data-e-type=\"column\">\n\t\t\t<div class=\"elementor-widget-wrap elementor-element-populated\">\n\t\t\t\t\t\t<div class=\"elementor-element elementor-element-8e2735d elementor-icon-list--layout-inline elementor-list-item-link-full_width elementor-widget elementor-widget-icon-list\" data-id=\"8e2735d\" data-element_type=\"widget\" data-e-type=\"widget\" data-widget_type=\"icon-list.default\">\n\t\t\t\t\t\t\t<ul class=\"elementor-icon-list-items elementor-inline-items\">\n\t\t\t\t\t\t\t<li class=\"elementor-icon-list-item elementor-inline-item\">\n\t\t\t\t\t\t\t\t\t\t\t<a href=\"https:\/\/www.domusbegur.com\/ca\/\">\n\n\t\t\t\t\t\t\t\t\t\t\t<span class=\"elementor-icon-list-text\">Inici<\/span>\n\t\t\t\t\t\t\t\t\t\t\t<\/a>\n\t\t\t\t\t\t\t\t\t<\/li>\n\t\t\t\t\t\t\t\t<li class=\"elementor-icon-list-item elementor-inline-item\">\n\t\t\t\t\t\t\t\t\t\t\t<span class=\"elementor-icon-list-icon\">\n\t\t\t\t\t\t\t<i aria-hidden=\"true\" class=\"fas fa-angle-right\"><\/i>\t\t\t\t\t\t<\/span>\n\t\t\t\t\t\t\t\t\t\t<span class=\"elementor-icon-list-text\">Lloguer d\u2019immobles<\/span>\n\t\t\t\t\t\t\t\t\t<\/li>\n\t\t\t\t\t\t<\/ul>\n\t\t\t\t\t\t<\/div>\n\t\t\t\t\t<\/div>\n\t\t<\/div>\n\t\t\t\t\t<\/div>\n\t\t<\/section>\n\t\t\t\t<section class=\"elementor-section elementor-top-section elementor-element elementor-element-cdb15c5 search-container elementor-section-boxed elementor-section-height-default elementor-section-height-default elementor-invisible\" data-id=\"cdb15c5\" data-element_type=\"section\" data-e-type=\"section\" data-settings=\"{&quot;background_background&quot;:&quot;classic&quot;,&quot;sticky&quot;:&quot;top&quot;,&quot;sticky_on&quot;:[],&quot;animation&quot;:&quot;fadeIn&quot;,&quot;sticky_offset&quot;:0,&quot;sticky_effects_offset&quot;:0,&quot;sticky_anchor_link_offset&quot;:0}\">\n\t\t\t\t\t\t<div class=\"elementor-container elementor-column-gap-default\">\n\t\t\t\t\t<div class=\"elementor-column elementor-col-100 elementor-top-column elementor-element elementor-element-f93d6ac col-interior\" data-id=\"f93d6ac\" data-element_type=\"column\" data-e-type=\"column\" data-settings=\"{&quot;background_background&quot;:&quot;classic&quot;}\">\n\t\t\t<div class=\"elementor-widget-wrap elementor-element-populated\">\n\t\t\t\t\t\t<div class=\"elementor-element elementor-element-0151ac8 elementor-widget elementor-widget-menu-anchor\" data-id=\"0151ac8\" data-element_type=\"widget\" data-e-type=\"widget\" data-widget_type=\"menu-anchor.default\">\n\t\t\t\t\t\t\t<div class=\"elementor-menu-anchor\" id=\"searcher\"><\/div>\n\t\t\t\t\t\t<\/div>\n\t\t\t\t<div class=\"elementor-element elementor-element-8b0d493 elementor-widget elementor-widget-shortcode\" data-id=\"8b0d493\" data-element_type=\"widget\" data-e-type=\"widget\" data-widget_type=\"shortcode.default\">\n\t\t\t\t\t\t\t<div class=\"elementor-shortcode\"><div class=\"n2r__search  \" data-n2r-searchsession-url=\"https:\/\/www.domusbegur.com\/wp-json\/n2r\/v1\/searchsession\" data-n2r-nosession=\"true\">\n    <div class=\"n2r__search__container n2r__tabs__content\">\n    <div class=\"n2r__tabs__content__item n2r__search__container__rental active\" >\n  <form name=\"n2r__search\" method=\"get\" action=\"https:\/\/www.domusbegur.com\/rental-results\/\" role=\"form\" autocomplete=\"off\">\n    <input type=\"hidden\" aria-hidden=\"true\" name=\"commercialization_type\" value=\"rental\">\n                <div class=\"n2r__search__field \">\n              <label for=\"n2r-search-rental-type-79100\">Tipus d&#039;edificaci\u00f3<\/label>\n              <select name=\"type\" id=\"n2r-search-rental-type-79100\" class=\"n2r__select\">\n                <option value=\"\">Tots<\/option>\n                <option value=\"apartment\" >Apartament<\/option><option value=\"attached_house\" >Casa adossada<\/option><option value=\"isolated_house\" >Casa a\u00efllada \/ Villa<\/option><option value=\"townhouse\" >Casa de poble<\/option>              <\/select>\n              <span><\/span>\n            <\/div>\n                    <div class=\"n2r__search__field n2r__datepickercontainer\">\n            <label for=\"n2r-search-rental-dates-79100\">Selecciona les dates<\/label>\n            <input type=\"text\" name=\"dates\" id=\"n2r-search-rental-dates-79100\" class=\"n2r__input n2r-daterangepicker-component\" value=\"\" data-checkin=\"\" data-checkout=\"\" data-language=\"ca\" data-nights=\"1\" placeholder=\" \">\n            <a class=\"n2r__datepickercontainer__clear\"><i class=\"fa fa-times\"><\/i><\/a>\n            <input type=\"hidden\" aria-hidden=\"true\" name=\"checkin\" value=\"\">\n            <input type=\"hidden\" aria-hidden=\"true\" name=\"checkout\" value=\"\">\n          <\/div>\n                    <div class=\"n2r__search__field\">\n              <label for=\"n2r-search-rental-city-79100\">Destinaci\u00f3<\/label>\n              <select name=\"city\" id=\"n2r-search-rental-city-79100\" class=\"n2r__select\">\n                <option value=\"\">Tots<\/option>\n                <option value=\"Begur\" >Begur<\/option><option value=\"Palafrugell\" >Palafrugell<\/option><option value=\"Pals\" >Pals<\/option><option value=\"Tamariu\" >Tamariu<\/option>              <\/select>\n              <span><\/span>\n            <\/div>\n                      <div class=\"n2r__search__field\">\n              <label for=\"n2r-search-rental-zone-79100\">Zona<\/label>\n              <select name=\"zone\" id=\"n2r-search-rental-zone-79100\" class=\"n2r__select\" data-remoteurl=\"https:\/\/www.domusbegur.com\/wp-json\/n2r\/v1\/zones\">\n                <option value=\"\">Tots<\/option>\n                <option value=\"Aiguablava\" >Aiguablava<\/option><option value=\"Aiguafreda\" >Aiguafreda<\/option><option value=\"Aiguaxelida\" >Aiguaxelida<\/option><option value=\"Begur\" >Begur<\/option><option value=\"Casa de Camp\" >Casa de Camp<\/option><option value=\"Casa de Campo\" >Casa de Campo<\/option><option value=\"Casa de camp\" >Casa de camp<\/option><option value=\"Centre\" >Centre<\/option><option value=\"Centro\" >Centro<\/option><option value=\"La Borna\" >La Borna<\/option><option value=\"Platja de Pals\" >Platja de Pals<\/option><option value=\"Residencial Begur\" >Residencial Begur<\/option><option value=\"Sa Riera\" >Sa Riera<\/option><option value=\"Sa Tuna\" >Sa Tuna<\/option><option value=\"Son Rich\" >Son Rich<\/option><option value=\"Tamariu\" >Tamariu<\/option><option value=\"Xarmada\" >Xarmada<\/option><option value=\"centre\" >centre<\/option>              <\/select>\n              <span><\/span>\n            <\/div>\n                    <div class=\"n2r__search__field n2r__search__field--small\">\n            <label for=\"n2r-search-rental-adults-79100\">Adults<\/label>\n            <input class=\"n2r__input\" name=\"adults\" id=\"n2r-search-rental-adults-79100\" type=\"number\" min=\"1\" max=\"30\" value=\"1\">\n          <\/div>\n                  <div class=\"n2r__search__field n2r__search__field--small\">\n            <label for=\"n2r-search-rental-children-79100\">Nens<\/label>\n            <input class=\"n2r__input\" name=\"children\" id=\"n2r-search-rental-children-79100\" type=\"number\" min=\"0\" max=\"30\" value=\"0\">\n          <\/div>\n                    <div class=\"n2r__search__field\">\n              <label for=\"n2r-search-rental-pool-79100\">Piscina<\/label>\n              <select name=\"pooltype\" id=\"n2r-search-rental-pool-79100\" class=\"n2r__select\">\n                <option value=\"\"> - <\/option>\n                <option value=\"communal\" >Comunit\u00e0ria<\/option><option value=\"private\" >Privada<\/option>              <\/select>\n              <span><\/span>\n            <\/div>\n              <div class=\"n2r__search__field\">\n            <label for=\"n2r-search-rental-search_text-79100\">Refer\u00e8ncia<\/label>\n            <input type=\"text\" name=\"search_text\" id=\"n2r-search-rental-search_text-79100\" class=\"n2r__input\" value=\"\">\n          <\/div>\n              <div class=\"n2r__search__field n2r__search__field--submit\">\n      <button type=\"submit\" class=\"n2r__search__submit n2r__btn\">Cercar<\/button>\n    <\/div>\n  <\/form>\n<\/div>  <\/div>\n<\/div><\/div>\n\t\t\t\t\t\t<\/div>\n\t\t\t\t<div class=\"elementor-element elementor-element-cfcee83 elementor-widget elementor-widget-heading\" data-id=\"cfcee83\" data-element_type=\"widget\" data-e-type=\"widget\" data-widget_type=\"heading.default\">\n\t\t\t\t\t<span class=\"elementor-heading-title elementor-size-default\">Viles amb piscina privada: De DIVENDRES a DIVENDRES.<\/br> Apartaments i cases sense piscina o amb piscina comunit\u00e0ria: De DISSABTE a DISSABTE<\/span>\t\t\t\t<\/div>\n\t\t\t\t\t<\/div>\n\t\t<\/div>\n\t\t\t\t\t<\/div>\n\t\t<\/section>\n\t\t\t\t<section class=\"elementor-section elementor-top-section elementor-element elementor-element-a357b18 elementor-section-full_width elementor-section-height-default elementor-section-height-default\" data-id=\"a357b18\" data-element_type=\"section\" data-e-type=\"section\">\n\t\t\t\t\t\t<div class=\"elementor-container elementor-column-gap-no\">\n\t\t\t\t\t<div class=\"elementor-column elementor-col-100 elementor-top-column elementor-element elementor-element-3a80168\" data-id=\"3a80168\" data-element_type=\"column\" data-e-type=\"column\">\n\t\t\t<div class=\"elementor-widget-wrap elementor-element-populated\">\n\t\t\t\t\t\t<div class=\"elementor-element elementor-element-da4df9d elementor-widget elementor-widget-shortcode\" data-id=\"da4df9d\" data-element_type=\"widget\" data-e-type=\"widget\" data-widget_type=\"shortcode.default\">\n\t\t\t\t\t\t\t<div class=\"elementor-shortcode\">\n<div class=\"n2r__list grid\" data-n2r-searchparams=\"\">\n      <div class=\"n2r__list__header\">\n              <a href=\"#\" class=\"n2r__btn n2r__btn--mobileicon n2r__btn--filters\" data-toggleclass=\"filters\" data-target-parent=\".n2r__list\">Obrir filtres<\/a>\n            <select name=\"orderby\" class=\"n2r__select\" aria-label=\"Ordenar resultats\">\n        <option value=\"\/ca\/wp-json\/wp\/v2\/pages\/3352?orderby=\"> Ordenar resultats<\/option>\n        <option value=\"\/ca\/wp-json\/wp\/v2\/pages\/3352?orderby=pricedesc\" > Preu: Major a menor        <option value=\"\/ca\/wp-json\/wp\/v2\/pages\/3352?orderby=priceasc\" > Preu: Menor a major      <\/select>\n      <span class=\"separator\"><\/span>\n              <a href=\"\" class=\"n2r__btn n2r__btn--mobileicon n2r__btn--map\" data-toggleclass=\"map\" data-target-parent=\".n2r__list\" data-activated-text=\"Amagar mapa\" data-deactivated-text=\"Mostra el mapa\">Mostra el mapa<\/a>\n              <div class=\"n2r__btngroup n2r__btngroup--viewmode\">\n        <a href=\"\" class=\"n2r__btn n2r__btn--grid active\" data-viewmode=\"grid\" aria-label=\"Grid view\"><\/a>\n        <a href=\"\" class=\"n2r__btn n2r__btn--list \" data-viewmode=\"list\" aria-label=\"List view\"><\/a>\n      <\/div>\n    <\/div>\n  <div class=\"n2r__list__filters\">\n  <header>\n    Filtrar recerca    <a href=\"#\" class=\"n2r__btn--close\" data-toggleclass=\"filters\" data-target-parent=\".n2r__list\" aria-label=\"Tancar\"><\/a>\n  <\/header>\n  <form method=\"get\" action=\"\/ca\/wp-json\/wp\/v2\/pages\/3352?_f=1\" role=\"form\" autocomplete=\"off\">\n    <input type=\"hidden\" aria-hidden=\"true\" name=\"commercialization_type\" value=\"rental\">\n\n                <div class=\"n2r__list__filters__field\">\n              <label for=\"n2r-filters-search-text-70507\">Cercar<\/label>\n              <input type=\"text\" name=\"search_text\" id=\"n2r-filters-search-text-70507\" class=\"n2r__input\" value=\"\">\n            <\/div>\n                          <div class=\"n2r__list__filters__field\">\n                <label for=\"n2r-filters-city-70507\">Ciutat<\/label>\n                <select name=\"city\" id=\"n2r-filters-city-70507\" class=\"n2r__select\">\n                  <option value=\"\">Tots<\/option>\n                  <option value=\"Begur\" >Begur<\/option><option value=\"Palafrugell\" >Palafrugell<\/option><option value=\"Pals\" >Pals<\/option><option value=\"Tamariu\" >Tamariu<\/option>                <\/select>\n              <\/div>\n                          <div class=\"n2r__list__filters__field\">\n                <label for=\"n2r-filters-zone-70507\">Zona<\/label>\n                <select name=\"zone\" id=\"n2r-filters-zone-70507\" class=\"n2r__select\" data-remoteurl=\"https:\/\/www.domusbegur.com\/wp-json\/n2r\/v1\/zones\">\n                  <option value=\"\">Tots<\/option>\n                  <option value=\"Aiguablava\" >Aiguablava<\/option><option value=\"Aiguafreda\" >Aiguafreda<\/option><option value=\"Aiguaxelida\" >Aiguaxelida<\/option><option value=\"Begur\" >Begur<\/option><option value=\"Casa de Camp\" >Casa de Camp<\/option><option value=\"Casa de Campo\" >Casa de Campo<\/option><option value=\"Casa de camp\" >Casa de camp<\/option><option value=\"Centre\" >Centre<\/option><option value=\"Centro\" >Centro<\/option><option value=\"La Borna\" >La Borna<\/option><option value=\"Platja de Pals\" >Platja de Pals<\/option><option value=\"Residencial Begur\" >Residencial Begur<\/option><option value=\"Sa Riera\" >Sa Riera<\/option><option value=\"Sa Tuna\" >Sa Tuna<\/option><option value=\"Son Rich\" >Son Rich<\/option><option value=\"Tamariu\" >Tamariu<\/option><option value=\"Xarmada\" >Xarmada<\/option><option value=\"centre\" >centre<\/option>                <\/select>\n              <\/div>\n                          <div class=\"n2r__list__filters__field \">\n                <label for=\"n2r-filters-type-70507\">Tipus d'edificaci\u00f3<\/label>\n                <select name=\"type\" id=\"n2r-filters-type-70507\" class=\"n2r__select\">\n                  <option value=\"\">Tipus d'edificaci\u00f3<\/option>\n                  <option value=\"apartment\" >Apartament<\/option><option value=\"attached_house\" >Casa adossada<\/option><option value=\"isolated_house\" >Casa a\u00efllada \/ Villa<\/option><option value=\"townhouse\" >Casa de poble<\/option>                <\/select>\n              <\/div>\n                          <div class=\"n2r__list__filters__field\">\n                <label for=\"n2r-filters-category-70507\" Categoria<\/label>\n                  <select name=\"category\" id=\"n2r-filters-category-70507\" class=\"n2r__select\">\n                    <option value=\"\">Tots<\/option>\n                    <option value=\"16\" >Tur\u00edstic<\/option><option value=\"17\" >Exclusiu<\/option><option value=\"18\" >Premium<\/option><option value=\"409\" >Lloguer de llarga estada<\/option>                  <\/select>\n              <\/div>\n                        <div class=\"n2r__list__filters__field n2r__datepickercontainer\">\n              <label for=\"n2r-filters-dates-70507\">Selecciona les dates<\/label>\n              <input type=\"text\" id=\"n2r-filters-dates-70507\" class=\"n2r__input n2r-daterangepicker-component\" data-checkin=\"\" data-checkout=\"\" data-language=\"ca\">\n              <input type=\"hidden\" aria-hidden=\"true\" name=\"checkin\" value=\"\">\n              <input type=\"hidden\" aria-hidden=\"true\" name=\"checkout\" value=\"\">\n            <\/div>\n                      <div class=\"n2r__list__filters__field n2r__list__filters__field--small\">\n              <label for=\"n2r-filters-adults-70507\">Adults<\/label>\n                            <input class=\"n2r__input\" name=\"adults\" id=\"n2r-filters-adults-70507\" type=\"number\" min=\"1\" max=\"15\" value=\"1\">\n            <\/div>\n                      <div class=\"n2r__list__filters__field n2r__list__filters__field--small\">\n              <label for=\"n2r-filters-children-70507\">Nens<\/label>\n                            <input class=\"n2r__input\" name=\"children\" id=\"n2r-filters-children-70507\" type=\"number\" min=\"0\" max=\"15\" value=\"0\">\n            <\/div>\n                      <div class=\"n2r__list__filters__field\">\n              <label for=\"flexible\">\n                <input type=\"hidden\" aria-hidden=\"true\" name=\"flexible\" value=\"\">\n                <input type=\"checkbox\" name=\"flexible\" value=\"1\" >\n                S\u00f3c flexible en dates              <\/label>\n            <\/div>\n                      <div class=\"n2r__list__filters__field\">\n              <label for=\"n2r-filters-rooms-min-70507\">Habitacions<\/label>\n              <div class=\"n2r__radio\">\n                <input type=\"hidden\" aria-hidden=\"true\" name=\"min_room_number\" id=\"n2r-filters-rooms-min-70507\" value=\"\">\n                                  <div class=\"n2r__radio__item \" data-value=\"1\">+1<\/div>\n                                  <div class=\"n2r__radio__item \" data-value=\"2\">+2<\/div>\n                                  <div class=\"n2r__radio__item \" data-value=\"3\">+3<\/div>\n                                  <div class=\"n2r__radio__item \" data-value=\"4\">+4<\/div>\n                                  <div class=\"n2r__radio__item \" data-value=\"5\">+5<\/div>\n                              <\/div>\n            <\/div>\n                      <div class=\"n2r__list__filters__field\">\n              <label for=\"n2r-filters-toilets-min-70507\">Lavabos<\/label>\n              <div class=\"n2r__radio\">\n                <input type=\"hidden\" id=\"n2r-filters-toilets-min-70507\" aria-hidden=\"true\" name=\"min_toilets_number\" value=\"\">\n                                  <div class=\"n2r__radio__item \" data-value=\"1\">+1<\/div>\n                                  <div class=\"n2r__radio__item \" data-value=\"2\">+2<\/div>\n                                  <div class=\"n2r__radio__item \" data-value=\"3\">+3<\/div>\n                              <\/div>\n            <\/div>\n                      <div class=\"n2r__list__filters__field\">\n              <label for=\"n2r-filters-property-meters-min-70507\">Metres de l'immoble<\/label>\n              <select name=\"property_meters_min\" id=\"n2r-filters-property-meters-min-70507\" class=\"n2r__select\">\n                <option value=\"\">Sense l\u00edmit<\/option>\n                                  <option value=\"50\" >\n                    50m2                  <\/option>\n                                  <option value=\"60\" >\n                    60m2                  <\/option>\n                                  <option value=\"70\" >\n                    70m2                  <\/option>\n                                  <option value=\"80\" >\n                    80m2                  <\/option>\n                                  <option value=\"90\" >\n                    90m2                  <\/option>\n                                  <option value=\"100\" >\n                    100m2                  <\/option>\n                                  <option value=\"125\" >\n                    125m2                  <\/option>\n                                  <option value=\"150\" >\n                    150m2                  <\/option>\n                                  <option value=\"175\" >\n                    175m2                  <\/option>\n                                  <option value=\"200\" >\n                    200m2                  <\/option>\n                                  <option value=\"250\" >\n                    250m2                  <\/option>\n                                  <option value=\"300\" >\n                    300m2                  <\/option>\n                                  <option value=\"400\" >\n                    400m2                  <\/option>\n                                  <option value=\"500\" >\n                    500m2                  <\/option>\n                              <\/select>\n            <\/div>\n                      <div class=\"n2r__list__filters__field\">\n              <label for=\"n2r-filters-price-min-70507\">Preu<\/label>\n              <select name=\"sell_price_min\" id=\"n2r-filters-price-min-70507\" class=\"n2r__select\">\n                <option value=\"\">Minimum<\/option>\n                                  <option value=\"60000\" >60.000 \u20ac<\/option>\n                                  <option value=\"90000\" >90.000 \u20ac<\/option>\n                                  <option value=\"120000\" >120.000 \u20ac<\/option>\n                                  <option value=\"150000\" >150.000 \u20ac<\/option>\n                                  <option value=\"180000\" >180.000 \u20ac<\/option>\n                                  <option value=\"210000\" >210.000 \u20ac<\/option>\n                                  <option value=\"250000\" >250.000 \u20ac<\/option>\n                                  <option value=\"300000\" >300.000 \u20ac<\/option>\n                                  <option value=\"350000\" >350.000 \u20ac<\/option>\n                                  <option value=\"400000\" >400.000 \u20ac<\/option>\n                                  <option value=\"500000\" >500.000 \u20ac<\/option>\n                                  <option value=\"600000\" >600.000 \u20ac<\/option>\n                                  <option value=\"800000\" >800.000 \u20ac<\/option>\n                                  <option value=\"1000000\" >1.000.000 \u20ac<\/option>\n                                  <option value=\"1500000\" >1.500.000 \u20ac<\/option>\n                                  <option value=\"2000000\" >2.000.000 \u20ac<\/option>\n                                  <option value=\"3000000\" >3.000.000 \u20ac<\/option>\n                              <\/select>\n            <\/div>\n            <div class=\"n2r__list__filters__field\">\n              <select name=\"sell_price_max\" id=\"n2r-filters-price-max-70507\" class=\"n2r__select\">\n                <option value=\"\">Maximum<\/option>\n                                  <option value=\"60000\" >60.000 \u20ac<\/option>\n                                  <option value=\"90000\" >90.000 \u20ac<\/option>\n                                  <option value=\"120000\" >120.000 \u20ac<\/option>\n                                  <option value=\"150000\" >150.000 \u20ac<\/option>\n                                  <option value=\"180000\" >180.000 \u20ac<\/option>\n                                  <option value=\"210000\" >210.000 \u20ac<\/option>\n                                  <option value=\"250000\" >250.000 \u20ac<\/option>\n                                  <option value=\"300000\" >300.000 \u20ac<\/option>\n                                  <option value=\"350000\" >350.000 \u20ac<\/option>\n                                  <option value=\"400000\" >400.000 \u20ac<\/option>\n                                  <option value=\"500000\" >500.000 \u20ac<\/option>\n                                  <option value=\"600000\" >600.000 \u20ac<\/option>\n                                  <option value=\"800000\" >800.000 \u20ac<\/option>\n                                  <option value=\"1000000\" >1.000.000 \u20ac<\/option>\n                                  <option value=\"1500000\" >1.500.000 \u20ac<\/option>\n                                  <option value=\"2000000\" >2.000.000 \u20ac<\/option>\n                                  <option value=\"3000000\" >3.000.000 \u20ac<\/option>\n                              <\/select>\n            <\/div>\n            <div class=\"n2r__list__filters__field\">\n        <label>M\u00e9s caracter\u00edstiques<\/label>\n                  <label class=\"n2r__btn n2r__btn--outline n2r__btn--checkbox\">\n            <input type=\"hidden\" aria-hidden=\"true\" name=\"pets\" value=\"\">\n            <input type=\"checkbox\" class=\"n2r__checkbox\" name=\"pets\" value=\"1\" >\n            Mascotes          <\/label>\n                  <label class=\"n2r__btn n2r__btn--outline n2r__btn--checkbox\">\n            <input type=\"hidden\" aria-hidden=\"true\" name=\"lift\" value=\"\">\n            <input type=\"checkbox\" class=\"n2r__checkbox\" name=\"lift\" value=\"1\" >\n            Ascensor          <\/label>\n                  <label class=\"n2r__btn n2r__btn--outline n2r__btn--checkbox\">\n            <input type=\"hidden\" aria-hidden=\"true\" name=\"pool\" value=\"\">\n            <input type=\"checkbox\" class=\"n2r__checkbox\" name=\"pool\" value=\"1\" >\n            Piscina          <\/label>\n                  <label class=\"n2r__btn n2r__btn--outline n2r__btn--checkbox\">\n            <input type=\"hidden\" aria-hidden=\"true\" name=\"parking_garage\" value=\"\">\n            <input type=\"checkbox\" class=\"n2r__checkbox\" name=\"parking_garage\" value=\"1\" >\n            Aparcament          <\/label>\n                  <label class=\"n2r__btn n2r__btn--outline n2r__btn--checkbox\">\n            <input type=\"hidden\" aria-hidden=\"true\" name=\"garden\" value=\"\">\n            <input type=\"checkbox\" class=\"n2r__checkbox\" name=\"garden\" value=\"1\" >\n            Jard\u00ed          <\/label>\n                  <label class=\"n2r__btn n2r__btn--outline n2r__btn--checkbox\">\n            <input type=\"hidden\" aria-hidden=\"true\" name=\"wifi\" value=\"\">\n            <input type=\"checkbox\" class=\"n2r__checkbox\" name=\"wifi\" value=\"1\" >\n            WIFI          <\/label>\n                  <label class=\"n2r__btn n2r__btn--outline n2r__btn--checkbox\">\n            <input type=\"hidden\" aria-hidden=\"true\" name=\"air_conditioning\" value=\"\">\n            <input type=\"checkbox\" class=\"n2r__checkbox\" name=\"air_conditioning\" value=\"1\" >\n            Aire condicionat          <\/label>\n                  <label class=\"n2r__btn n2r__btn--outline n2r__btn--checkbox\">\n            <input type=\"hidden\" aria-hidden=\"true\" name=\"barbecue\" value=\"\">\n            <input type=\"checkbox\" class=\"n2r__checkbox\" name=\"barbecue\" value=\"1\" >\n            Barbacoa          <\/label>\n                  <label class=\"n2r__btn n2r__btn--outline n2r__btn--checkbox\">\n            <input type=\"hidden\" aria-hidden=\"true\" name=\"terrace\" value=\"\">\n            <input type=\"checkbox\" class=\"n2r__checkbox\" name=\"terrace\" value=\"1\" >\n            Terrassa          <\/label>\n              <\/div>\n        <footer>\n      <button type=\"submit\" class=\"n2r__btn n2r__btn--search\">Cercar<\/button>\n    <\/footer>\n  <\/form>\n<\/div>  <div class=\"n2r__row\">\n    <div class=\"n2r__list__items\">\n      <div class=\"n2r__list__item n2r__clickable   n2r__safeandclean\" data-id=\"10079\">\n    <div class=\"n2r__list__item__gallery n2r__slider\">\n    <div class=\"slide-item\"><img data-lazy=\"https:\/\/files.net2rent.com\/pfiles\/48\/10079\/475763-o-m.jpg\" alt=\"294 Monte Calvo Casa a\u00efllada \/ Villa Sa Tuna Begur\" title=\"294 Monte Calvo Casa a\u00efllada \/ Villa Sa Tuna Begur\"><\/div><div class=\"slide-item\"><img data-lazy=\"https:\/\/files.net2rent.com\/pfiles\/48\/10079\/202269-o-m.jpg\" alt=\"294 Monte Calvo Casa a\u00efllada Sa Tuna Begur\" title=\"294 Monte Calvo Casa a\u00efllada Sa Tuna Begur\"><\/div><div class=\"slide-item\"><img data-lazy=\"https:\/\/files.net2rent.com\/pfiles\/48\/10079\/475762-o-m.jpg\" alt=\"294 Monte Calvo Casa a\u00efllada \/ Villa Sa Tuna Begur\" title=\"294 Monte Calvo Casa a\u00efllada \/ Villa Sa Tuna Begur\"><\/div><div class=\"slide-item\"><img data-lazy=\"https:\/\/files.net2rent.com\/pfiles\/48\/10079\/202273-o-m.jpg\" alt=\"294 Monte Calvo Casa a\u00efllada Sa Tuna Begur\" title=\"294 Monte Calvo Casa a\u00efllada Sa Tuna Begur\"><\/div><div class=\"slide-item\"><img data-lazy=\"https:\/\/files.net2rent.com\/pfiles\/48\/10079\/202270-o-m.jpg\" alt=\"294 Monte Calvo Casa a\u00efllada Sa Tuna Begur\" title=\"294 Monte Calvo Casa a\u00efllada Sa Tuna Begur\"><\/div><div class=\"slide-item\"><img data-lazy=\"https:\/\/files.net2rent.com\/pfiles\/48\/10079\/475509-o-m.jpg\" alt=\"294 Monte Calvo Casa a\u00efllada \/ Villa Sa Tuna Begur\" title=\"294 Monte Calvo Casa a\u00efllada \/ Villa Sa Tuna Begur\"><\/div><div class=\"slide-item\"><img data-lazy=\"https:\/\/files.net2rent.com\/pfiles\/48\/10079\/202272-o-m.jpg\" alt=\"294 Monte Calvo Casa a\u00efllada Sa Tuna Begur\" title=\"294 Monte Calvo Casa a\u00efllada Sa Tuna Begur\"><\/div><div class=\"slide-item\"><img data-lazy=\"https:\/\/files.net2rent.com\/pfiles\/48\/10079\/202274-o-m.jpg\" alt=\"294 Monte Calvo Casa a\u00efllada Sa Tuna Begur\" title=\"294 Monte Calvo Casa a\u00efllada Sa Tuna Begur\"><\/div><div class=\"slide-item\"><img data-lazy=\"https:\/\/files.net2rent.com\/pfiles\/48\/10079\/475510-o-m.jpg\" alt=\"294 Monte Calvo Casa a\u00efllada \/ Villa Sa Tuna Begur\" title=\"294 Monte Calvo Casa a\u00efllada \/ Villa Sa Tuna Begur\"><\/div><div class=\"slide-item\"><img data-lazy=\"https:\/\/files.net2rent.com\/pfiles\/48\/10079\/475511-o-m.jpg\" alt=\"294 Monte Calvo Casa a\u00efllada \/ Villa Sa Tuna Begur\" title=\"294 Monte Calvo Casa a\u00efllada \/ Villa Sa Tuna Begur\"><\/div><div class=\"slide-item\"><img data-lazy=\"https:\/\/files.net2rent.com\/pfiles\/48\/10079\/475514-o-m.jpg\" alt=\"294 Monte Calvo Casa a\u00efllada \/ Villa Sa Tuna Begur\" title=\"294 Monte Calvo Casa a\u00efllada \/ Villa Sa Tuna Begur\"><\/div><div class=\"slide-item\"><img data-lazy=\"https:\/\/files.net2rent.com\/pfiles\/48\/10079\/475513-o-m.jpg\" alt=\"294 Monte Calvo Casa a\u00efllada \/ Villa Sa Tuna Begur\" title=\"294 Monte Calvo Casa a\u00efllada \/ Villa Sa Tuna Begur\"><\/div><div class=\"slide-item\"><img data-lazy=\"https:\/\/files.net2rent.com\/pfiles\/48\/10079\/475512-o-m.jpg\" alt=\"294 Monte Calvo Casa a\u00efllada \/ Villa Sa Tuna Begur\" title=\"294 Monte Calvo Casa a\u00efllada \/ Villa Sa Tuna Begur\"><\/div><div class=\"slide-item\"><img data-lazy=\"https:\/\/files.net2rent.com\/pfiles\/48\/10079\/202280-o-m.jpg\" alt=\"294 Monte Calvo Casa a\u00efllada Sa Tuna Begur\" title=\"294 Monte Calvo Casa a\u00efllada Sa Tuna Begur\"><\/div><div class=\"slide-item\"><img data-lazy=\"https:\/\/files.net2rent.com\/pfiles\/48\/10079\/202276-o-m.jpg\" alt=\"294 Monte Calvo Casa a\u00efllada Sa Tuna Begur\" title=\"294 Monte Calvo Casa a\u00efllada Sa Tuna Begur\"><\/div><div class=\"slide-item\"><img data-lazy=\"https:\/\/files.net2rent.com\/pfiles\/48\/10079\/202281-o-m.jpg\" alt=\"294 Monte Calvo Casa a\u00efllada Sa Tuna Begur\" title=\"294 Monte Calvo Casa a\u00efllada Sa Tuna Begur\"><\/div><div class=\"slide-item\"><img data-lazy=\"https:\/\/files.net2rent.com\/pfiles\/48\/10079\/202282-o-m.jpg\" alt=\"294 Monte Calvo Casa a\u00efllada Sa Tuna Begur\" title=\"294 Monte Calvo Casa a\u00efllada Sa Tuna Begur\"><\/div><div class=\"slide-item\"><img data-lazy=\"https:\/\/files.net2rent.com\/pfiles\/48\/10079\/202283-o-m.jpg\" alt=\"294 Monte Calvo Casa a\u00efllada Sa Tuna Begur\" title=\"294 Monte Calvo Casa a\u00efllada Sa Tuna Begur\"><\/div><div class=\"slide-item\"><img data-lazy=\"https:\/\/files.net2rent.com\/pfiles\/48\/10079\/202284-o-m.jpg\" alt=\"294 Monte Calvo Casa a\u00efllada Sa Tuna Begur\" title=\"294 Monte Calvo Casa a\u00efllada Sa Tuna Begur\"><\/div><div class=\"slide-item\"><img data-lazy=\"https:\/\/files.net2rent.com\/pfiles\/48\/10079\/202285-o-m.jpg\" alt=\"294 Monte Calvo Casa a\u00efllada Sa Tuna Begur\" title=\"294 Monte Calvo Casa a\u00efllada Sa Tuna Begur\"><\/div><div class=\"slide-item\"><img data-lazy=\"https:\/\/files.net2rent.com\/pfiles\/48\/10079\/202286-o-m.jpg\" alt=\"294 Monte Calvo Casa a\u00efllada Sa Tuna Begur\" title=\"294 Monte Calvo Casa a\u00efllada Sa Tuna Begur\"><\/div><div class=\"slide-item\"><img data-lazy=\"https:\/\/files.net2rent.com\/pfiles\/48\/10079\/202287-o-m.jpg\" alt=\"294 Monte Calvo Casa a\u00efllada Sa Tuna Begur\" title=\"294 Monte Calvo Casa a\u00efllada Sa Tuna Begur\"><\/div><div class=\"slide-item\"><img data-lazy=\"https:\/\/files.net2rent.com\/pfiles\/48\/10079\/202288-o-m.jpg\" alt=\"294 Monte Calvo Casa a\u00efllada Sa Tuna Begur\" title=\"294 Monte Calvo Casa a\u00efllada Sa Tuna Begur\"><\/div><div class=\"slide-item\"><img data-lazy=\"https:\/\/files.net2rent.com\/pfiles\/48\/10079\/475761-o-m.jpg\" alt=\"294 Monte Calvo Casa a\u00efllada \/ Villa Sa Tuna Begur\" title=\"294 Monte Calvo Casa a\u00efllada \/ Villa Sa Tuna Begur\"><\/div><div class=\"slide-item\"><img data-lazy=\"https:\/\/files.net2rent.com\/pfiles\/48\/10079\/202289-o-m.jpg\" alt=\"294 Monte Calvo Casa a\u00efllada Sa Tuna Begur\" title=\"294 Monte Calvo Casa a\u00efllada Sa Tuna Begur\"><\/div><div class=\"slide-item\"><img data-lazy=\"https:\/\/files.net2rent.com\/pfiles\/48\/10079\/475759-o-m.jpg\" alt=\"294 Monte Calvo Casa a\u00efllada \/ Villa Sa Tuna Begur\" title=\"294 Monte Calvo Casa a\u00efllada \/ Villa Sa Tuna Begur\"><\/div><div class=\"slide-item\"><img data-lazy=\"https:\/\/files.net2rent.com\/pfiles\/48\/10079\/475760-o-m.jpg\" alt=\"294 Monte Calvo Casa a\u00efllada \/ Villa Sa Tuna Begur\" title=\"294 Monte Calvo Casa a\u00efllada \/ Villa Sa Tuna Begur\"><\/div>  <\/div>\n\n  <div class=\"n2r__list__item__info\">\n    <div class=\"n2r__list__item__title\">\n      <h2 class=\"n2r__list__item__name\">\n        <a href=\"https:\/\/www.domusbegur.com\/ca\/lloguer\/lloguer-villa-begur-10079\/\">Lloguer villa amb piscina a Begur, Sa Tuna<\/a>\n      <\/h2>\n          <\/div>\n    <div class=\"n2r__list__item__title\">\n      <div class=\"n2r__list__item__reference\">Ref: 294<\/div>\n      <div class=\"n2r__list__item__turisticreference\">HUTG-038391-23<\/div>      <div class=\"n2r__list__item__city\">Begur<\/div>\n              <div class=\"n2r__list__item__rating\">\n          <div class=\"n2r__rating\">\n            <div class=\"n2r__rating__complete\" style=\"width:0%\"><\/div>\n          <\/div>\n        <\/div>\n          <\/div>\n    <div class=\"n2r__list__item__features\">\n      <div class=\"n2r__list__item__feature n2r__list__item__feature--rooms\" title=\"4 habitacions\"><i class=\"n2r_room\"><\/i> 4<\/div><div class=\"n2r__list__item__feature n2r__list__item__feature--capacity\" title=\"8 pax\"><i class=\"n2r_people\"><\/i> 8<\/div><div class=\"n2r__list__item__feature n2r__list__item__feature--bathrooms\" title=\"5 lavabos\"><i class=\"n2r_toilet\"><\/i> 5<\/div><div class=\"n2r__list__item__feature n2r__list__item__feature--terrace\" title=\"terrassa\"><i class=\"n2r_terrace\"><\/i> <\/div><div class=\"n2r__list__item__feature n2r__list__item__feature--parking\" title=\"Aparcament\"><i class=\"n2r_parking\"><\/i> <\/div><div class=\"n2r__list__item__feature n2r__list__item__feature--garage\" title=\"Garatge\"><i class=\"n2r_garage\"><\/i> <\/div><div class=\"n2r__list__item__feature n2r__list__item__feature--sea_distance\" title=\"Dist\u00e0ncia al mar\"><i class=\"n2r_sea_distance\"><\/i> 2 km<\/div><div class=\"n2r__list__item__feature n2r__list__item__feature--pool\" title=\"piscina\"><i class=\"n2r_swimming_pool\"><\/i> <\/div><div class=\"n2r__list__item__feature n2r__list__item__feature--wifi\" title=\"WIFI\"><i class=\"n2r_properties_equipment_wifi\"><\/i> <\/div><div class=\"n2r__list__item__feature n2r__list__item__feature--heating\" title=\"Calefacci\u00f3\"><i class=\"n2r_properties_equipment_heating\"><\/i> <\/div><div class=\"n2r__list__item__feature n2r__list__item__feature--air_conditioning\" title=\"Aire condicionat\"><i class=\"n2r_properties_equipment_air_conditioning\"><\/i> <\/div>    <\/div>\n    <div class=\"n2r__list__item__description\">Fant\u00e0stica casa de recent construcci\u00f3, situada en tranquil\u00b7la zona residencial a tan sols uns 1,5 km de la platja de Sa Tuna. Constru\u00efda sobre un terreny de 800 metres, la seva ubicaci\u00f3, en una de les zones m\u00e9s elevades de Begur, la fa gaudir d&#039;unes immillorables vistes al mar, illes Medes, Aiguafreda i Pirineus. Els seus di\u00e0fans i lluminosos espais interiors es distribueixen en tres nivells comunicats per ascensor. A la planta baixa trobem, rebedor, bugaderia, habitaci\u00f3 de servei amb bany i ampli garatge. A la planta mitjanera, tres \u00e0mplies habitacions tipus suite amb vestidor i dues d&#039;elles amb sortida a Terrassa privada. A la planta superior, una gran sala d&#039;estar menjador amb unes vistes espectaculars al mar i sortida al jard\u00ed amb piscina, zona sol\u00e0rium i zona de barbacoa. Cuina semi oberta i habitaci\u00f3 principal tipus suite amb vestidor i terrassa privada.<\/div>\n    <div class=\"n2r__list__item__footer\">\n      <div class=\"n2r__list__item__price\"><span class=\"n2r__list__item__price__from\">Des de 6.950 \u20ac <small class=\"n2r__list__item__price__from__type\">\/  Setmana<\/small><\/span><\/div>    <\/div>\n  <\/div>\n  <a class=\"n2r__list__item__link\" href=\"https:\/\/www.domusbegur.com\/ca\/lloguer\/lloguer-villa-begur-10079\/\">M\u00e9s detalls<\/a>\n  <a class=\"n2r__list__item__wishlistmodifybutton n2r__wishlistmodifybutton\" data-n2r-url=\"https:\/\/www.domusbegur.com\/wp-json\/n2r\/v1\/wishlistmodify\"><\/a><\/div><div class=\"n2r__list__item n2r__clickable   n2r__safeandclean\" data-id=\"25858\">\n    <div class=\"n2r__list__item__gallery n2r__slider\">\n    <div class=\"slide-item\"><img data-lazy=\"https:\/\/files.net2rent.com\/pfiles\/48\/25858\/585488-Oh-o-m.jpg\" alt=\"625 Bella Vista Sud Casa a\u00efllada \/ Villa Aiguablava Begur\" title=\"625 Bella Vista Sud Casa a\u00efllada \/ Villa Aiguablava Begur\"><\/div><div class=\"slide-item\"><img data-lazy=\"https:\/\/files.net2rent.com\/pfiles\/48\/25858\/585487-71-o-m.jpg\" alt=\"625 Bella Vista Sud Casa a\u00efllada \/ Villa Aiguablava Begur\" title=\"625 Bella Vista Sud Casa a\u00efllada \/ Villa Aiguablava Begur\"><\/div><div class=\"slide-item\"><img data-lazy=\"https:\/\/files.net2rent.com\/pfiles\/48\/25858\/585511-4P-o-m.jpg\" alt=\"625 Bella Vista Sud Casa a\u00efllada \/ Villa Aiguablava Begur\" title=\"625 Bella Vista Sud Casa a\u00efllada \/ Villa Aiguablava Begur\"><\/div><div class=\"slide-item\"><img data-lazy=\"https:\/\/files.net2rent.com\/pfiles\/48\/25858\/585509-6S-o-m.jpg\" alt=\"625 Bella Vista Sud Casa a\u00efllada \/ Villa Aiguablava Begur\" title=\"625 Bella Vista Sud Casa a\u00efllada \/ Villa Aiguablava Begur\"><\/div><div class=\"slide-item\"><img data-lazy=\"https:\/\/files.net2rent.com\/pfiles\/48\/25858\/585489-TQ-o-m.jpg\" alt=\"625 Bella Vista Sud Casa a\u00efllada \/ Villa Aiguablava Begur\" title=\"625 Bella Vista Sud Casa a\u00efllada \/ Villa Aiguablava Begur\"><\/div><div class=\"slide-item\"><img data-lazy=\"https:\/\/files.net2rent.com\/pfiles\/48\/25858\/585526-qd-o-m.jpg\" alt=\"625 Bella Vista Sud Casa a\u00efllada \/ Villa Aiguablava Begur\" title=\"625 Bella Vista Sud Casa a\u00efllada \/ Villa Aiguablava Begur\"><\/div><div class=\"slide-item\"><img data-lazy=\"https:\/\/files.net2rent.com\/pfiles\/48\/25858\/584512-yU-o-m.jpg\" alt=\"625 Bella Vista Sud Casa a\u00efllada \/ Villa Aiguablava Begur\" title=\"625 Bella Vista Sud Casa a\u00efllada \/ Villa Aiguablava Begur\"><\/div><div class=\"slide-item\"><img data-lazy=\"https:\/\/files.net2rent.com\/pfiles\/48\/25858\/585504-z1-o-m.jpg\" alt=\"625 Bella Vista Sud Casa a\u00efllada \/ Villa Aiguablava Begur\" title=\"625 Bella Vista Sud Casa a\u00efllada \/ Villa Aiguablava Begur\"><\/div><div class=\"slide-item\"><img data-lazy=\"https:\/\/files.net2rent.com\/pfiles\/48\/25858\/585506-J0-o-m.jpg\" alt=\"625 Bella Vista Sud Casa a\u00efllada \/ Villa Aiguablava Begur\" title=\"625 Bella Vista Sud Casa a\u00efllada \/ Villa Aiguablava Begur\"><\/div><div class=\"slide-item\"><img data-lazy=\"https:\/\/files.net2rent.com\/pfiles\/48\/25858\/585501-Fb-o-m.jpg\" alt=\"625 Bella Vista Sud Casa a\u00efllada \/ Villa Aiguablava Begur\" title=\"625 Bella Vista Sud Casa a\u00efllada \/ Villa Aiguablava Begur\"><\/div><div class=\"slide-item\"><img data-lazy=\"https:\/\/files.net2rent.com\/pfiles\/48\/25858\/585496-A2-o-m.jpg\" alt=\"625 Bella Vista Sud Casa a\u00efllada \/ Villa Aiguablava Begur\" title=\"625 Bella Vista Sud Casa a\u00efllada \/ Villa Aiguablava Begur\"><\/div><div class=\"slide-item\"><img data-lazy=\"https:\/\/files.net2rent.com\/pfiles\/48\/25858\/585497-XV-o-m.jpg\" alt=\"625 Bella Vista Sud Casa a\u00efllada \/ Villa Aiguablava Begur\" title=\"625 Bella Vista Sud Casa a\u00efllada \/ Villa Aiguablava Begur\"><\/div><div class=\"slide-item\"><img data-lazy=\"https:\/\/files.net2rent.com\/pfiles\/48\/25858\/585495-oh-o-m.jpg\" alt=\"625 Bella Vista Sud Casa a\u00efllada \/ Villa Aiguablava Begur\" title=\"625 Bella Vista Sud Casa a\u00efllada \/ Villa Aiguablava Begur\"><\/div><div class=\"slide-item\"><img data-lazy=\"https:\/\/files.net2rent.com\/pfiles\/48\/25858\/585494-Cc-o-m.jpg\" alt=\"625 Bella Vista Sud Casa a\u00efllada \/ Villa Aiguablava Begur\" title=\"625 Bella Vista Sud Casa a\u00efllada \/ Villa Aiguablava Begur\"><\/div><div class=\"slide-item\"><img data-lazy=\"https:\/\/files.net2rent.com\/pfiles\/48\/25858\/585493-Zu-o-m.jpg\" alt=\"625 Bella Vista Sud Casa a\u00efllada \/ Villa Aiguablava Begur\" title=\"625 Bella Vista Sud Casa a\u00efllada \/ Villa Aiguablava Begur\"><\/div><div class=\"slide-item\"><img data-lazy=\"https:\/\/files.net2rent.com\/pfiles\/48\/25858\/585499-yT-o-m.jpg\" alt=\"625 Bella Vista Sud Casa a\u00efllada \/ Villa Aiguablava Begur\" title=\"625 Bella Vista Sud Casa a\u00efllada \/ Villa Aiguablava Begur\"><\/div><div class=\"slide-item\"><img data-lazy=\"https:\/\/files.net2rent.com\/pfiles\/48\/25858\/585490-UC-o-m.jpg\" alt=\"625 Bella Vista Sud Casa a\u00efllada \/ Villa Aiguablava Begur\" title=\"625 Bella Vista Sud Casa a\u00efllada \/ Villa Aiguablava Begur\"><\/div><div class=\"slide-item\"><img data-lazy=\"https:\/\/files.net2rent.com\/pfiles\/48\/25858\/585491-wi-o-m.jpg\" alt=\"625 Bella Vista Sud Casa a\u00efllada \/ Villa Aiguablava Begur\" title=\"625 Bella Vista Sud Casa a\u00efllada \/ Villa Aiguablava Begur\"><\/div><div class=\"slide-item\"><img data-lazy=\"https:\/\/files.net2rent.com\/pfiles\/48\/25858\/585492-s2-o-m.jpg\" alt=\"625 Bella Vista Sud Casa a\u00efllada \/ Villa Aiguablava Begur\" title=\"625 Bella Vista Sud Casa a\u00efllada \/ Villa Aiguablava Begur\"><\/div><div class=\"slide-item\"><img data-lazy=\"https:\/\/files.net2rent.com\/pfiles\/48\/25858\/585516-GP-o-m.jpg\" alt=\"625 Bella Vista Sud Casa a\u00efllada \/ Villa Aiguablava Begur\" title=\"625 Bella Vista Sud Casa a\u00efllada \/ Villa Aiguablava Begur\"><\/div><div class=\"slide-item\"><img data-lazy=\"https:\/\/files.net2rent.com\/pfiles\/48\/25858\/585514-aT-o-m.jpg\" alt=\"625 Bella Vista Sud Casa a\u00efllada \/ Villa Aiguablava Begur\" title=\"625 Bella Vista Sud Casa a\u00efllada \/ Villa Aiguablava Begur\"><\/div><div class=\"slide-item\"><img data-lazy=\"https:\/\/files.net2rent.com\/pfiles\/48\/25858\/585523-m3-o-m.jpg\" alt=\"625 Bella Vista Sud Casa a\u00efllada \/ Villa Aiguablava Begur\" title=\"625 Bella Vista Sud Casa a\u00efllada \/ Villa Aiguablava Begur\"><\/div><div class=\"slide-item\"><img data-lazy=\"https:\/\/files.net2rent.com\/pfiles\/48\/25858\/585519-1O-o-m.jpg\" alt=\"625 Bella Vista Sud Casa a\u00efllada \/ Villa Aiguablava Begur\" title=\"625 Bella Vista Sud Casa a\u00efllada \/ Villa Aiguablava Begur\"><\/div><div class=\"slide-item\"><img data-lazy=\"https:\/\/files.net2rent.com\/pfiles\/48\/25858\/585521-wh-o-m.jpg\" alt=\"625 Bella Vista Sud Casa a\u00efllada \/ Villa Aiguablava Begur\" title=\"625 Bella Vista Sud Casa a\u00efllada \/ Villa Aiguablava Begur\"><\/div>  <\/div>\n\n  <div class=\"n2r__list__item__info\">\n    <div class=\"n2r__list__item__title\">\n      <h2 class=\"n2r__list__item__name\">\n        <a href=\"https:\/\/www.domusbegur.com\/ca\/lloguer\/lloguer-villa-begur-25858\/\">Lloguer de villa amb piscina privada a Aiguablava, Begur<\/a>\n      <\/h2>\n          <\/div>\n    <div class=\"n2r__list__item__title\">\n      <div class=\"n2r__list__item__reference\">Ref: 625<\/div>\n      <div class=\"n2r__list__item__turisticreference\">HUTG-065073-76<\/div>      <div class=\"n2r__list__item__city\">Begur<\/div>\n              <div class=\"n2r__list__item__rating\">\n          <div class=\"n2r__rating\">\n            <div class=\"n2r__rating__complete\" style=\"width:0%\"><\/div>\n          <\/div>\n        <\/div>\n          <\/div>\n    <div class=\"n2r__list__item__features\">\n      <div class=\"n2r__list__item__feature n2r__list__item__feature--rooms\" title=\"4 habitacions\"><i class=\"n2r_room\"><\/i> 4<\/div><div class=\"n2r__list__item__feature n2r__list__item__feature--capacity\" title=\"8 pax\"><i class=\"n2r_people\"><\/i> 8<\/div><div class=\"n2r__list__item__feature n2r__list__item__feature--bathrooms\" title=\"5 lavabos\"><i class=\"n2r_toilet\"><\/i> 5<\/div><div class=\"n2r__list__item__feature n2r__list__item__feature--terrace\" title=\"terrassa\"><i class=\"n2r_terrace\"><\/i> <\/div><div class=\"n2r__list__item__feature n2r__list__item__feature--parking\" title=\"Aparcament\"><i class=\"n2r_parking\"><\/i> <\/div><div class=\"n2r__list__item__feature n2r__list__item__feature--garage\" title=\"Garatge\"><i class=\"n2r_garage\"><\/i> <\/div><div class=\"n2r__list__item__feature n2r__list__item__feature--sea_distance\" title=\"Dist\u00e0ncia al mar\"><i class=\"n2r_sea_distance\"><\/i> 1,7km<\/div><div class=\"n2r__list__item__feature n2r__list__item__feature--pool\" title=\"piscina\"><i class=\"n2r_swimming_pool\"><\/i> <\/div><div class=\"n2r__list__item__feature n2r__list__item__feature--wifi\" title=\"WIFI\"><i class=\"n2r_properties_equipment_wifi\"><\/i> <\/div><div class=\"n2r__list__item__feature n2r__list__item__feature--heating\" title=\"Calefacci\u00f3 per bomba de calor\"><i class=\"n2r_equipment_air_conditioning\"><\/i> <\/div><div class=\"n2r__list__item__feature n2r__list__item__feature--air_conditioning\" title=\"Aire condicionat\"><i class=\"n2r_properties_equipment_air_conditioning\"><\/i> <\/div>    <\/div>\n    <div class=\"n2r__list__item__description\">Espectacular vila de luxe recentment reformada amb vistes al mar.\r\nDescobreix aquesta impressionant propietat ubicada a una exclusiva zona residencial, on el disseny contemporani es fusiona amb la m\u00e0xima comoditat. Acabada de reformar amb materials d&#039;alta gamma, aquesta vila ofereix una experi\u00e8ncia de vida \u00fanica, banyada per la llum natural gr\u00e0cies a la seva excel\u00b7lent orientaci\u00f3 sud.\r\nLa casa compta amb quatre \u00e0mplies habitacions en suite, totes amb armaris i banys moderns, dissenyades per oferir privadesa i confort absolut. Des de qualsevol punt de la casa, es gaudeix d\u00b4una vista al mar espectacular, que converteix cada despertar en un aut\u00e8ntic privilegi.\r\nA l&#039;exterior, la joia de la propietat \u00e9s la piscina desbordant, perfectament integrada en una \u00e0mplia terrassa amb zones de chill-out, ideal per gaudir del clima mediterrani durant tot l&#039;any.\r\nEl sal\u00f3, de planta oberta, est\u00e0 connectat amb una cuina totalment equipada i un menjador amb finestrals panor\u00e0mics que emmarquen el blau del mar com si fos una obra d&#039;art.\r\nL&#039;habitatge es completa amb un garatge privat amb espai per a un cotxe i tots els detalls han estat pensats per a una vida de luxe, tranquil\u00b7litat i estil.\r\nUna casa perfecta per a qui busca exclusivitat, disseny i una ubicaci\u00f3 immillorable davant del mar.<\/div>\n    <div class=\"n2r__list__item__footer\">\n      <div class=\"n2r__list__item__price\"><span class=\"n2r__list__item__price__from\">Des de 4.950 \u20ac <small class=\"n2r__list__item__price__from__type\">\/  Setmana<\/small><\/span><\/div>    <\/div>\n  <\/div>\n  <a class=\"n2r__list__item__link\" href=\"https:\/\/www.domusbegur.com\/ca\/lloguer\/lloguer-villa-begur-25858\/\">M\u00e9s detalls<\/a>\n  <a class=\"n2r__list__item__wishlistmodifybutton n2r__wishlistmodifybutton\" data-n2r-url=\"https:\/\/www.domusbegur.com\/wp-json\/n2r\/v1\/wishlistmodify\"><\/a><\/div><div class=\"n2r__list__item n2r__clickable   n2r__safeandclean\" data-id=\"4379\">\n    <div class=\"n2r__list__item__gallery n2r__slider\">\n    <div class=\"slide-item\"><img data-lazy=\"https:\/\/files.net2rent.com\/pfiles\/48\/4379\/579196-4I-o-m.jpg\" alt=\"138 Casa Riu Casa de poble Centre Begur\" title=\"138 Casa Riu Casa de poble Centre Begur\"><\/div><div class=\"slide-item\"><img data-lazy=\"https:\/\/files.net2rent.com\/pfiles\/48\/4379\/579198-Fe-o-m.jpg\" alt=\"138 Casa Riu Casa de poble Centre Begur\" title=\"138 Casa Riu Casa de poble Centre Begur\"><\/div><div class=\"slide-item\"><img data-lazy=\"https:\/\/files.net2rent.com\/pfiles\/48\/4379\/579197-q4-o-m.jpg\" alt=\"138 Casa Riu Casa de poble Centre Begur\" title=\"138 Casa Riu Casa de poble Centre Begur\"><\/div><div class=\"slide-item\"><img data-lazy=\"https:\/\/files.net2rent.com\/pfiles\/48\/4379\/579199-2s-o-m.jpg\" alt=\"138 Casa Riu Casa de poble Centre Begur\" title=\"138 Casa Riu Casa de poble Centre Begur\"><\/div><div class=\"slide-item\"><img data-lazy=\"https:\/\/files.net2rent.com\/pfiles\/48\/4379\/579207-5w-o-m.jpg\" alt=\"138 Casa Riu Casa de poble Centre Begur\" title=\"138 Casa Riu Casa de poble Centre Begur\"><\/div><div class=\"slide-item\"><img data-lazy=\"https:\/\/files.net2rent.com\/pfiles\/48\/4379\/579195-pq-o-m.jpg\" alt=\"138 Casa Riu Casa de poble Centre Begur\" title=\"138 Casa Riu Casa de poble Centre Begur\"><\/div><div class=\"slide-item\"><img data-lazy=\"https:\/\/files.net2rent.com\/pfiles\/48\/4379\/239847-o-m.jpg\" alt=\"138 RIU Casa de poble Centre Begur\" title=\"138 RIU Casa de poble Centre Begur\"><\/div><div class=\"slide-item\"><img data-lazy=\"https:\/\/files.net2rent.com\/pfiles\/48\/4379\/579194-N2-o-m.jpg\" alt=\"138 Casa Riu Casa de poble Centre Begur\" title=\"138 Casa Riu Casa de poble Centre Begur\"><\/div><div class=\"slide-item\"><img data-lazy=\"https:\/\/files.net2rent.com\/pfiles\/48\/4379\/579192-Gs-o-m.jpg\" alt=\"138 Casa Riu Casa de poble Centre Begur\" title=\"138 Casa Riu Casa de poble Centre Begur\"><\/div><div class=\"slide-item\"><img data-lazy=\"https:\/\/files.net2rent.com\/pfiles\/48\/4379\/239854-o-m.jpg\" alt=\"138 RIU Casa de poble Centre Begur\" title=\"138 RIU Casa de poble Centre Begur\"><\/div><div class=\"slide-item\"><img data-lazy=\"https:\/\/files.net2rent.com\/pfiles\/48\/4379\/579193-B0-o-m.jpg\" alt=\"138 Casa Riu Casa de poble Centre Begur\" title=\"138 Casa Riu Casa de poble Centre Begur\"><\/div><div class=\"slide-item\"><img data-lazy=\"https:\/\/files.net2rent.com\/pfiles\/48\/4379\/579204-sk-o-m.jpg\" alt=\"138 Casa Riu Casa de poble Centre Begur\" title=\"138 Casa Riu Casa de poble Centre Begur\"><\/div><div class=\"slide-item\"><img data-lazy=\"https:\/\/files.net2rent.com\/pfiles\/48\/4379\/239849-o-m.jpg\" alt=\"138 RIU Casa de poble Centre Begur\" title=\"138 RIU Casa de poble Centre Begur\"><\/div><div class=\"slide-item\"><img data-lazy=\"https:\/\/files.net2rent.com\/pfiles\/48\/4379\/579206-3R-o-m.jpg\" alt=\"138 Casa Riu Casa de poble Centre Begur\" title=\"138 Casa Riu Casa de poble Centre Begur\"><\/div><div class=\"slide-item\"><img data-lazy=\"https:\/\/files.net2rent.com\/pfiles\/48\/4379\/579205-xN-o-m.jpg\" alt=\"138 Casa Riu Casa de poble Centre Begur\" title=\"138 Casa Riu Casa de poble Centre Begur\"><\/div><div class=\"slide-item\"><img data-lazy=\"https:\/\/files.net2rent.com\/pfiles\/48\/4379\/464657-o-m.jpg\" alt=\"138 Casa Riu Casa de poble Centre Begur\" title=\"138 Casa Riu Casa de poble Centre Begur\"><\/div><div class=\"slide-item\"><img data-lazy=\"https:\/\/files.net2rent.com\/pfiles\/48\/4379\/464656-o-m.jpg\" alt=\"138 Casa Riu Casa de poble Centre Begur\" title=\"138 Casa Riu Casa de poble Centre Begur\"><\/div><div class=\"slide-item\"><img data-lazy=\"https:\/\/files.net2rent.com\/pfiles\/48\/4379\/464658-o-m.jpg\" alt=\"138 Casa Riu Casa de poble Centre Begur\" title=\"138 Casa Riu Casa de poble Centre Begur\"><\/div><div class=\"slide-item\"><img data-lazy=\"https:\/\/files.net2rent.com\/pfiles\/48\/4379\/579201-tW-o-m.jpg\" alt=\"138 Casa Riu Casa de poble Centre Begur\" title=\"138 Casa Riu Casa de poble Centre Begur\"><\/div><div class=\"slide-item\"><img data-lazy=\"https:\/\/files.net2rent.com\/pfiles\/48\/4379\/579203-rQ-o-m.jpg\" alt=\"138 Casa Riu Casa de poble Centre Begur\" title=\"138 Casa Riu Casa de poble Centre Begur\"><\/div><div class=\"slide-item\"><img data-lazy=\"https:\/\/files.net2rent.com\/pfiles\/48\/4379\/579200-CZ-o-m.jpg\" alt=\"138 Casa Riu Casa de poble Centre Begur\" title=\"138 Casa Riu Casa de poble Centre Begur\"><\/div><div class=\"slide-item\"><img data-lazy=\"https:\/\/files.net2rent.com\/pfiles\/48\/4379\/239858-o-m.jpg\" alt=\"138 RIU Casa de poble Centre Begur\" title=\"138 RIU Casa de poble Centre Begur\"><\/div><div class=\"slide-item\"><img data-lazy=\"https:\/\/files.net2rent.com\/pfiles\/48\/4379\/579202-lc-o-m.jpg\" alt=\"138 Casa Riu Casa de poble Centre Begur\" title=\"138 Casa Riu Casa de poble Centre Begur\"><\/div>  <\/div>\n\n  <div class=\"n2r__list__item__info\">\n    <div class=\"n2r__list__item__title\">\n      <h2 class=\"n2r__list__item__name\">\n        <a href=\"https:\/\/www.domusbegur.com\/ca\/lloguer\/lloguer-casa-de-poble-begur-4379\/\">Lloguer casa de poble amb piscina a Begur, Centre<\/a>\n      <\/h2>\n          <\/div>\n    <div class=\"n2r__list__item__title\">\n      <div class=\"n2r__list__item__reference\">Ref: 138<\/div>\n      <div class=\"n2r__list__item__turisticreference\">HUTG-008306-32<\/div>      <div class=\"n2r__list__item__city\">Begur<\/div>\n              <div class=\"n2r__list__item__rating\">\n          <div class=\"n2r__rating\">\n            <div class=\"n2r__rating__complete\" style=\"width:0%\"><\/div>\n          <\/div>\n        <\/div>\n          <\/div>\n    <div class=\"n2r__list__item__features\">\n      <div class=\"n2r__list__item__feature n2r__list__item__feature--rooms\" title=\"3 habitacions\"><i class=\"n2r_room\"><\/i> 3<\/div><div class=\"n2r__list__item__feature n2r__list__item__feature--capacity\" title=\"6 pax\"><i class=\"n2r_people\"><\/i> 6<\/div><div class=\"n2r__list__item__feature n2r__list__item__feature--bathrooms\" title=\"2 lavabos\"><i class=\"n2r_toilet\"><\/i> 2<\/div><div class=\"n2r__list__item__feature n2r__list__item__feature--sea_distance\" title=\"Dist\u00e0ncia al mar\"><i class=\"n2r_sea_distance\"><\/i> 4 km<\/div><div class=\"n2r__list__item__feature n2r__list__item__feature--pool\" title=\"piscina\"><i class=\"n2r_swimming_pool\"><\/i> <\/div><div class=\"n2r__list__item__feature n2r__list__item__feature--wifi\" title=\"WIFI\"><i class=\"n2r_properties_equipment_wifi\"><\/i> <\/div><div class=\"n2r__list__item__feature n2r__list__item__feature--heating\" title=\"Calefacci\u00f3\"><i class=\"n2r_properties_equipment_heating\"><\/i> <\/div>    <\/div>\n    <div class=\"n2r__list__item__description\">Acollidora casa tradicional situada al centre de Begur, ideal per gaudir del poble amb totes les comoditats i a nom\u00e9s 4 km de les platges de la zona. Amb una superf\u00edcie de 160 m\u00b2 distribu\u00efts en tres plantes, ofereix espais amplis i amb molt de car\u00e0cter.\r\nA la planta baixa hi ha una \u00e0mplia entrada, una c\u00f2moda sala d\u2019estar amb acc\u00e9s directe al jard\u00ed, dues habitacions dobles i un bany complet amb dutxa.\r\nA la primera planta es troba la zona de despatx, la cuina independent i un ampli menjador amb llar de foc, que connecta amb una terrassa i el jard\u00ed amb piscina privada, perfecte per relaxar-se i gaudir a l\u2019aire lliure.\r\nA l\u2019\u00faltima planta hi ha la suite principal, amb bany complet que inclou dutxa i banyera, ideal per a m\u00e9s privacitat i confort.\r\nLa casa conserva detalls tradicionals com parets de pedra, sostres voltats i bigues de fusta, creant un ambient c\u00e0lid i aut\u00e8ntic per unes vacances inoblidables a Begur.<\/div>\n    <div class=\"n2r__list__item__footer\">\n      <div class=\"n2r__list__item__price\"><span class=\"n2r__list__item__price__from\">Des de 1.600 \u20ac <small class=\"n2r__list__item__price__from__type\">\/  Setmana<\/small><\/span><\/div>    <\/div>\n  <\/div>\n  <a class=\"n2r__list__item__link\" href=\"https:\/\/www.domusbegur.com\/ca\/lloguer\/lloguer-casa-de-poble-begur-4379\/\">M\u00e9s detalls<\/a>\n  <a class=\"n2r__list__item__wishlistmodifybutton n2r__wishlistmodifybutton\" data-n2r-url=\"https:\/\/www.domusbegur.com\/wp-json\/n2r\/v1\/wishlistmodify\"><\/a><\/div><div class=\"n2r__list__item n2r__clickable   \" data-id=\"25373\">\n    <div class=\"n2r__list__item__gallery n2r__slider\">\n    <div class=\"slide-item\"><img data-lazy=\"https:\/\/files.net2rent.com\/pfiles\/48\/25373\/570453-lQ-o-m.jpg\" alt=\"496-1 Casa Bellavista Casa a\u00efllada \/ Villa Aiguablava Begur\" title=\"496-1 Casa Bellavista Casa a\u00efllada \/ Villa Aiguablava Begur\"><\/div><div class=\"slide-item\"><img data-lazy=\"https:\/\/files.net2rent.com\/pfiles\/48\/25373\/570449-UE-o-m.jpg\" alt=\"496-1 Casa Bellavista Casa a\u00efllada \/ Villa Aiguablava Begur\" title=\"496-1 Casa Bellavista Casa a\u00efllada \/ Villa Aiguablava Begur\"><\/div><div class=\"slide-item\"><img data-lazy=\"https:\/\/files.net2rent.com\/pfiles\/48\/25373\/570452-sm-o-m.jpg\" alt=\"496-1 Casa Bellavista Casa a\u00efllada \/ Villa Aiguablava Begur\" title=\"496-1 Casa Bellavista Casa a\u00efllada \/ Villa Aiguablava Begur\"><\/div><div class=\"slide-item\"><img data-lazy=\"https:\/\/files.net2rent.com\/pfiles\/48\/25373\/570450-TJ-o-m.jpg\" alt=\"496-1 Casa Bellavista Casa a\u00efllada \/ Villa Aiguablava Begur\" title=\"496-1 Casa Bellavista Casa a\u00efllada \/ Villa Aiguablava Begur\"><\/div><div class=\"slide-item\"><img data-lazy=\"https:\/\/files.net2rent.com\/pfiles\/48\/25373\/570454-VF-o-m.jpg\" alt=\"496-1 Casa Bellavista Casa a\u00efllada \/ Villa Aiguablava Begur\" title=\"496-1 Casa Bellavista Casa a\u00efllada \/ Villa Aiguablava Begur\"><\/div><div class=\"slide-item\"><img data-lazy=\"https:\/\/files.net2rent.com\/pfiles\/48\/25373\/570448-Wn-o-m.jpg\" alt=\"496-1 Casa Bellavista Casa a\u00efllada \/ Villa Aiguablava Begur\" title=\"496-1 Casa Bellavista Casa a\u00efllada \/ Villa Aiguablava Begur\"><\/div><div class=\"slide-item\"><img data-lazy=\"https:\/\/files.net2rent.com\/pfiles\/48\/25373\/570451-QN-o-m.jpg\" alt=\"496-1 Casa Bellavista Casa a\u00efllada \/ Villa Aiguablava Begur\" title=\"496-1 Casa Bellavista Casa a\u00efllada \/ Villa Aiguablava Begur\"><\/div><div class=\"slide-item\"><img data-lazy=\"https:\/\/files.net2rent.com\/pfiles\/48\/25373\/570434-1O-o-m.jpg\" alt=\"496-1 Casa Bellavista Casa a\u00efllada \/ Villa Aiguablava Begur\" title=\"496-1 Casa Bellavista Casa a\u00efllada \/ Villa Aiguablava Begur\"><\/div><div class=\"slide-item\"><img data-lazy=\"https:\/\/files.net2rent.com\/pfiles\/48\/25373\/570435-yW-o-m.jpg\" alt=\"496-1 Casa Bellavista Casa a\u00efllada \/ Villa Aiguablava Begur\" title=\"496-1 Casa Bellavista Casa a\u00efllada \/ Villa Aiguablava Begur\"><\/div><div class=\"slide-item\"><img data-lazy=\"https:\/\/files.net2rent.com\/pfiles\/48\/25373\/570438-ZM-o-m.jpg\" alt=\"496-1 Casa Bellavista Casa a\u00efllada \/ Villa Aiguablava Begur\" title=\"496-1 Casa Bellavista Casa a\u00efllada \/ Villa Aiguablava Begur\"><\/div><div class=\"slide-item\"><img data-lazy=\"https:\/\/files.net2rent.com\/pfiles\/48\/25373\/570437-UD-o-m.jpg\" alt=\"496-1 Casa Bellavista Casa a\u00efllada \/ Villa Aiguablava Begur\" title=\"496-1 Casa Bellavista Casa a\u00efllada \/ Villa Aiguablava Begur\"><\/div><div class=\"slide-item\"><img data-lazy=\"https:\/\/files.net2rent.com\/pfiles\/48\/25373\/570436-yR-o-m.jpg\" alt=\"496-1 Casa Bellavista Casa a\u00efllada \/ Villa Aiguablava Begur\" title=\"496-1 Casa Bellavista Casa a\u00efllada \/ Villa Aiguablava Begur\"><\/div><div class=\"slide-item\"><img data-lazy=\"https:\/\/files.net2rent.com\/pfiles\/48\/25373\/570445-4s-o-m.jpg\" alt=\"496-1 Casa Bellavista Casa a\u00efllada \/ Villa Aiguablava Begur\" title=\"496-1 Casa Bellavista Casa a\u00efllada \/ Villa Aiguablava Begur\"><\/div><div class=\"slide-item\"><img data-lazy=\"https:\/\/files.net2rent.com\/pfiles\/48\/25373\/570446-p6-o-m.jpg\" alt=\"496-1 Casa Bellavista Casa a\u00efllada \/ Villa Aiguablava Begur\" title=\"496-1 Casa Bellavista Casa a\u00efllada \/ Villa Aiguablava Begur\"><\/div><div class=\"slide-item\"><img data-lazy=\"https:\/\/files.net2rent.com\/pfiles\/48\/25373\/570447-jM-o-m.jpg\" alt=\"496-1 Casa Bellavista Casa a\u00efllada \/ Villa Aiguablava Begur\" title=\"496-1 Casa Bellavista Casa a\u00efllada \/ Villa Aiguablava Begur\"><\/div><div class=\"slide-item\"><img data-lazy=\"https:\/\/files.net2rent.com\/pfiles\/48\/25373\/570444-eC-o-m.jpg\" alt=\"496-1 Casa Bellavista Casa a\u00efllada \/ Villa Aiguablava Begur\" title=\"496-1 Casa Bellavista Casa a\u00efllada \/ Villa Aiguablava Begur\"><\/div><div class=\"slide-item\"><img data-lazy=\"https:\/\/files.net2rent.com\/pfiles\/48\/25373\/570443-UQ-o-m.jpg\" alt=\"496-1 Casa Bellavista Casa a\u00efllada \/ Villa Aiguablava Begur\" title=\"496-1 Casa Bellavista Casa a\u00efllada \/ Villa Aiguablava Begur\"><\/div><div class=\"slide-item\"><img data-lazy=\"https:\/\/files.net2rent.com\/pfiles\/48\/25373\/570442-Jt-o-m.jpg\" alt=\"496-1 Casa Bellavista Casa a\u00efllada \/ Villa Aiguablava Begur\" title=\"496-1 Casa Bellavista Casa a\u00efllada \/ Villa Aiguablava Begur\"><\/div><div class=\"slide-item\"><img data-lazy=\"https:\/\/files.net2rent.com\/pfiles\/48\/25373\/570439-iY-o-m.jpg\" alt=\"496-1 Casa Bellavista Casa a\u00efllada \/ Villa Aiguablava Begur\" title=\"496-1 Casa Bellavista Casa a\u00efllada \/ Villa Aiguablava Begur\"><\/div><div class=\"slide-item\"><img data-lazy=\"https:\/\/files.net2rent.com\/pfiles\/48\/25373\/570441-z1-o-m.jpg\" alt=\"496-1 Casa Bellavista Casa a\u00efllada \/ Villa Aiguablava Begur\" title=\"496-1 Casa Bellavista Casa a\u00efllada \/ Villa Aiguablava Begur\"><\/div><div class=\"slide-item\"><img data-lazy=\"https:\/\/files.net2rent.com\/pfiles\/48\/25373\/570440-18-o-m.jpg\" alt=\"496-1 Casa Bellavista Casa a\u00efllada \/ Villa Aiguablava Begur\" title=\"496-1 Casa Bellavista Casa a\u00efllada \/ Villa Aiguablava Begur\"><\/div><div class=\"slide-item\"><img data-lazy=\"https:\/\/files.net2rent.com\/pfiles\/48\/25373\/570455-yX-o-m.jpg\" alt=\"496-1 Casa Bellavista Casa a\u00efllada \/ Villa Aiguablava Begur\" title=\"496-1 Casa Bellavista Casa a\u00efllada \/ Villa Aiguablava Begur\"><\/div><div class=\"slide-item\"><img data-lazy=\"https:\/\/files.net2rent.com\/pfiles\/48\/25373\/570456-na-o-m.jpg\" alt=\"496-1 Casa Bellavista Casa a\u00efllada \/ Villa Aiguablava Begur\" title=\"496-1 Casa Bellavista Casa a\u00efllada \/ Villa Aiguablava Begur\"><\/div><div class=\"slide-item\"><img data-lazy=\"https:\/\/files.net2rent.com\/pfiles\/48\/25373\/570457-Wu-o-m.jpg\" alt=\"496-1 Casa Bellavista Casa a\u00efllada \/ Villa Aiguablava Begur\" title=\"496-1 Casa Bellavista Casa a\u00efllada \/ Villa Aiguablava Begur\"><\/div><div class=\"slide-item\"><img data-lazy=\"https:\/\/files.net2rent.com\/pfiles\/48\/25373\/570459-Px-o-m.jpg\" alt=\"496-1 Casa Bellavista Casa a\u00efllada \/ Villa Aiguablava Begur\" title=\"496-1 Casa Bellavista Casa a\u00efllada \/ Villa Aiguablava Begur\"><\/div><div class=\"slide-item\"><img data-lazy=\"https:\/\/files.net2rent.com\/pfiles\/48\/25373\/570460-0I-o-m.jpg\" alt=\"496-1 Casa Bellavista Casa a\u00efllada \/ Villa Aiguablava Begur\" title=\"496-1 Casa Bellavista Casa a\u00efllada \/ Villa Aiguablava Begur\"><\/div><div class=\"slide-item\"><img data-lazy=\"https:\/\/files.net2rent.com\/pfiles\/48\/25373\/570461-wi-o-m.jpg\" alt=\"496-1 Casa Bellavista Casa a\u00efllada \/ Villa Aiguablava Begur\" title=\"496-1 Casa Bellavista Casa a\u00efllada \/ Villa Aiguablava Begur\"><\/div><div class=\"slide-item\"><img data-lazy=\"https:\/\/files.net2rent.com\/pfiles\/48\/25373\/570462-uL-o-m.jpg\" alt=\"496-1 Casa Bellavista Casa a\u00efllada \/ Villa Aiguablava Begur\" title=\"496-1 Casa Bellavista Casa a\u00efllada \/ Villa Aiguablava Begur\"><\/div><div class=\"slide-item\"><img data-lazy=\"https:\/\/files.net2rent.com\/pfiles\/48\/25373\/570463-4Z-o-m.jpg\" alt=\"496-1 Casa Bellavista Casa a\u00efllada \/ Villa Aiguablava Begur\" title=\"496-1 Casa Bellavista Casa a\u00efllada \/ Villa Aiguablava Begur\"><\/div><div class=\"slide-item\"><img data-lazy=\"https:\/\/files.net2rent.com\/pfiles\/48\/25373\/570464-kp-o-m.jpg\" alt=\"496-1 Casa Bellavista Casa a\u00efllada \/ Villa Aiguablava Begur\" title=\"496-1 Casa Bellavista Casa a\u00efllada \/ Villa Aiguablava Begur\"><\/div><div class=\"slide-item\"><img data-lazy=\"https:\/\/files.net2rent.com\/pfiles\/48\/25373\/570465-kY-o-m.jpg\" alt=\"496-1 Casa Bellavista Casa a\u00efllada \/ Villa Aiguablava Begur\" title=\"496-1 Casa Bellavista Casa a\u00efllada \/ Villa Aiguablava Begur\"><\/div><div class=\"slide-item\"><img data-lazy=\"https:\/\/files.net2rent.com\/pfiles\/48\/25373\/570466-Wu-o-m.jpg\" alt=\"496-1 Casa Bellavista Casa a\u00efllada \/ Villa Aiguablava Begur\" title=\"496-1 Casa Bellavista Casa a\u00efllada \/ Villa Aiguablava Begur\"><\/div><div class=\"slide-item\"><img data-lazy=\"https:\/\/files.net2rent.com\/pfiles\/48\/25373\/570467-rs-o-m.jpg\" alt=\"496-1 Casa Bellavista Casa a\u00efllada \/ Villa Aiguablava Begur\" title=\"496-1 Casa Bellavista Casa a\u00efllada \/ Villa Aiguablava Begur\"><\/div><div class=\"slide-item\"><img data-lazy=\"https:\/\/files.net2rent.com\/pfiles\/48\/25373\/570468-NB-o-m.jpg\" alt=\"496-1 Casa Bellavista Casa a\u00efllada \/ Villa Aiguablava Begur\" title=\"496-1 Casa Bellavista Casa a\u00efllada \/ Villa Aiguablava Begur\"><\/div><div class=\"slide-item\"><img data-lazy=\"https:\/\/files.net2rent.com\/pfiles\/48\/25373\/570470-Yk-o-m.jpg\" alt=\"496-1 Casa Bellavista Casa a\u00efllada \/ Villa Aiguablava Begur\" title=\"496-1 Casa Bellavista Casa a\u00efllada \/ Villa Aiguablava Begur\"><\/div><div class=\"slide-item\"><img data-lazy=\"https:\/\/files.net2rent.com\/pfiles\/48\/25373\/570469-Dc-o-m.jpg\" alt=\"496-1 Casa Bellavista Casa a\u00efllada \/ Villa Aiguablava Begur\" title=\"496-1 Casa Bellavista Casa a\u00efllada \/ Villa Aiguablava Begur\"><\/div><div class=\"slide-item\"><img data-lazy=\"https:\/\/files.net2rent.com\/pfiles\/48\/25373\/570471-QJ-o-m.jpg\" alt=\"496-1 Casa Bellavista Casa a\u00efllada \/ Villa Aiguablava Begur\" title=\"496-1 Casa Bellavista Casa a\u00efllada \/ Villa Aiguablava Begur\"><\/div><div class=\"slide-item\"><img data-lazy=\"https:\/\/files.net2rent.com\/pfiles\/48\/25373\/570472-dY-o-m.jpg\" alt=\"496-1 Casa Bellavista Casa a\u00efllada \/ Villa Aiguablava Begur\" title=\"496-1 Casa Bellavista Casa a\u00efllada \/ Villa Aiguablava Begur\"><\/div><div class=\"slide-item\"><img data-lazy=\"https:\/\/files.net2rent.com\/pfiles\/48\/25373\/570473-y6-o-m.jpg\" alt=\"496-1 Casa Bellavista Casa a\u00efllada \/ Villa Aiguablava Begur\" title=\"496-1 Casa Bellavista Casa a\u00efllada \/ Villa Aiguablava Begur\"><\/div>  <\/div>\n\n  <div class=\"n2r__list__item__info\">\n    <div class=\"n2r__list__item__title\">\n      <h2 class=\"n2r__list__item__name\">\n        <a href=\"https:\/\/www.domusbegur.com\/ca\/lloguer\/lloguer-villa-begur-25373\/\">Lloguer exclusiva villa amb piscina a Begur, Aiguablava<\/a>\n      <\/h2>\n          <\/div>\n    <div class=\"n2r__list__item__title\">\n      <div class=\"n2r__list__item__reference\">Ref: 496-1<\/div>\n      <div class=\"n2r__list__item__turisticreference\">HUTG-067182-53<\/div>      <div class=\"n2r__list__item__city\">Begur<\/div>\n              <div class=\"n2r__list__item__rating\">\n          <div class=\"n2r__rating\">\n            <div class=\"n2r__rating__complete\" style=\"width:0%\"><\/div>\n          <\/div>\n        <\/div>\n          <\/div>\n    <div class=\"n2r__list__item__features\">\n      <div class=\"n2r__list__item__feature n2r__list__item__feature--rooms\" title=\"5 habitacions\"><i class=\"n2r_room\"><\/i> 5<\/div><div class=\"n2r__list__item__feature n2r__list__item__feature--capacity\" title=\"12 pax\"><i class=\"n2r_people\"><\/i> 12<\/div><div class=\"n2r__list__item__feature n2r__list__item__feature--bathrooms\" title=\"6 lavabos\"><i class=\"n2r_toilet\"><\/i> 6<\/div><div class=\"n2r__list__item__feature n2r__list__item__feature--terrace\" title=\"terrassa\"><i class=\"n2r_terrace\"><\/i> <\/div><div class=\"n2r__list__item__feature n2r__list__item__feature--parking\" title=\"Aparcament\"><i class=\"n2r_parking\"><\/i> <\/div><div class=\"n2r__list__item__feature n2r__list__item__feature--garage\" title=\"Garatge\"><i class=\"n2r_garage\"><\/i> <\/div><div class=\"n2r__list__item__feature n2r__list__item__feature--sea_distance\" title=\"Dist\u00e0ncia al mar\"><i class=\"n2r_sea_distance\"><\/i> 1,5 km<\/div><div class=\"n2r__list__item__feature n2r__list__item__feature--pool\" title=\"piscina\"><i class=\"n2r_swimming_pool\"><\/i> <\/div><div class=\"n2r__list__item__feature n2r__list__item__feature--wifi\" title=\"WIFI\"><i class=\"n2r_properties_equipment_wifi\"><\/i> <\/div><div class=\"n2r__list__item__feature n2r__list__item__feature--heating\" title=\"Calefacci\u00f3\"><i class=\"n2r_properties_equipment_heating\"><\/i> <\/div><div class=\"n2r__list__item__feature n2r__list__item__feature--air_conditioning\" title=\"Aire condicionat\"><i class=\"n2r_properties_equipment_air_conditioning\"><\/i> <\/div>    <\/div>\n    <div class=\"n2r__list__item__description\">Exclusiva propietat de disseny contemporani amb vistes panor\u00e0miques al mar, situada en una tranquil\u00b7la i prestigiosa urbanitzaci\u00f3 de la Costa Brava, a 1,5 km de les platges d&#039;Aiguablava i Tamariu.\r\nL&#039;habitatge destaca per la seva arquitectura moderna, l\u00ednies netes i espais interiors di\u00e0fans que es distribueixen de forma funcional a diversos nivells, aprofitant al m\u00e0xim la llum natural i les vistes a l&#039;entorn mediterrani.\r\nA la planta principal hi ha un ampli i llumin\u00f3s sal\u00f3 amb grans finestrals que permeten gaudir de les vistes al mar des de l&#039;interior. L\u00b4espectacular cuina tipus office, totalment equipada amb electrodom\u00e8stics d\u00b4alta gamma, s\u00b4integra perfectament al\u00b4espai obert, ideal per a reunions familiars o amb amics. Aquesta planta tamb\u00e9 acull un elegant bany de cortesia i una c\u00f2moda habitaci\u00f3 doble tipus suite amb bany privat.Totes les estades d&#039;aquest nivell tenen acc\u00e9s directe a una gran terrassa amb porxo, perfecta per menjar a l&#039;aire lliure, aix\u00ed com a una terrassa superior on hi ha una elegant zona chill-out i una impressionant piscina desbordant, que ofereix un entorn ideal per relaxar-se contemplant el mar.\r\nAl nivell inferior, la zona de nit inclou una habitaci\u00f3 tipus suite amb bany privat, equipada amb tres llits individuals i un sof\u00e0 llit, ideal per a nens o convidats. Tamb\u00e9 hi trobem dues \u00e0mplies habitacions dobles que comparteixen un bany complet i una majestuosa m\u00e0ster suite amb un gran vestidor, bany privat i sortida directa a una terrassa privada. Aquest nivell tamb\u00e9 compta amb una confortable sala de televisi\u00f3 o zona d&#039;estar addicional, pensada per al descans i entreteniment.\r\nLa propietat disposa d\u00b4ascensor, garatge privat i zona d\u00b4aparcament exterior, la qual cosa la fa c\u00f2moda i accessible en tots els sentits.\r\nUna resid\u00e8ncia de luxe, en un entorn privilegiat de la Costa Brava, que combina confort, disseny i natura en una ubicaci\u00f3 immillorable.<\/div>\n    <div class=\"n2r__list__item__footer\">\n      <div class=\"n2r__list__item__price\">Consultar<\/div>    <\/div>\n  <\/div>\n  <a class=\"n2r__list__item__link\" href=\"https:\/\/www.domusbegur.com\/ca\/lloguer\/lloguer-villa-begur-25373\/\">M\u00e9s detalls<\/a>\n  <a class=\"n2r__list__item__wishlistmodifybutton n2r__wishlistmodifybutton\" data-n2r-url=\"https:\/\/www.domusbegur.com\/wp-json\/n2r\/v1\/wishlistmodify\"><\/a><\/div><div class=\"n2r__list__item n2r__clickable   \" data-id=\"27453\">\n    <div class=\"n2r__list__item__gallery n2r__slider\">\n    <div class=\"slide-item\"><img data-lazy=\"https:\/\/files.net2rent.com\/pfiles\/48\/27453\/632782-qh-o-m.jpg\" alt=\"360 Sa Riera Luna Apartament Sa Riera Begur\" title=\"360 Sa Riera Luna Apartament Sa Riera Begur\"><\/div><div class=\"slide-item\"><img data-lazy=\"https:\/\/files.net2rent.com\/pfiles\/48\/27453\/633071-U5-o-m.jpg\" alt=\"360 Sa Riera Luna Apartament Sa Riera Begur\" title=\"360 Sa Riera Luna Apartament Sa Riera Begur\"><\/div><div class=\"slide-item\"><img data-lazy=\"https:\/\/files.net2rent.com\/pfiles\/48\/27453\/632783-12-o-m.jpg\" alt=\"360 Sa Riera Luna Apartament Sa Riera Begur\" title=\"360 Sa Riera Luna Apartament Sa Riera Begur\"><\/div><div class=\"slide-item\"><img data-lazy=\"https:\/\/files.net2rent.com\/pfiles\/48\/27453\/632784-Vv-o-m.jpg\" alt=\"360 Sa Riera Luna Apartament Sa Riera Begur\" title=\"360 Sa Riera Luna Apartament Sa Riera Begur\"><\/div><div class=\"slide-item\"><img data-lazy=\"https:\/\/files.net2rent.com\/pfiles\/48\/27453\/632785-DH-o-m.jpg\" alt=\"360 Sa Riera Luna Apartament Sa Riera Begur\" title=\"360 Sa Riera Luna Apartament Sa Riera Begur\"><\/div><div class=\"slide-item\"><img data-lazy=\"https:\/\/files.net2rent.com\/pfiles\/48\/27453\/632786-a8-o-m.jpg\" alt=\"360 Sa Riera Luna Apartament Sa Riera Begur\" title=\"360 Sa Riera Luna Apartament Sa Riera Begur\"><\/div><div class=\"slide-item\"><img data-lazy=\"https:\/\/files.net2rent.com\/pfiles\/48\/27453\/632787-gM-o-m.jpg\" alt=\"360 Sa Riera Luna Apartament Sa Riera Begur\" title=\"360 Sa Riera Luna Apartament Sa Riera Begur\"><\/div><div class=\"slide-item\"><img data-lazy=\"https:\/\/files.net2rent.com\/pfiles\/48\/27453\/632788-Jw-o-m.jpg\" alt=\"360 Sa Riera Luna Apartament Sa Riera Begur\" title=\"360 Sa Riera Luna Apartament Sa Riera Begur\"><\/div><div class=\"slide-item\"><img data-lazy=\"https:\/\/files.net2rent.com\/pfiles\/48\/27453\/632792-iH-o-m.jpg\" alt=\"360 Sa Riera Luna Apartament Sa Riera Begur\" title=\"360 Sa Riera Luna Apartament Sa Riera Begur\"><\/div><div class=\"slide-item\"><img data-lazy=\"https:\/\/files.net2rent.com\/pfiles\/48\/27453\/632799-Jd-o-m.jpg\" alt=\"360 Sa Riera Luna Apartament Sa Riera Begur\" title=\"360 Sa Riera Luna Apartament Sa Riera Begur\"><\/div><div class=\"slide-item\"><img data-lazy=\"https:\/\/files.net2rent.com\/pfiles\/48\/27453\/632800-Ex-o-m.jpg\" alt=\"360 Sa Riera Luna Apartament Sa Riera Begur\" title=\"360 Sa Riera Luna Apartament Sa Riera Begur\"><\/div><div class=\"slide-item\"><img data-lazy=\"https:\/\/files.net2rent.com\/pfiles\/48\/27453\/632789-NL-o-m.jpg\" alt=\"360 Sa Riera Luna Apartament Sa Riera Begur\" title=\"360 Sa Riera Luna Apartament Sa Riera Begur\"><\/div><div class=\"slide-item\"><img data-lazy=\"https:\/\/files.net2rent.com\/pfiles\/48\/27453\/632790-oj-o-m.jpg\" alt=\"360 Sa Riera Luna Apartament Sa Riera Begur\" title=\"360 Sa Riera Luna Apartament Sa Riera Begur\"><\/div><div class=\"slide-item\"><img data-lazy=\"https:\/\/files.net2rent.com\/pfiles\/48\/27453\/632791-67-o-m.jpg\" alt=\"360 Sa Riera Luna Apartament Sa Riera Begur\" title=\"360 Sa Riera Luna Apartament Sa Riera Begur\"><\/div><div class=\"slide-item\"><img data-lazy=\"https:\/\/files.net2rent.com\/pfiles\/48\/27453\/632793-32-o-m.jpg\" alt=\"360 Sa Riera Luna Apartament Sa Riera Begur\" title=\"360 Sa Riera Luna Apartament Sa Riera Begur\"><\/div><div class=\"slide-item\"><img data-lazy=\"https:\/\/files.net2rent.com\/pfiles\/48\/27453\/632794-ta-o-m.jpg\" alt=\"360 Sa Riera Luna Apartament Sa Riera Begur\" title=\"360 Sa Riera Luna Apartament Sa Riera Begur\"><\/div><div class=\"slide-item\"><img data-lazy=\"https:\/\/files.net2rent.com\/pfiles\/48\/27453\/632795-QU-o-m.jpg\" alt=\"360 Sa Riera Luna Apartament Sa Riera Begur\" title=\"360 Sa Riera Luna Apartament Sa Riera Begur\"><\/div><div class=\"slide-item\"><img data-lazy=\"https:\/\/files.net2rent.com\/pfiles\/48\/27453\/632796-Dk-o-m.jpg\" alt=\"360 Sa Riera Luna Apartament Sa Riera Begur\" title=\"360 Sa Riera Luna Apartament Sa Riera Begur\"><\/div><div class=\"slide-item\"><img data-lazy=\"https:\/\/files.net2rent.com\/pfiles\/48\/27453\/632797-p6-o-m.jpg\" alt=\"360 Sa Riera Luna Apartament Sa Riera Begur\" title=\"360 Sa Riera Luna Apartament Sa Riera Begur\"><\/div><div class=\"slide-item\"><img data-lazy=\"https:\/\/files.net2rent.com\/pfiles\/48\/27453\/632801-kV-o-m.jpg\" alt=\"360 Sa Riera Luna Apartament Sa Riera Begur\" title=\"360 Sa Riera Luna Apartament Sa Riera Begur\"><\/div><div class=\"slide-item\"><img data-lazy=\"https:\/\/files.net2rent.com\/pfiles\/48\/27453\/632806-ju-o-m.jpg\" alt=\"360 Sa Riera Luna Apartament Sa Riera Begur\" title=\"360 Sa Riera Luna Apartament Sa Riera Begur\"><\/div><div class=\"slide-item\"><img data-lazy=\"https:\/\/files.net2rent.com\/pfiles\/48\/27453\/632804-Bd-o-m.jpg\" alt=\"360 Sa Riera Luna Apartament Sa Riera Begur\" title=\"360 Sa Riera Luna Apartament Sa Riera Begur\"><\/div><div class=\"slide-item\"><img data-lazy=\"https:\/\/files.net2rent.com\/pfiles\/48\/27453\/632805-xd-o-m.jpg\" alt=\"360 Sa Riera Luna Apartament Sa Riera Begur\" title=\"360 Sa Riera Luna Apartament Sa Riera Begur\"><\/div>  <\/div>\n\n  <div class=\"n2r__list__item__info\">\n    <div class=\"n2r__list__item__title\">\n      <h2 class=\"n2r__list__item__name\">\n        <a href=\"https:\/\/www.domusbegur.com\/ca\/lloguer\/lloguer-apartament-begur-27453\/\">D\u00faplex amb terrassa i vistes al mar a Sa Riera, Begur<\/a>\n      <\/h2>\n          <\/div>\n    <div class=\"n2r__list__item__title\">\n      <div class=\"n2r__list__item__reference\">Ref: 360<\/div>\n      <div class=\"n2r__list__item__turisticreference\">HUTG-036254-64<\/div>      <div class=\"n2r__list__item__city\">Begur<\/div>\n              <div class=\"n2r__list__item__rating\">\n          <div class=\"n2r__rating\">\n            <div class=\"n2r__rating__complete\" style=\"width:0%\"><\/div>\n          <\/div>\n        <\/div>\n          <\/div>\n    <div class=\"n2r__list__item__features\">\n      <div class=\"n2r__list__item__feature n2r__list__item__feature--rooms\" title=\"3 habitacions\"><i class=\"n2r_room\"><\/i> 3<\/div><div class=\"n2r__list__item__feature n2r__list__item__feature--capacity\" title=\"6 pax\"><i class=\"n2r_people\"><\/i> 6<\/div><div class=\"n2r__list__item__feature n2r__list__item__feature--bathrooms\" title=\"2 lavabos\"><i class=\"n2r_toilet\"><\/i> 2<\/div><div class=\"n2r__list__item__feature n2r__list__item__feature--parking\" title=\"Aparcament\"><i class=\"n2r_parking\"><\/i> <\/div><div class=\"n2r__list__item__feature n2r__list__item__feature--sea_distance\" title=\"Dist\u00e0ncia al mar\"><i class=\"n2r_sea_distance\"><\/i> 500m<\/div><div class=\"n2r__list__item__feature n2r__list__item__feature--pool\" title=\"piscina\"><i class=\"n2r_swimming_pool\"><\/i> <\/div><div class=\"n2r__list__item__feature n2r__list__item__feature--wifi\" title=\"WIFI\"><i class=\"n2r_properties_equipment_wifi\"><\/i> <\/div><div class=\"n2r__list__item__feature n2r__list__item__feature--heating\" title=\"Calefacci\u00f3\"><i class=\"n2r_properties_equipment_heating\"><\/i> <\/div><div class=\"n2r__list__item__feature n2r__list__item__feature--air_conditioning\" title=\"Aire condicionat\"><i class=\"n2r_properties_equipment_air_conditioning\"><\/i> <\/div>    <\/div>\n    <div class=\"n2r__list__item__description\">Llumin\u00f3s d\u00faplex recentment reformat situat a la badia de Sa Riera, una de les platges m\u00e9s boniques de la Costa Brava. L\u2019habitatge disposa de sala d\u2019estar-menjador amb sortida a una agradable terrassa amb vistes al mar i a la muntanya, cuina moderna totalment equipada i un lavabo de cortesia a la planta principal.\r\nA l\u2019entresolat hi ha un dormitori amb llit doble, mentre que a la planta inferior es distribueixen dos dormitoris dobles i un bany complet.\r\nLa propietat ofereix tamb\u00e9 pla\u00e7a d\u2019aparcament privada i acc\u00e9s a una piscina comunit\u00e0ria infinity amb vistes al mar, situada just davant de l\u2019apartament. La platja, restaurants i petits comer\u00e7os es troben a nom\u00e9s 5 minuts a peu.<\/div>\n    <div class=\"n2r__list__item__footer\">\n      <div class=\"n2r__list__item__price\"><span class=\"n2r__list__item__price__from\">Des de 1.490 \u20ac <small class=\"n2r__list__item__price__from__type\">\/  Setmana<\/small><\/span><\/div>    <\/div>\n  <\/div>\n  <a class=\"n2r__list__item__link\" href=\"https:\/\/www.domusbegur.com\/ca\/lloguer\/lloguer-apartament-begur-27453\/\">M\u00e9s detalls<\/a>\n  <a class=\"n2r__list__item__wishlistmodifybutton n2r__wishlistmodifybutton\" data-n2r-url=\"https:\/\/www.domusbegur.com\/wp-json\/n2r\/v1\/wishlistmodify\"><\/a><\/div><div class=\"n2r__list__item n2r__clickable   \" data-id=\"27214\">\n    <div class=\"n2r__list__item__gallery n2r__slider\">\n    <div class=\"slide-item\"><img data-lazy=\"https:\/\/files.net2rent.com\/pfiles\/48\/27214\/631652-eH-o-m.jpg\" alt=\"348 Bella nit Apartament Sa Riera Begur\" title=\"348 Bella nit Apartament Sa Riera Begur\"><\/div><div class=\"slide-item\"><img data-lazy=\"https:\/\/files.net2rent.com\/pfiles\/48\/27214\/631670-nP-o-m.jpg\" alt=\"348 Bella nit Apartament Sa Riera Begur\" title=\"348 Bella nit Apartament Sa Riera Begur\"><\/div><div class=\"slide-item\"><img data-lazy=\"https:\/\/files.net2rent.com\/pfiles\/48\/27214\/631653-aG-o-m.jpg\" alt=\"348 Bella nit Apartament Sa Riera Begur\" title=\"348 Bella nit Apartament Sa Riera Begur\"><\/div><div class=\"slide-item\"><img data-lazy=\"https:\/\/files.net2rent.com\/pfiles\/48\/27214\/624465-tV-o-m.jpg\" alt=\"348 Bella nit Apartament Sa Riera Begur\" title=\"348 Bella nit Apartament Sa Riera Begur\"><\/div><div class=\"slide-item\"><img data-lazy=\"https:\/\/files.net2rent.com\/pfiles\/48\/27214\/624436-mo-o-m.jpg\" alt=\"348 Bella nit Apartament Sa Riera Begur\" title=\"348 Bella nit Apartament Sa Riera Begur\"><\/div><div class=\"slide-item\"><img data-lazy=\"https:\/\/files.net2rent.com\/pfiles\/48\/27214\/631650-iS-o-m.jpg\" alt=\"348 Bella nit Apartament Sa Riera Begur\" title=\"348 Bella nit Apartament Sa Riera Begur\"><\/div><div class=\"slide-item\"><img data-lazy=\"https:\/\/files.net2rent.com\/pfiles\/48\/27214\/631649-eo-o-m.jpg\" alt=\"348 Bella nit Apartament Sa Riera Begur\" title=\"348 Bella nit Apartament Sa Riera Begur\"><\/div><div class=\"slide-item\"><img data-lazy=\"https:\/\/files.net2rent.com\/pfiles\/48\/27214\/631655-AE-o-m.jpg\" alt=\"348 Bella nit Apartament Sa Riera Begur\" title=\"348 Bella nit Apartament Sa Riera Begur\"><\/div><div class=\"slide-item\"><img data-lazy=\"https:\/\/files.net2rent.com\/pfiles\/48\/27214\/631671-09-o-m.jpg\" alt=\"348 Bella nit Apartament Sa Riera Begur\" title=\"348 Bella nit Apartament Sa Riera Begur\"><\/div><div class=\"slide-item\"><img data-lazy=\"https:\/\/files.net2rent.com\/pfiles\/48\/27214\/631651-kU-o-m.jpg\" alt=\"348 Bella nit Apartament Sa Riera Begur\" title=\"348 Bella nit Apartament Sa Riera Begur\"><\/div><div class=\"slide-item\"><img data-lazy=\"https:\/\/files.net2rent.com\/pfiles\/48\/27214\/624438-he-o-m.jpg\" alt=\"348 Bella nit Apartament Sa Riera Begur\" title=\"348 Bella nit Apartament Sa Riera Begur\"><\/div><div class=\"slide-item\"><img data-lazy=\"https:\/\/files.net2rent.com\/pfiles\/48\/27214\/631668-82-o-m.jpg\" alt=\"348 Bella nit Apartament Sa Riera Begur\" title=\"348 Bella nit Apartament Sa Riera Begur\"><\/div><div class=\"slide-item\"><img data-lazy=\"https:\/\/files.net2rent.com\/pfiles\/48\/27214\/631673-8B-o-m.jpg\" alt=\"348 Bella nit Apartament Sa Riera Begur\" title=\"348 Bella nit Apartament Sa Riera Begur\"><\/div><div class=\"slide-item\"><img data-lazy=\"https:\/\/files.net2rent.com\/pfiles\/48\/27214\/631648-uM-o-m.jpg\" alt=\"348 Bella nit Apartament Sa Riera Begur\" title=\"348 Bella nit Apartament Sa Riera Begur\"><\/div><div class=\"slide-item\"><img data-lazy=\"https:\/\/files.net2rent.com\/pfiles\/48\/27214\/631647-yw-o-m.jpg\" alt=\"348 Bella nit Apartament Sa Riera Begur\" title=\"348 Bella nit Apartament Sa Riera Begur\"><\/div><div class=\"slide-item\"><img data-lazy=\"https:\/\/files.net2rent.com\/pfiles\/48\/27214\/631654-s3-o-m.jpg\" alt=\"348 Bella nit Apartament Sa Riera Begur\" title=\"348 Bella nit Apartament Sa Riera Begur\"><\/div><div class=\"slide-item\"><img data-lazy=\"https:\/\/files.net2rent.com\/pfiles\/48\/27214\/631646-Fl-o-m.jpg\" alt=\"348 Bella nit Apartament Sa Riera Begur\" title=\"348 Bella nit Apartament Sa Riera Begur\"><\/div><div class=\"slide-item\"><img data-lazy=\"https:\/\/files.net2rent.com\/pfiles\/48\/27214\/631672-py-o-m.jpg\" alt=\"348 Bella nit Apartament Sa Riera Begur\" title=\"348 Bella nit Apartament Sa Riera Begur\"><\/div><div class=\"slide-item\"><img data-lazy=\"https:\/\/files.net2rent.com\/pfiles\/48\/27214\/631656-7p-o-m.jpg\" alt=\"348 Bella nit Apartament Sa Riera Begur\" title=\"348 Bella nit Apartament Sa Riera Begur\"><\/div><div class=\"slide-item\"><img data-lazy=\"https:\/\/files.net2rent.com\/pfiles\/48\/27214\/631667-9U-o-m.jpg\" alt=\"348 Bella nit Apartament Sa Riera Begur\" title=\"348 Bella nit Apartament Sa Riera Begur\"><\/div><div class=\"slide-item\"><img data-lazy=\"https:\/\/files.net2rent.com\/pfiles\/48\/27214\/631665-9p-o-m.jpg\" alt=\"348 Bella nit Apartament Sa Riera Begur\" title=\"348 Bella nit Apartament Sa Riera Begur\"><\/div><div class=\"slide-item\"><img data-lazy=\"https:\/\/files.net2rent.com\/pfiles\/48\/27214\/631666-4e-o-m.jpg\" alt=\"348 Bella nit Apartament Sa Riera Begur\" title=\"348 Bella nit Apartament Sa Riera Begur\"><\/div><div class=\"slide-item\"><img data-lazy=\"https:\/\/files.net2rent.com\/pfiles\/48\/27214\/631669-68-o-m.jpg\" alt=\"348 Bella nit Apartament Sa Riera Begur\" title=\"348 Bella nit Apartament Sa Riera Begur\"><\/div><div class=\"slide-item\"><img data-lazy=\"https:\/\/files.net2rent.com\/pfiles\/48\/27214\/631664-kX-o-m.jpg\" alt=\"348 Bella nit Apartament Sa Riera Begur\" title=\"348 Bella nit Apartament Sa Riera Begur\"><\/div><div class=\"slide-item\"><img data-lazy=\"https:\/\/files.net2rent.com\/pfiles\/48\/27214\/631659-vD-o-m.jpg\" alt=\"348 Bella nit Apartament Sa Riera Begur\" title=\"348 Bella nit Apartament Sa Riera Begur\"><\/div><div class=\"slide-item\"><img data-lazy=\"https:\/\/files.net2rent.com\/pfiles\/48\/27214\/631783-yi-o-m.jpg\" alt=\"348 Bella nit Apartament Sa Riera Begur\" title=\"348 Bella nit Apartament Sa Riera Begur\"><\/div><div class=\"slide-item\"><img data-lazy=\"https:\/\/files.net2rent.com\/pfiles\/48\/27214\/631784-H0-o-m.jpg\" alt=\"348 Bella nit Apartament Sa Riera Begur\" title=\"348 Bella nit Apartament Sa Riera Begur\"><\/div><div class=\"slide-item\"><img data-lazy=\"https:\/\/files.net2rent.com\/pfiles\/48\/27214\/631785-ft-o-m.jpg\" alt=\"348 Bella nit Apartament Sa Riera Begur\" title=\"348 Bella nit Apartament Sa Riera Begur\"><\/div><div class=\"slide-item\"><img data-lazy=\"https:\/\/files.net2rent.com\/pfiles\/48\/27214\/631786-3j-o-m.jpg\" alt=\"348 Bella nit Apartament Sa Riera Begur\" title=\"348 Bella nit Apartament Sa Riera Begur\"><\/div><div class=\"slide-item\"><img data-lazy=\"https:\/\/files.net2rent.com\/pfiles\/48\/27214\/631787-9t-o-m.jpg\" alt=\"348 Bella nit Apartament Sa Riera Begur\" title=\"348 Bella nit Apartament Sa Riera Begur\"><\/div><div class=\"slide-item\"><img data-lazy=\"https:\/\/files.net2rent.com\/pfiles\/48\/27214\/631658-BG-o-m.jpg\" alt=\"348 Bella nit Apartament Sa Riera Begur\" title=\"348 Bella nit Apartament Sa Riera Begur\"><\/div><div class=\"slide-item\"><img data-lazy=\"https:\/\/files.net2rent.com\/pfiles\/48\/27214\/631657-UT-o-m.jpg\" alt=\"348 Bella nit Apartament Sa Riera Begur\" title=\"348 Bella nit Apartament Sa Riera Begur\"><\/div><div class=\"slide-item\"><img data-lazy=\"https:\/\/files.net2rent.com\/pfiles\/48\/27214\/631662-jC-o-m.jpg\" alt=\"348 Bella nit Apartament Sa Riera Begur\" title=\"348 Bella nit Apartament Sa Riera Begur\"><\/div><div class=\"slide-item\"><img data-lazy=\"https:\/\/files.net2rent.com\/pfiles\/48\/27214\/631645-ip-o-m.jpg\" alt=\"348 Bella nit Apartament Sa Riera Begur\" title=\"348 Bella nit Apartament Sa Riera Begur\"><\/div><div class=\"slide-item\"><img data-lazy=\"https:\/\/files.net2rent.com\/pfiles\/48\/27214\/624467-nO-o-m.jpg\" alt=\"348 Bella nit Apartament Sa Riera Begur\" title=\"348 Bella nit Apartament Sa Riera Begur\"><\/div><div class=\"slide-item\"><img data-lazy=\"https:\/\/files.net2rent.com\/pfiles\/48\/27214\/624469-de-o-m.jpg\" alt=\"348 Bella nit Apartament Sa Riera Begur\" title=\"348 Bella nit Apartament Sa Riera Begur\"><\/div><div class=\"slide-item\"><img data-lazy=\"https:\/\/files.net2rent.com\/pfiles\/48\/27214\/624470-Dz-o-m.jpg\" alt=\"348 Bella nit Apartament Sa Riera Begur\" title=\"348 Bella nit Apartament Sa Riera Begur\"><\/div><div class=\"slide-item\"><img data-lazy=\"https:\/\/files.net2rent.com\/pfiles\/48\/27214\/624471-SC-o-m.jpg\" alt=\"348 Bella nit Apartament Sa Riera Begur\" title=\"348 Bella nit Apartament Sa Riera Begur\"><\/div>  <\/div>\n\n  <div class=\"n2r__list__item__info\">\n    <div class=\"n2r__list__item__title\">\n      <h2 class=\"n2r__list__item__name\">\n        <a href=\"https:\/\/www.domusbegur.com\/ca\/lloguer\/lloguer-apartament-begur-27214\/\">Apartament d\u00faplex de lloguer a Sa Riera, Begur, amb vistes al mar<\/a>\n      <\/h2>\n          <\/div>\n    <div class=\"n2r__list__item__title\">\n      <div class=\"n2r__list__item__reference\">Ref: 348<\/div>\n      <div class=\"n2r__list__item__turisticreference\">HUTG-052179-85<\/div>      <div class=\"n2r__list__item__city\">Begur<\/div>\n              <div class=\"n2r__list__item__rating\">\n          <div class=\"n2r__rating\">\n            <div class=\"n2r__rating__complete\" style=\"width:0%\"><\/div>\n          <\/div>\n        <\/div>\n          <\/div>\n    <div class=\"n2r__list__item__features\">\n      <div class=\"n2r__list__item__feature n2r__list__item__feature--rooms\" title=\"3 habitacions\"><i class=\"n2r_room\"><\/i> 3<\/div><div class=\"n2r__list__item__feature n2r__list__item__feature--capacity\" title=\"6 pax\"><i class=\"n2r_people\"><\/i> 6<\/div><div class=\"n2r__list__item__feature n2r__list__item__feature--bathrooms\" title=\"2 lavabos\"><i class=\"n2r_toilet\"><\/i> 2<\/div><div class=\"n2r__list__item__feature n2r__list__item__feature--terrace\" title=\"terrassa\"><i class=\"n2r_terrace\"><\/i> <\/div><div class=\"n2r__list__item__feature n2r__list__item__feature--parking\" title=\"Aparcament\"><i class=\"n2r_parking\"><\/i> <\/div><div class=\"n2r__list__item__feature n2r__list__item__feature--sea_distance\" title=\"Dist\u00e0ncia al mar\"><i class=\"n2r_sea_distance\"><\/i> 500 m<\/div><div class=\"n2r__list__item__feature n2r__list__item__feature--wifi\" title=\"WIFI\"><i class=\"n2r_properties_equipment_wifi\"><\/i> <\/div><div class=\"n2r__list__item__feature n2r__list__item__feature--air_conditioning\" title=\"Aire condicionat\"><i class=\"n2r_properties_equipment_air_conditioning\"><\/i> <\/div>    <\/div>\n    <div class=\"n2r__list__item__description\">Gaudeix d\u2019unes vacances inoblidables en aquest fant\u00e0stic apartament tipus d\u00faplex amb vistes al mar, situat a tan sols 500 metres de la platja, la combinaci\u00f3 perfecta entre comoditat, ubicaci\u00f3 i encant. Molt ben cuidat, decorat amb gust i totalment preparat perqu\u00e8 et sentis com a casa.\r\nEl sal\u00f3, llumin\u00f3s i confortable, \u00e9s perfecte per relaxar-se despr\u00e9s d\u2019un dia de platja. Des d\u2019aqu\u00ed s\u2019accedeix a una agradable terrassa amb vistes al mar, ideal per esmorzar a l\u2019aire lliure, gaudir d\u2019una copa al capvespre o simplement deixar-se portar per la brisa marina.\r\nL\u2019habitatge compta amb un bany complet, un bany de cortesia i tres habitacions dobles, una de les quals es troba en un acollidor altell obert al sal\u00f3 que aporta un toc especial.\r\nDisposa de pla\u00e7a d\u2019aparcament.\r\n\r\n<\/div>\n    <div class=\"n2r__list__item__footer\">\n      <div class=\"n2r__list__item__price\"><span class=\"n2r__list__item__price__from\">Des de 1.475 \u20ac <small class=\"n2r__list__item__price__from__type\">\/  Setmana<\/small><\/span><\/div>    <\/div>\n  <\/div>\n  <a class=\"n2r__list__item__link\" href=\"https:\/\/www.domusbegur.com\/ca\/lloguer\/lloguer-apartament-begur-27214\/\">M\u00e9s detalls<\/a>\n  <a class=\"n2r__list__item__wishlistmodifybutton n2r__wishlistmodifybutton\" data-n2r-url=\"https:\/\/www.domusbegur.com\/wp-json\/n2r\/v1\/wishlistmodify\"><\/a><\/div><div class=\"n2r__list__item n2r__clickable   \" data-id=\"27479\">\n    <div class=\"n2r__list__item__gallery n2r__slider\">\n    <div class=\"slide-item\"><img data-lazy=\"https:\/\/files.net2rent.com\/pfiles\/48\/27479\/634505-cB-o-m.jpg\" alt=\"203-1 Sa Tuna Apartament Sa Tuna Begur\" title=\"203-1 Sa Tuna Apartament Sa Tuna Begur\"><\/div><div class=\"slide-item\"><img data-lazy=\"https:\/\/files.net2rent.com\/pfiles\/48\/27479\/634506-82-o-m.jpg\" alt=\"203-1 Sa Tuna Apartament Sa Tuna Begur\" title=\"203-1 Sa Tuna Apartament Sa Tuna Begur\"><\/div><div class=\"slide-item\"><img data-lazy=\"https:\/\/files.net2rent.com\/pfiles\/48\/27479\/634504-fq-o-m.jpg\" alt=\"203-1 Sa Tuna Apartament Sa Tuna Begur\" title=\"203-1 Sa Tuna Apartament Sa Tuna Begur\"><\/div><div class=\"slide-item\"><img data-lazy=\"https:\/\/files.net2rent.com\/pfiles\/48\/27479\/634517-hC-o-m.jpg\" alt=\"203-1 Sa Tuna Apartament Sa Tuna Begur\" title=\"203-1 Sa Tuna Apartament Sa Tuna Begur\"><\/div><div class=\"slide-item\"><img data-lazy=\"https:\/\/files.net2rent.com\/pfiles\/48\/27479\/634518-ah-o-m.jpg\" alt=\"203-1 Sa Tuna Apartament Sa Tuna Begur\" title=\"203-1 Sa Tuna Apartament Sa Tuna Begur\"><\/div><div class=\"slide-item\"><img data-lazy=\"https:\/\/files.net2rent.com\/pfiles\/48\/27479\/634507-u6-o-m.jpg\" alt=\"203-1 Sa Tuna Apartament Sa Tuna Begur\" title=\"203-1 Sa Tuna Apartament Sa Tuna Begur\"><\/div><div class=\"slide-item\"><img data-lazy=\"https:\/\/files.net2rent.com\/pfiles\/48\/27479\/634503-AS-o-m.jpg\" alt=\"203-1 Sa Tuna Apartament Sa Tuna Begur\" title=\"203-1 Sa Tuna Apartament Sa Tuna Begur\"><\/div><div class=\"slide-item\"><img data-lazy=\"https:\/\/files.net2rent.com\/pfiles\/48\/27479\/634513-SP-o-m.jpg\" alt=\"203-1 Sa Tuna Apartament Sa Tuna Begur\" title=\"203-1 Sa Tuna Apartament Sa Tuna Begur\"><\/div><div class=\"slide-item\"><img data-lazy=\"https:\/\/files.net2rent.com\/pfiles\/48\/27479\/634514-k1-o-m.jpg\" alt=\"203-1 Sa Tuna Apartament Sa Tuna Begur\" title=\"203-1 Sa Tuna Apartament Sa Tuna Begur\"><\/div><div class=\"slide-item\"><img data-lazy=\"https:\/\/files.net2rent.com\/pfiles\/48\/27479\/634512-Gd-o-m.jpg\" alt=\"203-1 Sa Tuna Apartament Sa Tuna Begur\" title=\"203-1 Sa Tuna Apartament Sa Tuna Begur\"><\/div><div class=\"slide-item\"><img data-lazy=\"https:\/\/files.net2rent.com\/pfiles\/48\/27479\/634508-XA-o-m.jpg\" alt=\"203-1 Sa Tuna Apartament Sa Tuna Begur\" title=\"203-1 Sa Tuna Apartament Sa Tuna Begur\"><\/div><div class=\"slide-item\"><img data-lazy=\"https:\/\/files.net2rent.com\/pfiles\/48\/27479\/634511-lj-o-m.jpg\" alt=\"203-1 Sa Tuna Apartament Sa Tuna Begur\" title=\"203-1 Sa Tuna Apartament Sa Tuna Begur\"><\/div><div class=\"slide-item\"><img data-lazy=\"https:\/\/files.net2rent.com\/pfiles\/48\/27479\/634510-0H-o-m.jpg\" alt=\"203-1 Sa Tuna Apartament Sa Tuna Begur\" title=\"203-1 Sa Tuna Apartament Sa Tuna Begur\"><\/div><div class=\"slide-item\"><img data-lazy=\"https:\/\/files.net2rent.com\/pfiles\/48\/27479\/634515-7f-o-m.jpg\" alt=\"203-1 Sa Tuna Apartament Sa Tuna Begur\" title=\"203-1 Sa Tuna Apartament Sa Tuna Begur\"><\/div><div class=\"slide-item\"><img data-lazy=\"https:\/\/files.net2rent.com\/pfiles\/48\/27479\/634501-LI-o-m.jpg\" alt=\"203-1 Sa Tuna Apartament Sa Tuna Begur\" title=\"203-1 Sa Tuna Apartament Sa Tuna Begur\"><\/div><div class=\"slide-item\"><img data-lazy=\"https:\/\/files.net2rent.com\/pfiles\/48\/27479\/634500-ti-o-m.jpg\" alt=\"203-1 Sa Tuna Apartament Sa Tuna Begur\" title=\"203-1 Sa Tuna Apartament Sa Tuna Begur\"><\/div><div class=\"slide-item\"><img data-lazy=\"https:\/\/files.net2rent.com\/pfiles\/48\/27479\/634516-JU-o-m.jpg\" alt=\"203-1 Sa Tuna Apartament Sa Tuna Begur\" title=\"203-1 Sa Tuna Apartament Sa Tuna Begur\"><\/div><div class=\"slide-item\"><img data-lazy=\"https:\/\/files.net2rent.com\/pfiles\/48\/27479\/634499-7g-o-m.jpg\" alt=\"203-1 Sa Tuna Apartament Sa Tuna Begur\" title=\"203-1 Sa Tuna Apartament Sa Tuna Begur\"><\/div>  <\/div>\n\n  <div class=\"n2r__list__item__info\">\n    <div class=\"n2r__list__item__title\">\n      <h2 class=\"n2r__list__item__name\">\n        <a href=\"https:\/\/www.domusbegur.com\/ca\/lloguer\/lloguer-apartament-begur-27479\/\">Lloguer fant\u00e0stic duplex amb vistes al mar a Begur, Sa Tuna<\/a>\n      <\/h2>\n          <\/div>\n    <div class=\"n2r__list__item__title\">\n      <div class=\"n2r__list__item__reference\">Ref: 203-1<\/div>\n            <div class=\"n2r__list__item__city\">Begur<\/div>\n              <div class=\"n2r__list__item__rating\">\n          <div class=\"n2r__rating\">\n            <div class=\"n2r__rating__complete\" style=\"width:0%\"><\/div>\n          <\/div>\n        <\/div>\n          <\/div>\n    <div class=\"n2r__list__item__features\">\n      <div class=\"n2r__list__item__feature n2r__list__item__feature--rooms\" title=\"4 habitacions\"><i class=\"n2r_room\"><\/i> 4<\/div><div class=\"n2r__list__item__feature n2r__list__item__feature--capacity\" title=\"8 pax\"><i class=\"n2r_people\"><\/i> 8<\/div><div class=\"n2r__list__item__feature n2r__list__item__feature--bathrooms\" title=\"3 lavabos\"><i class=\"n2r_toilet\"><\/i> 3<\/div><div class=\"n2r__list__item__feature n2r__list__item__feature--terrace\" title=\"terrassa\"><i class=\"n2r_terrace\"><\/i> <\/div><div class=\"n2r__list__item__feature n2r__list__item__feature--parking\" title=\"Aparcament\"><i class=\"n2r_parking\"><\/i> <\/div><div class=\"n2r__list__item__feature n2r__list__item__feature--sea_distance\" title=\"Dist\u00e0ncia al mar\"><i class=\"n2r_sea_distance\"><\/i> 100 metres<\/div><div class=\"n2r__list__item__feature n2r__list__item__feature--pool\" title=\"piscina\"><i class=\"n2r_swimming_pool\"><\/i> <\/div><div class=\"n2r__list__item__feature n2r__list__item__feature--wifi\" title=\"WIFI\"><i class=\"n2r_properties_equipment_wifi\"><\/i> <\/div><div class=\"n2r__list__item__feature n2r__list__item__feature--heating\" title=\"Calefacci\u00f3\"><i class=\"n2r_properties_equipment_heating\"><\/i> <\/div><div class=\"n2r__list__item__feature n2r__list__item__feature--air_conditioning\" title=\"Aire condicionat\"><i class=\"n2r_properties_equipment_air_conditioning\"><\/i> <\/div>    <\/div>\n    <div class=\"n2r__list__item__description\">Fant\u00e0stic d\u00faplex totalment renovat, situat en una prestigiosa comunitat a nom\u00e9s 50 metres de la platja de Sa Tuna. Gr\u00e0cies a la seva excel\u00b7lent orientaci\u00f3, gaudeix d\u2019una gran lluminositat durant tot el dia i ofereix precioses vistes tant al mar com a la muntanya.\r\nL\u2019habitatge es distribueix en quatre amplis dormitoris amb acc\u00e9s directe a la terrassa, tres banys complets, safareig, cuina independent i un ampli sal\u00f3-menjador amb sortida a una espectacular terrassa de 100 m\u00b2.\r\nA m\u00e9s, disposa d\u2019una agradable zona comunit\u00e0ria amb piscina i una pla\u00e7a d\u2019aparcament, fet que converteix aquesta propietat en una opci\u00f3 ideal.\r\nPREU: Del 01\/08 al 31\/08, 12.500.\u20ac<\/div>\n    <div class=\"n2r__list__item__footer\">\n      <div class=\"n2r__list__item__price\"><span class=\"n2r__list__item__price__from\">Des de 12.500 \u20ac <small class=\"n2r__list__item__price__from__type\">\/  mes<\/small><\/span><\/div>    <\/div>\n  <\/div>\n  <a class=\"n2r__list__item__link\" href=\"https:\/\/www.domusbegur.com\/ca\/lloguer\/lloguer-apartament-begur-27479\/\">M\u00e9s detalls<\/a>\n  <a class=\"n2r__list__item__wishlistmodifybutton n2r__wishlistmodifybutton\" data-n2r-url=\"https:\/\/www.domusbegur.com\/wp-json\/n2r\/v1\/wishlistmodify\"><\/a><\/div><div class=\"n2r__list__item n2r__clickable   n2r__safeandclean\" data-id=\"26981\">\n    <div class=\"n2r__list__item__gallery n2r__slider\">\n    <div class=\"slide-item\"><img data-lazy=\"https:\/\/files.net2rent.com\/pfiles\/48\/26981\/617595-5C-o-m.jpg\" alt=\"211-1 Mir\u00f3 4 Casa adossada Sa Tuna Begur\" title=\"211-1 Mir\u00f3 4 Casa adossada Sa Tuna Begur\"><\/div><div class=\"slide-item\"><img data-lazy=\"https:\/\/files.net2rent.com\/pfiles\/48\/26981\/617594-AH-o-m.jpg\" alt=\"211-1 Mir\u00f3 4 Casa adossada Sa Tuna Begur\" title=\"211-1 Mir\u00f3 4 Casa adossada Sa Tuna Begur\"><\/div><div class=\"slide-item\"><img data-lazy=\"https:\/\/files.net2rent.com\/pfiles\/48\/26981\/617591-Ao-o-m.jpg\" alt=\"211-1 Mir\u00f3 4 Casa adossada Sa Tuna Begur\" title=\"211-1 Mir\u00f3 4 Casa adossada Sa Tuna Begur\"><\/div><div class=\"slide-item\"><img data-lazy=\"https:\/\/files.net2rent.com\/pfiles\/48\/26981\/617600-bS-o-m.jpg\" alt=\"211-1 Mir\u00f3 4 Casa adossada Sa Tuna Begur\" title=\"211-1 Mir\u00f3 4 Casa adossada Sa Tuna Begur\"><\/div><div class=\"slide-item\"><img data-lazy=\"https:\/\/files.net2rent.com\/pfiles\/48\/26981\/617597-4w-o-m.jpg\" alt=\"211-1 Mir\u00f3 4 Casa adossada Sa Tuna Begur\" title=\"211-1 Mir\u00f3 4 Casa adossada Sa Tuna Begur\"><\/div><div class=\"slide-item\"><img data-lazy=\"https:\/\/files.net2rent.com\/pfiles\/48\/26981\/617598-rq-o-m.jpg\" alt=\"211-1 Mir\u00f3 4 Casa adossada Sa Tuna Begur\" title=\"211-1 Mir\u00f3 4 Casa adossada Sa Tuna Begur\"><\/div><div class=\"slide-item\"><img data-lazy=\"https:\/\/files.net2rent.com\/pfiles\/48\/26981\/617599-BL-o-m.jpg\" alt=\"211-1 Mir\u00f3 4 Casa adossada Sa Tuna Begur\" title=\"211-1 Mir\u00f3 4 Casa adossada Sa Tuna Begur\"><\/div><div class=\"slide-item\"><img data-lazy=\"https:\/\/files.net2rent.com\/pfiles\/48\/26981\/617596-0o-o-m.jpg\" alt=\"211-1 Mir\u00f3 4 Casa adossada Sa Tuna Begur\" title=\"211-1 Mir\u00f3 4 Casa adossada Sa Tuna Begur\"><\/div><div class=\"slide-item\"><img data-lazy=\"https:\/\/files.net2rent.com\/pfiles\/48\/26981\/617592-eD-o-m.jpg\" alt=\"211-1 Mir\u00f3 4 Casa adossada Sa Tuna Begur\" title=\"211-1 Mir\u00f3 4 Casa adossada Sa Tuna Begur\"><\/div><div class=\"slide-item\"><img data-lazy=\"https:\/\/files.net2rent.com\/pfiles\/48\/26981\/617593-jM-o-m.jpg\" alt=\"211-1 Mir\u00f3 4 Casa adossada Sa Tuna Begur\" title=\"211-1 Mir\u00f3 4 Casa adossada Sa Tuna Begur\"><\/div><div class=\"slide-item\"><img data-lazy=\"https:\/\/files.net2rent.com\/pfiles\/48\/26981\/617585-Wr-o-m.jpg\" alt=\"211-1 Mir\u00f3 4 Casa adossada Sa Tuna Begur\" title=\"211-1 Mir\u00f3 4 Casa adossada Sa Tuna Begur\"><\/div><div class=\"slide-item\"><img data-lazy=\"https:\/\/files.net2rent.com\/pfiles\/48\/26981\/617586-Wo-o-m.jpg\" alt=\"211-1 Mir\u00f3 4 Casa adossada Sa Tuna Begur\" title=\"211-1 Mir\u00f3 4 Casa adossada Sa Tuna Begur\"><\/div><div class=\"slide-item\"><img data-lazy=\"https:\/\/files.net2rent.com\/pfiles\/48\/26981\/617587-Nf-o-m.jpg\" alt=\"211-1 Mir\u00f3 4 Casa adossada Sa Tuna Begur\" title=\"211-1 Mir\u00f3 4 Casa adossada Sa Tuna Begur\"><\/div><div class=\"slide-item\"><img data-lazy=\"https:\/\/files.net2rent.com\/pfiles\/48\/26981\/617589-Ay-o-m.jpg\" alt=\"211-1 Mir\u00f3 4 Casa adossada Sa Tuna Begur\" title=\"211-1 Mir\u00f3 4 Casa adossada Sa Tuna Begur\"><\/div><div class=\"slide-item\"><img data-lazy=\"https:\/\/files.net2rent.com\/pfiles\/48\/26981\/617588-92-o-m.jpg\" alt=\"211-1 Mir\u00f3 4 Casa adossada Sa Tuna Begur\" title=\"211-1 Mir\u00f3 4 Casa adossada Sa Tuna Begur\"><\/div><div class=\"slide-item\"><img data-lazy=\"https:\/\/files.net2rent.com\/pfiles\/48\/26981\/617590-gy-o-m.jpg\" alt=\"211-1 Mir\u00f3 4 Casa adossada Sa Tuna Begur\" title=\"211-1 Mir\u00f3 4 Casa adossada Sa Tuna Begur\"><\/div><div class=\"slide-item\"><img data-lazy=\"https:\/\/files.net2rent.com\/pfiles\/48\/26981\/617601-r7-o-m.jpg\" alt=\"211-1 Mir\u00f3 4 Casa adossada Sa Tuna Begur\" title=\"211-1 Mir\u00f3 4 Casa adossada Sa Tuna Begur\"><\/div>  <\/div>\n\n  <div class=\"n2r__list__item__info\">\n    <div class=\"n2r__list__item__title\">\n      <h2 class=\"n2r__list__item__name\">\n        <a href=\"https:\/\/www.domusbegur.com\/ca\/lloguer\/lloguer-casa-adossada-begur-26981\/\">Lloguer de casa adossada amb piscina a Begur, Sa Tuna<\/a>\n      <\/h2>\n          <\/div>\n    <div class=\"n2r__list__item__title\">\n      <div class=\"n2r__list__item__reference\">Ref: 211-1<\/div>\n      <div class=\"n2r__list__item__turisticreference\">HUTG-040562-35<\/div>      <div class=\"n2r__list__item__city\">Begur<\/div>\n              <div class=\"n2r__list__item__rating\">\n          <div class=\"n2r__rating\">\n            <div class=\"n2r__rating__complete\" style=\"width:0%\"><\/div>\n          <\/div>\n        <\/div>\n          <\/div>\n    <div class=\"n2r__list__item__features\">\n      <div class=\"n2r__list__item__feature n2r__list__item__feature--rooms\" title=\"4 habitacions\"><i class=\"n2r_room\"><\/i> 4<\/div><div class=\"n2r__list__item__feature n2r__list__item__feature--capacity\" title=\"8 pax\"><i class=\"n2r_people\"><\/i> 8<\/div><div class=\"n2r__list__item__feature n2r__list__item__feature--bathrooms\" title=\"3 lavabos\"><i class=\"n2r_toilet\"><\/i> 3<\/div><div class=\"n2r__list__item__feature n2r__list__item__feature--terrace\" title=\"terrassa\"><i class=\"n2r_terrace\"><\/i> <\/div><div class=\"n2r__list__item__feature n2r__list__item__feature--parking\" title=\"Aparcament\"><i class=\"n2r_parking\"><\/i> <\/div><div class=\"n2r__list__item__feature n2r__list__item__feature--sea_distance\" title=\"Dist\u00e0ncia al mar\"><i class=\"n2r_sea_distance\"><\/i> 1,7 km<\/div><div class=\"n2r__list__item__feature n2r__list__item__feature--pool\" title=\"piscina\"><i class=\"n2r_swimming_pool\"><\/i> <\/div><div class=\"n2r__list__item__feature n2r__list__item__feature--wifi\" title=\"WIFI\"><i class=\"n2r_properties_equipment_wifi\"><\/i> <\/div><div class=\"n2r__list__item__feature n2r__list__item__feature--heating\" title=\"Calefacci\u00f3 per bomba de calor\"><i class=\"n2r_equipment_air_conditioning\"><\/i> <\/div><div class=\"n2r__list__item__feature n2r__list__item__feature--air_conditioning\" title=\"Aire condicionat\"><i class=\"n2r_properties_equipment_air_conditioning\"><\/i> <\/div>    <\/div>\n    <div class=\"n2r__list__item__description\">Aquesta lluminosa i espaiosa casa de lloguer es distribueix en dos nivells, oferint una c\u00f2moda separaci\u00f3 entre la zona de dia i la zona de nit. L\u2019acc\u00e9s es realitza a nivell de carrer, fet que facilita l\u2019entrada a l\u2019habitatge.\r\nA la planta principal, un gran rebedor dona pas a un ampli sal\u00f3-menjador, molt llumin\u00f3s, amb una gran obertura cap a la terrassa, des d\u2019on es gaudeix de vistes al mar. La terrassa est\u00e0 perfectament equipada amb barbacoa i tendal, ideal per a \u00e0pats a l\u2019aire lliure i moments de relax. En aquesta planta tamb\u00e9 hi ha una cuina independent, totalment equipada amb tot el necessari per a una estada c\u00f2moda, aix\u00ed com un bany de cortesia.\r\nLa planta superior acull la zona de descans. Disposa de quatre dormitoris, dos amb llit de matrimoni i dos m\u00e9s amb dos llits individuals cadascun, ideals tant per a fam\u00edlies com per a grups. En aquesta planta hi ha dos banys complets, recentment reformats, amb un disseny modern i funcional.\r\nL\u2019habitatge forma part d\u2019una comunitat cuidada que ofereix una gran piscina comunit\u00e0ria, envoltada d\u2019un ampli espai de gespa natural, perfecta per relaxar-se, prendre el sol o gaudir en fam\u00edlia.\r\nA m\u00e9s, la casa disposa de p\u00e0rquing exterior, aportant un extra de comoditat durant l\u2019estada.\r\nUna propietat ideal per gaudir del confort, l\u2019espai, les zones exteriors i les vistes al mar en un entorn perfecte per a unes vacances inoblidables.<\/div>\n    <div class=\"n2r__list__item__footer\">\n      <div class=\"n2r__list__item__price\"><span class=\"n2r__list__item__price__from\">Des de 2.125 \u20ac <small class=\"n2r__list__item__price__from__type\">\/  Setmana<\/small><\/span><\/div>    <\/div>\n  <\/div>\n  <a class=\"n2r__list__item__link\" href=\"https:\/\/www.domusbegur.com\/ca\/lloguer\/lloguer-casa-adossada-begur-26981\/\">M\u00e9s detalls<\/a>\n  <a class=\"n2r__list__item__wishlistmodifybutton n2r__wishlistmodifybutton\" data-n2r-url=\"https:\/\/www.domusbegur.com\/wp-json\/n2r\/v1\/wishlistmodify\"><\/a><\/div><div class=\"n2r__list__item n2r__clickable   \" data-id=\"27238\">\n    <div class=\"n2r__list__item__gallery n2r__slider\">\n    <div class=\"slide-item\"><img data-lazy=\"https:\/\/files.net2rent.com\/pfiles\/48\/27238\/631725-Ej-o-m.jpg\" alt=\"350 La vie en rouge Apartament Sa Riera Begur\" title=\"350 La vie en rouge Apartament Sa Riera Begur\"><\/div><div class=\"slide-item\"><img data-lazy=\"https:\/\/files.net2rent.com\/pfiles\/48\/27238\/631724-KS-o-m.jpg\" alt=\"350 La vie en rouge Apartament Sa Riera Begur\" title=\"350 La vie en rouge Apartament Sa Riera Begur\"><\/div><div class=\"slide-item\"><img data-lazy=\"https:\/\/files.net2rent.com\/pfiles\/48\/27238\/631720-85-o-m.jpg\" alt=\"350 La vie en rouge Apartament Sa Riera Begur\" title=\"350 La vie en rouge Apartament Sa Riera Begur\"><\/div><div class=\"slide-item\"><img data-lazy=\"https:\/\/files.net2rent.com\/pfiles\/48\/27238\/624270-wz-o-m.jpg\" alt=\"350 La vie en rouge Apartament Sa Riera Begur\" title=\"350 La vie en rouge Apartament Sa Riera Begur\"><\/div><div class=\"slide-item\"><img data-lazy=\"https:\/\/files.net2rent.com\/pfiles\/48\/27238\/631722-aQ-o-m.jpg\" alt=\"350 La vie en rouge Apartament Sa Riera Begur\" title=\"350 La vie en rouge Apartament Sa Riera Begur\"><\/div><div class=\"slide-item\"><img data-lazy=\"https:\/\/files.net2rent.com\/pfiles\/48\/27238\/631721-jb-o-m.jpg\" alt=\"350 La vie en rouge Apartament Sa Riera Begur\" title=\"350 La vie en rouge Apartament Sa Riera Begur\"><\/div><div class=\"slide-item\"><img data-lazy=\"https:\/\/files.net2rent.com\/pfiles\/48\/27238\/631718-fQ-o-m.jpg\" alt=\"350 La vie en rouge Apartament Sa Riera Begur\" title=\"350 La vie en rouge Apartament Sa Riera Begur\"><\/div><div class=\"slide-item\"><img data-lazy=\"https:\/\/files.net2rent.com\/pfiles\/48\/27238\/631719-ju-o-m.jpg\" alt=\"350 La vie en rouge Apartament Sa Riera Begur\" title=\"350 La vie en rouge Apartament Sa Riera Begur\"><\/div><div class=\"slide-item\"><img data-lazy=\"https:\/\/files.net2rent.com\/pfiles\/48\/27238\/624274-89-o-m.jpg\" alt=\"350 La vie en rouge Apartament Sa Riera Begur\" title=\"350 La vie en rouge Apartament Sa Riera Begur\"><\/div><div class=\"slide-item\"><img data-lazy=\"https:\/\/files.net2rent.com\/pfiles\/48\/27238\/624275-1u-o-m.jpg\" alt=\"350 La vie en rouge Apartament Sa Riera Begur\" title=\"350 La vie en rouge Apartament Sa Riera Begur\"><\/div><div class=\"slide-item\"><img data-lazy=\"https:\/\/files.net2rent.com\/pfiles\/48\/27238\/631717-1v-o-m.jpg\" alt=\"350 La vie en rouge Apartament Sa Riera Begur\" title=\"350 La vie en rouge Apartament Sa Riera Begur\"><\/div><div class=\"slide-item\"><img data-lazy=\"https:\/\/files.net2rent.com\/pfiles\/48\/27238\/624276-cA-o-m.jpg\" alt=\"350 La vie en rouge Apartament Sa Riera Begur\" title=\"350 La vie en rouge Apartament Sa Riera Begur\"><\/div><div class=\"slide-item\"><img data-lazy=\"https:\/\/files.net2rent.com\/pfiles\/48\/27238\/624277-Hy-o-m.jpg\" alt=\"350 La vie en rouge Apartament Sa Riera Begur\" title=\"350 La vie en rouge Apartament Sa Riera Begur\"><\/div><div class=\"slide-item\"><img data-lazy=\"https:\/\/files.net2rent.com\/pfiles\/48\/27238\/631716-5p-o-m.jpg\" alt=\"350 La vie en rouge Apartament Sa Riera Begur\" title=\"350 La vie en rouge Apartament Sa Riera Begur\"><\/div><div class=\"slide-item\"><img data-lazy=\"https:\/\/files.net2rent.com\/pfiles\/48\/27238\/631714-MN-o-m.jpg\" alt=\"350 La vie en rouge Apartament Sa Riera Begur\" title=\"350 La vie en rouge Apartament Sa Riera Begur\"><\/div><div class=\"slide-item\"><img data-lazy=\"https:\/\/files.net2rent.com\/pfiles\/48\/27238\/624279-NC-o-m.jpg\" alt=\"350 La vie en rouge Apartament Sa Riera Begur\" title=\"350 La vie en rouge Apartament Sa Riera Begur\"><\/div><div class=\"slide-item\"><img data-lazy=\"https:\/\/files.net2rent.com\/pfiles\/48\/27238\/631713-Rj-o-m.jpg\" alt=\"350 La vie en rouge Apartament Sa Riera Begur\" title=\"350 La vie en rouge Apartament Sa Riera Begur\"><\/div><div class=\"slide-item\"><img data-lazy=\"https:\/\/files.net2rent.com\/pfiles\/48\/27238\/631712-vB-o-m.jpg\" alt=\"350 La vie en rouge Apartament Sa Riera Begur\" title=\"350 La vie en rouge Apartament Sa Riera Begur\"><\/div>  <\/div>\n\n  <div class=\"n2r__list__item__info\">\n    <div class=\"n2r__list__item__title\">\n      <h2 class=\"n2r__list__item__name\">\n        <a href=\"https:\/\/www.domusbegur.com\/ca\/lloguer\/lloguer-apartament-begur-27238\/\">Lloguer d\u2019apartament d\u00faplex a Sa Riera, Begur<\/a>\n      <\/h2>\n          <\/div>\n    <div class=\"n2r__list__item__title\">\n      <div class=\"n2r__list__item__reference\">Ref: 350<\/div>\n      <div class=\"n2r__list__item__turisticreference\">HUTG-038732-23<\/div>      <div class=\"n2r__list__item__city\">Begur<\/div>\n              <div class=\"n2r__list__item__rating\">\n          <div class=\"n2r__rating\">\n            <div class=\"n2r__rating__complete\" style=\"width:0%\"><\/div>\n          <\/div>\n        <\/div>\n          <\/div>\n    <div class=\"n2r__list__item__features\">\n      <div class=\"n2r__list__item__feature n2r__list__item__feature--rooms\" title=\"3 habitacions\"><i class=\"n2r_room\"><\/i> 3<\/div><div class=\"n2r__list__item__feature n2r__list__item__feature--capacity\" title=\"6 pax\"><i class=\"n2r_people\"><\/i> 6<\/div><div class=\"n2r__list__item__feature n2r__list__item__feature--bathrooms\" title=\"3 lavabos\"><i class=\"n2r_toilet\"><\/i> 3<\/div><div class=\"n2r__list__item__feature n2r__list__item__feature--terrace\" title=\"terrassa\"><i class=\"n2r_terrace\"><\/i> <\/div><div class=\"n2r__list__item__feature n2r__list__item__feature--parking\" title=\"Aparcament\"><i class=\"n2r_parking\"><\/i> <\/div><div class=\"n2r__list__item__feature n2r__list__item__feature--sea_distance\" title=\"Dist\u00e0ncia al mar\"><i class=\"n2r_sea_distance\"><\/i> 500m<\/div><div class=\"n2r__list__item__feature n2r__list__item__feature--pool\" title=\"piscina\"><i class=\"n2r_swimming_pool\"><\/i> <\/div><div class=\"n2r__list__item__feature n2r__list__item__feature--wifi\" title=\"WIFI\"><i class=\"n2r_properties_equipment_wifi\"><\/i> <\/div><div class=\"n2r__list__item__feature n2r__list__item__feature--air_conditioning\" title=\"Aire condicionat\"><i class=\"n2r_properties_equipment_air_conditioning\"><\/i> <\/div>    <\/div>\n    <div class=\"n2r__list__item__description\">A nom\u00e9s 5 minuts a peu de la platja de Sa Riera, restaurants, petits comer\u00e7os i supermercats, es troba aquest llumin\u00f3s i ampli apartament d\u00faplex, recentment reformat amb materials d\u2019alta qualitat i una acurada decoraci\u00f3 d\u2019estil contemporani.\r\nDisposa de pla\u00e7a d\u2019aparcament privada davant de l\u2019habitatge, facilitant una arribada c\u00f2moda i sense preocupacions a una de les cales m\u00e9s belles de la Costa Brava.\r\nPensat per oferir el m\u00e0xim confort durant tot l\u2019any, el d\u00faplex compta amb un eficient sistema d\u2019aire condicionat tant al sal\u00f3-menjador com als dormitoris.\r\nLa propietat es distribueix en un elegant i llumin\u00f3s sal\u00f3-menjador amb cuina oberta, que connecta directament amb una agradable terrassa moblada amb vistes al mar i a la muntanya. En aquesta mateixa planta hi trobem un lavabo de cortesia.\r\nUna escala condueix a la planta altell, on s\u2019ubica un acollidor dormitori amb llit doble de 1,60 m. Des del sal\u00f3, una altra escala ens porta a la planta inferior, que disposa de dos dormitoris dobles addicionals i dos banys complets totalment equipats.\r\nLa ubicaci\u00f3 \u00e9s especialment tranquil\u00b7la, ideal per a aquells que busquen descans i privacitat en un entorn exclusiu.<\/div>\n    <div class=\"n2r__list__item__footer\">\n      <div class=\"n2r__list__item__price\"><span class=\"n2r__list__item__price__from\">Des de 1.550 \u20ac <small class=\"n2r__list__item__price__from__type\">\/  Setmana<\/small><\/span><\/div>    <\/div>\n  <\/div>\n  <a class=\"n2r__list__item__link\" href=\"https:\/\/www.domusbegur.com\/ca\/lloguer\/lloguer-apartament-begur-27238\/\">M\u00e9s detalls<\/a>\n  <a class=\"n2r__list__item__wishlistmodifybutton n2r__wishlistmodifybutton\" data-n2r-url=\"https:\/\/www.domusbegur.com\/wp-json\/n2r\/v1\/wishlistmodify\"><\/a><\/div><div class=\"n2r__list__item n2r__clickable   \" data-id=\"27239\">\n    <div class=\"n2r__list__item__gallery n2r__slider\">\n    <div class=\"slide-item\"><img data-lazy=\"https:\/\/files.net2rent.com\/pfiles\/48\/27239\/632537-i1-o-m.jpg\" alt=\"357 Dolce riera I Apartament Sa Riera Begur\" title=\"357 Dolce riera I Apartament Sa Riera Begur\"><\/div><div class=\"slide-item\"><img data-lazy=\"https:\/\/files.net2rent.com\/pfiles\/48\/27239\/632535-RP-o-m.jpg\" alt=\"357 Dolce riera I Apartament Sa Riera Begur\" title=\"357 Dolce riera I Apartament Sa Riera Begur\"><\/div><div class=\"slide-item\"><img data-lazy=\"https:\/\/files.net2rent.com\/pfiles\/48\/27239\/624331-2Q-o-m.jpg\" alt=\"357 Dolce riera I Apartament Sa Riera Begur\" title=\"357 Dolce riera I Apartament Sa Riera Begur\"><\/div><div class=\"slide-item\"><img data-lazy=\"https:\/\/files.net2rent.com\/pfiles\/48\/27239\/632775-BI-o-m.jpg\" alt=\"357 Dolce riera I Apartament Sa Riera Begur\" title=\"357 Dolce riera I Apartament Sa Riera Begur\"><\/div><div class=\"slide-item\"><img data-lazy=\"https:\/\/files.net2rent.com\/pfiles\/48\/27239\/632531-rl-o-m.jpg\" alt=\"357 Dolce riera I Apartament Sa Riera Begur\" title=\"357 Dolce riera I Apartament Sa Riera Begur\"><\/div><div class=\"slide-item\"><img data-lazy=\"https:\/\/files.net2rent.com\/pfiles\/48\/27239\/632529-G1-o-m.jpg\" alt=\"357 Dolce riera I Apartament Sa Riera Begur\" title=\"357 Dolce riera I Apartament Sa Riera Begur\"><\/div><div class=\"slide-item\"><img data-lazy=\"https:\/\/files.net2rent.com\/pfiles\/48\/27239\/632533-Nn-o-m.jpg\" alt=\"357 Dolce riera I Apartament Sa Riera Begur\" title=\"357 Dolce riera I Apartament Sa Riera Begur\"><\/div><div class=\"slide-item\"><img data-lazy=\"https:\/\/files.net2rent.com\/pfiles\/48\/27239\/632527-pO-o-m.jpg\" alt=\"357 Dolce riera I Apartament Sa Riera Begur\" title=\"357 Dolce riera I Apartament Sa Riera Begur\"><\/div><div class=\"slide-item\"><img data-lazy=\"https:\/\/files.net2rent.com\/pfiles\/48\/27239\/632525-Yv-o-m.jpg\" alt=\"357 Dolce riera I Apartament Sa Riera Begur\" title=\"357 Dolce riera I Apartament Sa Riera Begur\"><\/div><div class=\"slide-item\"><img data-lazy=\"https:\/\/files.net2rent.com\/pfiles\/48\/27239\/624335-hA-o-m.jpg\" alt=\"357 Dolce riera I Apartament Sa Riera Begur\" title=\"357 Dolce riera I Apartament Sa Riera Begur\"><\/div><div class=\"slide-item\"><img data-lazy=\"https:\/\/files.net2rent.com\/pfiles\/48\/27239\/624338-2B-o-m.jpg\" alt=\"357 Dolce riera I Apartament Sa Riera Begur\" title=\"357 Dolce riera I Apartament Sa Riera Begur\"><\/div><div class=\"slide-item\"><img data-lazy=\"https:\/\/files.net2rent.com\/pfiles\/48\/27239\/624342-FZ-o-m.jpg\" alt=\"357 Dolce riera I Apartament Sa Riera Begur\" title=\"357 Dolce riera I Apartament Sa Riera Begur\"><\/div><div class=\"slide-item\"><img data-lazy=\"https:\/\/files.net2rent.com\/pfiles\/48\/27239\/632517-AC-o-m.jpg\" alt=\"357 Dolce riera I Apartament Sa Riera Begur\" title=\"357 Dolce riera I Apartament Sa Riera Begur\"><\/div><div class=\"slide-item\"><img data-lazy=\"https:\/\/files.net2rent.com\/pfiles\/48\/27239\/624347-kT-o-m.jpg\" alt=\"357 Dolce riera I Apartament Sa Riera Begur\" title=\"357 Dolce riera I Apartament Sa Riera Begur\"><\/div><div class=\"slide-item\"><img data-lazy=\"https:\/\/files.net2rent.com\/pfiles\/48\/27239\/632519-pw-o-m.jpg\" alt=\"357 Dolce riera I Apartament Sa Riera Begur\" title=\"357 Dolce riera I Apartament Sa Riera Begur\"><\/div><div class=\"slide-item\"><img data-lazy=\"https:\/\/files.net2rent.com\/pfiles\/48\/27239\/624328-M4-o-m.jpg\" alt=\"357 Dolce riera I Apartament Sa Riera Begur\" title=\"357 Dolce riera I Apartament Sa Riera Begur\"><\/div><div class=\"slide-item\"><img data-lazy=\"https:\/\/files.net2rent.com\/pfiles\/48\/27239\/632515-7l-o-m.jpg\" alt=\"357 Dolce riera I Apartament Sa Riera Begur\" title=\"357 Dolce riera I Apartament Sa Riera Begur\"><\/div><div class=\"slide-item\"><img data-lazy=\"https:\/\/files.net2rent.com\/pfiles\/48\/27239\/632512-ih-o-m.jpg\" alt=\"357 Dolce riera I Apartament Sa Riera Begur\" title=\"357 Dolce riera I Apartament Sa Riera Begur\"><\/div><div class=\"slide-item\"><img data-lazy=\"https:\/\/files.net2rent.com\/pfiles\/48\/27239\/632511-5j-o-m.jpg\" alt=\"357 Dolce riera I Apartament Sa Riera Begur\" title=\"357 Dolce riera I Apartament Sa Riera Begur\"><\/div><div class=\"slide-item\"><img data-lazy=\"https:\/\/files.net2rent.com\/pfiles\/48\/27239\/632513-6Z-o-m.jpg\" alt=\"357 Dolce riera I Apartament Sa Riera Begur\" title=\"357 Dolce riera I Apartament Sa Riera Begur\"><\/div><div class=\"slide-item\"><img data-lazy=\"https:\/\/files.net2rent.com\/pfiles\/48\/27239\/632514-fz-o-m.jpg\" alt=\"357 Dolce riera I Apartament Sa Riera Begur\" title=\"357 Dolce riera I Apartament Sa Riera Begur\"><\/div><div class=\"slide-item\"><img data-lazy=\"https:\/\/files.net2rent.com\/pfiles\/48\/27239\/632510-IE-o-m.jpg\" alt=\"357 Dolce riera I Apartament Sa Riera Begur\" title=\"357 Dolce riera I Apartament Sa Riera Begur\"><\/div><div class=\"slide-item\"><img data-lazy=\"https:\/\/files.net2rent.com\/pfiles\/48\/27239\/632521-9H-o-m.jpg\" alt=\"357 Dolce riera I Apartament Sa Riera Begur\" title=\"357 Dolce riera I Apartament Sa Riera Begur\"><\/div><div class=\"slide-item\"><img data-lazy=\"https:\/\/files.net2rent.com\/pfiles\/48\/27239\/632523-rc-o-m.jpg\" alt=\"357 Dolce riera I Apartament Sa Riera Begur\" title=\"357 Dolce riera I Apartament Sa Riera Begur\"><\/div>  <\/div>\n\n  <div class=\"n2r__list__item__info\">\n    <div class=\"n2r__list__item__title\">\n      <h2 class=\"n2r__list__item__name\">\n        <a href=\"https:\/\/www.domusbegur.com\/ca\/lloguer\/lloguer-apartament-begur-27239\/\">Lloguer apartament a Sa Riera, d\u00faplex amb vistes al mar<\/a>\n      <\/h2>\n          <\/div>\n    <div class=\"n2r__list__item__title\">\n      <div class=\"n2r__list__item__reference\">Ref: 357<\/div>\n      <div class=\"n2r__list__item__turisticreference\">HUTG-007551-16<\/div>      <div class=\"n2r__list__item__city\">Begur<\/div>\n              <div class=\"n2r__list__item__rating\">\n          <div class=\"n2r__rating\">\n            <div class=\"n2r__rating__complete\" style=\"width:0%\"><\/div>\n          <\/div>\n        <\/div>\n          <\/div>\n    <div class=\"n2r__list__item__features\">\n      <div class=\"n2r__list__item__feature n2r__list__item__feature--rooms\" title=\"3 habitacions\"><i class=\"n2r_room\"><\/i> 3<\/div><div class=\"n2r__list__item__feature n2r__list__item__feature--capacity\" title=\"6 pax\"><i class=\"n2r_people\"><\/i> 6<\/div><div class=\"n2r__list__item__feature n2r__list__item__feature--bathrooms\" title=\"2 lavabos\"><i class=\"n2r_toilet\"><\/i> 2<\/div><div class=\"n2r__list__item__feature n2r__list__item__feature--terrace\" title=\"terrassa\"><i class=\"n2r_terrace\"><\/i> <\/div><div class=\"n2r__list__item__feature n2r__list__item__feature--parking\" title=\"Aparcament\"><i class=\"n2r_parking\"><\/i> <\/div><div class=\"n2r__list__item__feature n2r__list__item__feature--sea_distance\" title=\"Dist\u00e0ncia al mar\"><i class=\"n2r_sea_distance\"><\/i> 500m<\/div><div class=\"n2r__list__item__feature n2r__list__item__feature--pool\" title=\"piscina\"><i class=\"n2r_swimming_pool\"><\/i> <\/div><div class=\"n2r__list__item__feature n2r__list__item__feature--wifi\" title=\"WIFI\"><i class=\"n2r_properties_equipment_wifi\"><\/i> <\/div><div class=\"n2r__list__item__feature n2r__list__item__feature--air_conditioning\" title=\"Aire condicionat\"><i class=\"n2r_properties_equipment_air_conditioning\"><\/i> <\/div>    <\/div>\n    <div class=\"n2r__list__item__description\">Recentment reformat amb acabats d\u2019alta qualitat, aquest ampli i llumin\u00f3s apartament d\u00faplex es troba a la badia de Sa Riera, reconeguda com una de les platges m\u00e9s belles de la Costa Brava.\r\nDisposa de pla\u00e7a d\u2019aparcament privada davant de l\u2019habitatge, garantint una arribada c\u00f2moda i pr\u00e0ctica. Un cop a la propietat, la platja, els restaurants i els petits comer\u00e7os es troben a nom\u00e9s 5 minuts a peu.\r\nEl d\u00faplex est\u00e0 equipat amb un sistema eficient d\u2019aire condicionat al sal\u00f3, assegurant el m\u00e0xim confort durant els mesos m\u00e9s c\u00e0lids. Tamb\u00e9 ofereix connexi\u00f3 WiFi gratu\u00efta a tota la vivenda.\r\nLa propietat es distribueix en un llumin\u00f3s sal\u00f3-menjador amb acc\u00e9s directe a una terrassa moblada amb agradables vistes al mar i a la muntanya. A la mateixa planta hi trobem una cuina moderna totalment equipada i un lavabo de cortesia.\r\nUna escala condueix a un altell amb un espai vers\u00e0til que disposa de televisi\u00f3 de pantalla plana, zona chill out i un sof\u00e0 llit convertible en un c\u00f2mode llit doble de 1,60 m amb somier de l\u00e0mines.\r\nUna altra escala comunica amb la planta inferior, on hi ha dos dormitoris dobles, un d\u2019ells amb bany en suite, a m\u00e9s d\u2019un segon bany complet independent.\r\nSituat en una zona molt tranquil\u00b7la, aquest apartament ofereix l\u2019entorn perfecte per gaudir d\u2019unes vacances relaxants en un ambient exclusiu a la Costa Brava.<\/div>\n    <div class=\"n2r__list__item__footer\">\n      <div class=\"n2r__list__item__price\"><span class=\"n2r__list__item__price__from\">Des de 1.500 \u20ac <small class=\"n2r__list__item__price__from__type\">\/  Setmana<\/small><\/span><\/div>    <\/div>\n  <\/div>\n  <a class=\"n2r__list__item__link\" href=\"https:\/\/www.domusbegur.com\/ca\/lloguer\/lloguer-apartament-begur-27239\/\">M\u00e9s detalls<\/a>\n  <a class=\"n2r__list__item__wishlistmodifybutton n2r__wishlistmodifybutton\" data-n2r-url=\"https:\/\/www.domusbegur.com\/wp-json\/n2r\/v1\/wishlistmodify\"><\/a><\/div><div class=\"n2r__list__item n2r__clickable   \" data-id=\"27240\">\n    <div class=\"n2r__list__item__gallery n2r__slider\">\n    <div class=\"slide-item\"><img data-lazy=\"https:\/\/files.net2rent.com\/pfiles\/48\/27240\/632493-zo-o-m.jpg\" alt=\"354 Dolce riera II Apartament Sa Riera Begur\" title=\"354 Dolce riera II Apartament Sa Riera Begur\"><\/div><div class=\"slide-item\"><img data-lazy=\"https:\/\/files.net2rent.com\/pfiles\/48\/27240\/632485-gE-o-m.jpg\" alt=\"354 Dolce riera II Apartament Sa Riera Begur\" title=\"354 Dolce riera II Apartament Sa Riera Begur\"><\/div><div class=\"slide-item\"><img data-lazy=\"https:\/\/files.net2rent.com\/pfiles\/48\/27240\/634297-EZ-o-m.jpg\" alt=\"354 Dolce riera II Apartament Sa Riera Begur\" title=\"354 Dolce riera II Apartament Sa Riera Begur\"><\/div><div class=\"slide-item\"><img data-lazy=\"https:\/\/files.net2rent.com\/pfiles\/48\/27240\/632509-M0-o-m.jpg\" alt=\"354 Dolce riera II Apartament Sa Riera Begur\" title=\"354 Dolce riera II Apartament Sa Riera Begur\"><\/div><div class=\"slide-item\"><img data-lazy=\"https:\/\/files.net2rent.com\/pfiles\/48\/27240\/632496-Be-o-m.jpg\" alt=\"354 Dolce riera II Apartament Sa Riera Begur\" title=\"354 Dolce riera II Apartament Sa Riera Begur\"><\/div><div class=\"slide-item\"><img data-lazy=\"https:\/\/files.net2rent.com\/pfiles\/48\/27240\/624297-DN-o-m.jpg\" alt=\"354 Dolce riera II Apartament Sa Riera Begur\" title=\"354 Dolce riera II Apartament Sa Riera Begur\"><\/div><div class=\"slide-item\"><img data-lazy=\"https:\/\/files.net2rent.com\/pfiles\/48\/27240\/632491-3F-o-m.jpg\" alt=\"354 Dolce riera II Apartament Sa Riera Begur\" title=\"354 Dolce riera II Apartament Sa Riera Begur\"><\/div><div class=\"slide-item\"><img data-lazy=\"https:\/\/files.net2rent.com\/pfiles\/48\/27240\/632508-2S-o-m.jpg\" alt=\"354 Dolce riera II Apartament Sa Riera Begur\" title=\"354 Dolce riera II Apartament Sa Riera Begur\"><\/div><div class=\"slide-item\"><img data-lazy=\"https:\/\/files.net2rent.com\/pfiles\/48\/27240\/624300-5p-o-m.jpg\" alt=\"354 Dolce riera II Apartament Sa Riera Begur\" title=\"354 Dolce riera II Apartament Sa Riera Begur\"><\/div><div class=\"slide-item\"><img data-lazy=\"https:\/\/files.net2rent.com\/pfiles\/48\/27240\/632488-GI-o-m.jpg\" alt=\"354 Dolce riera II Apartament Sa Riera Begur\" title=\"354 Dolce riera II Apartament Sa Riera Begur\"><\/div><div class=\"slide-item\"><img data-lazy=\"https:\/\/files.net2rent.com\/pfiles\/48\/27240\/632499-Pl-o-m.jpg\" alt=\"354 Dolce riera II Apartament Sa Riera Begur\" title=\"354 Dolce riera II Apartament Sa Riera Begur\"><\/div><div class=\"slide-item\"><img data-lazy=\"https:\/\/files.net2rent.com\/pfiles\/48\/27240\/632502-KD-o-m.jpg\" alt=\"354 Dolce riera II Apartament Sa Riera Begur\" title=\"354 Dolce riera II Apartament Sa Riera Begur\"><\/div><div class=\"slide-item\"><img data-lazy=\"https:\/\/files.net2rent.com\/pfiles\/48\/27240\/624295-sI-o-m.jpg\" alt=\"354 Dolce riera II Apartament Sa Riera Begur\" title=\"354 Dolce riera II Apartament Sa Riera Begur\"><\/div><div class=\"slide-item\"><img data-lazy=\"https:\/\/files.net2rent.com\/pfiles\/48\/27240\/632506-kf-o-m.jpg\" alt=\"354 Dolce riera II Apartament Sa Riera Begur\" title=\"354 Dolce riera II Apartament Sa Riera Begur\"><\/div><div class=\"slide-item\"><img data-lazy=\"https:\/\/files.net2rent.com\/pfiles\/48\/27240\/632505-Z2-o-m.jpg\" alt=\"354 Dolce riera II Apartament Sa Riera Begur\" title=\"354 Dolce riera II Apartament Sa Riera Begur\"><\/div><div class=\"slide-item\"><img data-lazy=\"https:\/\/files.net2rent.com\/pfiles\/48\/27240\/632482-7X-o-m.jpg\" alt=\"354 Dolce riera II Apartament Sa Riera Begur\" title=\"354 Dolce riera II Apartament Sa Riera Begur\"><\/div><div class=\"slide-item\"><img data-lazy=\"https:\/\/files.net2rent.com\/pfiles\/48\/27240\/632479-ZD-o-m.jpg\" alt=\"354 Dolce riera II Apartament Sa Riera Begur\" title=\"354 Dolce riera II Apartament Sa Riera Begur\"><\/div><div class=\"slide-item\"><img data-lazy=\"https:\/\/files.net2rent.com\/pfiles\/48\/27240\/632478-W6-o-m.jpg\" alt=\"354 Dolce riera II Apartament Sa Riera Begur\" title=\"354 Dolce riera II Apartament Sa Riera Begur\"><\/div><div class=\"slide-item\"><img data-lazy=\"https:\/\/files.net2rent.com\/pfiles\/48\/27240\/632476-f4-o-m.jpg\" alt=\"354 Dolce riera II Apartament Sa Riera Begur\" title=\"354 Dolce riera II Apartament Sa Riera Begur\"><\/div><div class=\"slide-item\"><img data-lazy=\"https:\/\/files.net2rent.com\/pfiles\/48\/27240\/632477-fc-o-m.jpg\" alt=\"354 Dolce riera II Apartament Sa Riera Begur\" title=\"354 Dolce riera II Apartament Sa Riera Begur\"><\/div>  <\/div>\n\n  <div class=\"n2r__list__item__info\">\n    <div class=\"n2r__list__item__title\">\n      <h2 class=\"n2r__list__item__name\">\n        <a href=\"https:\/\/www.domusbegur.com\/ca\/lloguer\/lloguer-apartament-begur-27240\/\">Lloguer apartament a Sa Riera, d\u00faplex amb vistes al mar<\/a>\n      <\/h2>\n          <\/div>\n    <div class=\"n2r__list__item__title\">\n      <div class=\"n2r__list__item__reference\">Ref: 354<\/div>\n      <div class=\"n2r__list__item__turisticreference\">HUTG-036257-39<\/div>      <div class=\"n2r__list__item__city\">Begur<\/div>\n              <div class=\"n2r__list__item__rating\">\n          <div class=\"n2r__rating\">\n            <div class=\"n2r__rating__complete\" style=\"width:0%\"><\/div>\n          <\/div>\n        <\/div>\n          <\/div>\n    <div class=\"n2r__list__item__features\">\n      <div class=\"n2r__list__item__feature n2r__list__item__feature--rooms\" title=\"3 habitacions\"><i class=\"n2r_room\"><\/i> 3<\/div><div class=\"n2r__list__item__feature n2r__list__item__feature--capacity\" title=\"6 pax\"><i class=\"n2r_people\"><\/i> 6<\/div><div class=\"n2r__list__item__feature n2r__list__item__feature--bathrooms\" title=\"3 lavabos\"><i class=\"n2r_toilet\"><\/i> 3<\/div><div class=\"n2r__list__item__feature n2r__list__item__feature--terrace\" title=\"terrassa\"><i class=\"n2r_terrace\"><\/i> <\/div><div class=\"n2r__list__item__feature n2r__list__item__feature--parking\" title=\"Aparcament\"><i class=\"n2r_parking\"><\/i> <\/div><div class=\"n2r__list__item__feature n2r__list__item__feature--sea_distance\" title=\"Dist\u00e0ncia al mar\"><i class=\"n2r_sea_distance\"><\/i> 500m<\/div><div class=\"n2r__list__item__feature n2r__list__item__feature--pool\" title=\"piscina\"><i class=\"n2r_swimming_pool\"><\/i> <\/div><div class=\"n2r__list__item__feature n2r__list__item__feature--wifi\" title=\"WIFI\"><i class=\"n2r_properties_equipment_wifi\"><\/i> <\/div><div class=\"n2r__list__item__feature n2r__list__item__feature--air_conditioning\" title=\"Aire condicionat\"><i class=\"n2r_properties_equipment_air_conditioning\"><\/i> <\/div>    <\/div>\n    <div class=\"n2r__list__item__description\">Recentment reformat amb acabats d\u2019alta qualitat, aquest llumin\u00f3s i ampli apartament d\u00faplex es troba a la cobejada badia de Sa Riera, una de les platges m\u00e9s belles i emblem\u00e0tiques de la Costa Brava, a Begur.\r\nLa propietat disposa de pla\u00e7a d\u2019aparcament privada davant de l\u2019habitatge, garantint una arribada c\u00f2moda i pr\u00e0ctica. A nom\u00e9s 5 minuts a peu s\u2019hi accedeix a la platja, aix\u00ed com als restaurants i petits comer\u00e7os de la zona.\r\nEl d\u00faplex est\u00e0 equipat amb aire condicionat al sal\u00f3, assegurant confort durant els mesos m\u00e9s c\u00e0lids, i connexi\u00f3 WiFi gratu\u00efta a tota la vivenda.\r\nA la planta principal hi trobem un llumin\u00f3s sal\u00f3-menjador amb acc\u00e9s directe a una agradable terrassa moblada amb vistes obertes al mar i a la muntanya, ideal per gaudir de moments de relax. En aquesta mateixa planta hi ha una cuina moderna totalment equipada i un lavabo de cortesia.\r\nDes del sal\u00f3, una escala condueix a un altell di\u00e0fan que ofereix un espai polivalent amb televisi\u00f3 de pantalla plana, zona chill out i un sof\u00e0 llit convertible en un c\u00f2mode llit doble de 1,60 m amb somier de l\u00e0mines.\r\nA la planta inferior es distribueixen dos dormitoris dobles, un d\u2019ells amb bany en suite, a m\u00e9s d\u2019un segon bany complet independent.\r\nSituat en un entorn tranquil i exclusiu, aquest apartament \u00e9s una excel\u00b7lent opci\u00f3 per gaudir d\u2019unes vacances relaxants a la Costa Brava amb totes les comoditats.<\/div>\n    <div class=\"n2r__list__item__footer\">\n      <div class=\"n2r__list__item__price\"><span class=\"n2r__list__item__price__from\">Des de 1.500 \u20ac <small class=\"n2r__list__item__price__from__type\">\/  Setmana<\/small><\/span><\/div>    <\/div>\n  <\/div>\n  <a class=\"n2r__list__item__link\" href=\"https:\/\/www.domusbegur.com\/ca\/lloguer\/lloguer-apartament-begur-27240\/\">M\u00e9s detalls<\/a>\n  <a class=\"n2r__list__item__wishlistmodifybutton n2r__wishlistmodifybutton\" data-n2r-url=\"https:\/\/www.domusbegur.com\/wp-json\/n2r\/v1\/wishlistmodify\"><\/a><\/div><div class=\"n2r__list__item n2r__clickable   \" data-id=\"27246\">\n    <div class=\"n2r__list__item__gallery n2r__slider\">\n    <div class=\"slide-item\"><img data-lazy=\"https:\/\/files.net2rent.com\/pfiles\/48\/27246\/624391-gG-o-m.jpg\" alt=\"627 Tamariu Apartament  Begur\" title=\"627 Tamariu Apartament  Begur\"><\/div><div class=\"slide-item\"><img data-lazy=\"https:\/\/files.net2rent.com\/pfiles\/48\/27246\/624388-9G-o-m.jpg\" alt=\"627 Tamariu Apartament  Begur\" title=\"627 Tamariu Apartament  Begur\"><\/div><div class=\"slide-item\"><img data-lazy=\"https:\/\/files.net2rent.com\/pfiles\/48\/27246\/624392-pQ-o-m.jpg\" alt=\"627 Tamariu Apartament  Begur\" title=\"627 Tamariu Apartament  Begur\"><\/div><div class=\"slide-item\"><img data-lazy=\"https:\/\/files.net2rent.com\/pfiles\/48\/27246\/624389-17-o-m.jpg\" alt=\"627 Tamariu Apartament  Begur\" title=\"627 Tamariu Apartament  Begur\"><\/div><div class=\"slide-item\"><img data-lazy=\"https:\/\/files.net2rent.com\/pfiles\/48\/27246\/624393-6i-o-m.jpg\" alt=\"627 Tamariu Apartament  Begur\" title=\"627 Tamariu Apartament  Begur\"><\/div><div class=\"slide-item\"><img data-lazy=\"https:\/\/files.net2rent.com\/pfiles\/48\/27246\/624390-6h-o-m.jpg\" alt=\"627 Tamariu Apartament  Begur\" title=\"627 Tamariu Apartament  Begur\"><\/div><div class=\"slide-item\"><img data-lazy=\"https:\/\/files.net2rent.com\/pfiles\/48\/27246\/624394-u8-o-m.jpg\" alt=\"627 Tamariu Apartament  Begur\" title=\"627 Tamariu Apartament  Begur\"><\/div><div class=\"slide-item\"><img data-lazy=\"https:\/\/files.net2rent.com\/pfiles\/48\/27246\/624399-2W-o-m.jpg\" alt=\"627 Tamariu Apartament  Begur\" title=\"627 Tamariu Apartament  Begur\"><\/div><div class=\"slide-item\"><img data-lazy=\"https:\/\/files.net2rent.com\/pfiles\/48\/27246\/624396-pg-o-m.jpg\" alt=\"627 Tamariu Apartament  Begur\" title=\"627 Tamariu Apartament  Begur\"><\/div><div class=\"slide-item\"><img data-lazy=\"https:\/\/files.net2rent.com\/pfiles\/48\/27246\/624395-uD-o-m.jpg\" alt=\"627 Tamariu Apartament  Begur\" title=\"627 Tamariu Apartament  Begur\"><\/div><div class=\"slide-item\"><img data-lazy=\"https:\/\/files.net2rent.com\/pfiles\/48\/27246\/624397-kQ-o-m.jpg\" alt=\"627 Tamariu Apartament  Begur\" title=\"627 Tamariu Apartament  Begur\"><\/div><div class=\"slide-item\"><img data-lazy=\"https:\/\/files.net2rent.com\/pfiles\/48\/27246\/624398-Bo-o-m.jpg\" alt=\"627 Tamariu Apartament  Begur\" title=\"627 Tamariu Apartament  Begur\"><\/div><div class=\"slide-item\"><img data-lazy=\"https:\/\/files.net2rent.com\/pfiles\/48\/27246\/624400-5T-o-m.jpg\" alt=\"627 Tamariu Apartament  Begur\" title=\"627 Tamariu Apartament  Begur\"><\/div><div class=\"slide-item\"><img data-lazy=\"https:\/\/files.net2rent.com\/pfiles\/48\/27246\/624381-Rx-o-m.jpg\" alt=\"627 Tamariu Apartament  Begur\" title=\"627 Tamariu Apartament  Begur\"><\/div><div class=\"slide-item\"><img data-lazy=\"https:\/\/files.net2rent.com\/pfiles\/48\/27246\/624382-aF-o-m.jpg\" alt=\"627 Tamariu Apartament  Begur\" title=\"627 Tamariu Apartament  Begur\"><\/div><div class=\"slide-item\"><img data-lazy=\"https:\/\/files.net2rent.com\/pfiles\/48\/27246\/624384-oZ-o-m.jpg\" alt=\"627 Tamariu Apartament  Begur\" title=\"627 Tamariu Apartament  Begur\"><\/div><div class=\"slide-item\"><img data-lazy=\"https:\/\/files.net2rent.com\/pfiles\/48\/27246\/624386-aO-o-m.jpg\" alt=\"627 Tamariu Apartament  Begur\" title=\"627 Tamariu Apartament  Begur\"><\/div><div class=\"slide-item\"><img data-lazy=\"https:\/\/files.net2rent.com\/pfiles\/48\/27246\/624401-Sw-o-m.jpg\" alt=\"627 Tamariu Apartament  Begur\" title=\"627 Tamariu Apartament  Begur\"><\/div><div class=\"slide-item\"><img data-lazy=\"https:\/\/files.net2rent.com\/pfiles\/48\/27246\/624402-nL-o-m.jpg\" alt=\"627 Tamariu Apartament  Begur\" title=\"627 Tamariu Apartament  Begur\"><\/div>  <\/div>\n\n  <div class=\"n2r__list__item__info\">\n    <div class=\"n2r__list__item__title\">\n      <h2 class=\"n2r__list__item__name\">\n        <a href=\"https:\/\/www.domusbegur.com\/ca\/lloguer\/lloguer-apartament-tamariu-27246\/\">Lloguer apartament a Tamariu, a 2 minuts de la platja<\/a>\n      <\/h2>\n          <\/div>\n    <div class=\"n2r__list__item__title\">\n      <div class=\"n2r__list__item__reference\">Ref: 627<\/div>\n      <div class=\"n2r__list__item__turisticreference\">HUTG-009731<\/div>      <div class=\"n2r__list__item__city\">Tamariu<\/div>\n              <div class=\"n2r__list__item__rating\">\n          <div class=\"n2r__rating\">\n            <div class=\"n2r__rating__complete\" style=\"width:0%\"><\/div>\n          <\/div>\n        <\/div>\n          <\/div>\n    <div class=\"n2r__list__item__features\">\n      <div class=\"n2r__list__item__feature n2r__list__item__feature--rooms\" title=\"1 habitacions\"><i class=\"n2r_room\"><\/i> 1<\/div><div class=\"n2r__list__item__feature n2r__list__item__feature--capacity\" title=\"4 pax\"><i class=\"n2r_people\"><\/i> 4<\/div><div class=\"n2r__list__item__feature n2r__list__item__feature--bathrooms\" title=\"1 lavabos\"><i class=\"n2r_toilet\"><\/i> 1<\/div><div class=\"n2r__list__item__feature n2r__list__item__feature--terrace\" title=\"terrassa\"><i class=\"n2r_terrace\"><\/i> <\/div><div class=\"n2r__list__item__feature n2r__list__item__feature--sea_distance\" title=\"Dist\u00e0ncia al mar\"><i class=\"n2r_sea_distance\"><\/i> 300m<\/div><div class=\"n2r__list__item__feature n2r__list__item__feature--wifi\" title=\"WIFI\"><i class=\"n2r_properties_equipment_wifi\"><\/i> <\/div><div class=\"n2r__list__item__feature n2r__list__item__feature--air_conditioning\" title=\"Aire condicionat\"><i class=\"n2r_properties_equipment_air_conditioning\"><\/i> <\/div>    <\/div>\n    <div class=\"n2r__list__item__description\">Acollidor apartament amb excel\u00b7lent decoraci\u00f3, ideal per a amants del mar, situat al cor de Tamariu, a nom\u00e9s 2 minuts a peu de la platja.\r\nGr\u00e0cies a la seva magn\u00edfica ubicaci\u00f3, l\u2019habitatge gaudeix d\u2019abundant llum natural durant tot el dia, creant un ambient c\u00e0lid i agradable a totes les estances.\r\nL\u2019apartament es distribueix en un dormitori doble amb televisi\u00f3, un bany complet i una cuina oberta al menjador totalment equipada, que inclou rentavaixelles, forn i cafetera Nespresso. El sal\u00f3 disposa d\u2019una \u00e0mplia televisi\u00f3 i aire condicionat (nom\u00e9s al sal\u00f3) i compta amb un sof\u00e0 llit que es converteix en un c\u00f2mode llit doble, oferint aix\u00ed m\u00e9s capacitat d\u2019allotjament.\r\nLa petita terrassa \u00e9s perfecta per gaudir de les nits d\u2019estiu en un entorn tranquil i amb encant.\r\nL\u2019edifici disposa d\u2019ascensor i ofereix la comoditat de tenir nom\u00e9s un ve\u00ed per planta, aportant m\u00e9s privadesa i tranquil\u00b7litat.\r\n<\/div>\n    <div class=\"n2r__list__item__footer\">\n      <div class=\"n2r__list__item__price\"><span class=\"n2r__list__item__price__from\">Des de 1.150 \u20ac <small class=\"n2r__list__item__price__from__type\">\/  Setmana<\/small><\/span><\/div>    <\/div>\n  <\/div>\n  <a class=\"n2r__list__item__link\" href=\"https:\/\/www.domusbegur.com\/ca\/lloguer\/lloguer-apartament-tamariu-27246\/\">M\u00e9s detalls<\/a>\n  <a class=\"n2r__list__item__wishlistmodifybutton n2r__wishlistmodifybutton\" data-n2r-url=\"https:\/\/www.domusbegur.com\/wp-json\/n2r\/v1\/wishlistmodify\"><\/a><\/div>    <\/div>\n    <div class=\"n2r__list__map \">\n  <div class=\"n2r__sticky\">\n    <div id=\"n2r__list__map__googlemaps\" class=\"n2r__googlemaps\" data-n2r-scrollwheel=\"0\" data-n2r-markerclustererimage=\"https:\/\/www.domusbegur.com\/wp-content\/plugins\/net2rent-wp-plugin\/\/assets\/js\/googlemaps\/images\/m\"   data-n2r-markerimage=\"https:\/\/www.domusbegur.com\/wp-content\/plugins\/net2rent-wp-plugin\/\/assets\/images\/map_position.png\" data-n2r-markers=\"[{&quot;id&quot;:&quot;10079&quot;,&quot;latitude&quot;:41.953235999999997,&quot;longitude&quot;:3.2237840000000002,&quot;link&quot;:&quot;https:\\\/\\\/www.domusbegur.com\\\/ca\\\/lloguer\\\/lloguer-villa-begur-10079\\\/&quot;,&quot;infoWindow&quot;:{&quot;image&quot;:&quot;https:\\\/\\\/files.net2rent.com\\\/pfiles\\\/48\\\/10079\\\/475763-o-m.jpg&quot;,&quot;title&quot;:&quot;Lloguer villa amb piscina a Begur, Sa Tuna&quot;,&quot;description&quot;:&quot;\\u003Cdiv\\u003E\\u003Cdiv class=\\&quot;n2r__list__item__feature n2r__list__item__feature--rooms\\&quot; title=\\&quot;4 habitacions\\&quot;\\u003E\\u003Ci class=\\&quot;n2r_room\\&quot;\\u003E\\u003C\\\/i\\u003E 4\\u003C\\\/div\\u003E\\u003Cdiv class=\\&quot;n2r__list__item__feature n2r__list__item__feature--capacity\\&quot; title=\\&quot;8 pax\\&quot;\\u003E\\u003Ci class=\\&quot;n2r_people\\&quot;\\u003E\\u003C\\\/i\\u003E 8\\u003C\\\/div\\u003E\\u003C\\\/div\\u003E\\u003Cdiv\\u003E\\u003Cdiv class=\\&quot;n2r__list__item__price\\&quot;\\u003E\\u003Cspan class=\\&quot;n2r__list__item__price__from\\&quot;\\u003EDes de 6.950 \\u20ac \\u003Csmall class=\\&quot;n2r__list__item__price__from__type\\&quot;\\u003E\\\/  Setmana\\u003C\\\/small\\u003E\\u003C\\\/span\\u003E\\u003C\\\/div\\u003E\\u003C\\\/div\\u003E&quot;}},{&quot;id&quot;:&quot;25858&quot;,&quot;latitude&quot;:41.926639999999999,&quot;longitude&quot;:3.2147009999999998,&quot;link&quot;:&quot;https:\\\/\\\/www.domusbegur.com\\\/ca\\\/lloguer\\\/lloguer-villa-begur-25858\\\/&quot;,&quot;infoWindow&quot;:{&quot;image&quot;:&quot;https:\\\/\\\/files.net2rent.com\\\/pfiles\\\/48\\\/25858\\\/585488-Oh-o-m.jpg&quot;,&quot;title&quot;:&quot;Lloguer de villa amb piscina privada a Aiguablava, Begur&quot;,&quot;description&quot;:&quot;\\u003Cdiv\\u003E\\u003Cdiv class=\\&quot;n2r__list__item__feature n2r__list__item__feature--rooms\\&quot; title=\\&quot;4 habitacions\\&quot;\\u003E\\u003Ci class=\\&quot;n2r_room\\&quot;\\u003E\\u003C\\\/i\\u003E 4\\u003C\\\/div\\u003E\\u003Cdiv class=\\&quot;n2r__list__item__feature n2r__list__item__feature--capacity\\&quot; title=\\&quot;8 pax\\&quot;\\u003E\\u003Ci class=\\&quot;n2r_people\\&quot;\\u003E\\u003C\\\/i\\u003E 8\\u003C\\\/div\\u003E\\u003C\\\/div\\u003E\\u003Cdiv\\u003E\\u003Cdiv class=\\&quot;n2r__list__item__price\\&quot;\\u003E\\u003Cspan class=\\&quot;n2r__list__item__price__from\\&quot;\\u003EDes de 4.950 \\u20ac \\u003Csmall class=\\&quot;n2r__list__item__price__from__type\\&quot;\\u003E\\\/  Setmana\\u003C\\\/small\\u003E\\u003C\\\/span\\u003E\\u003C\\\/div\\u003E\\u003C\\\/div\\u003E&quot;}},{&quot;id&quot;:&quot;4379&quot;,&quot;latitude&quot;:41.952316000000003,&quot;longitude&quot;:3.207122,&quot;link&quot;:&quot;https:\\\/\\\/www.domusbegur.com\\\/ca\\\/lloguer\\\/lloguer-casa-de-poble-begur-4379\\\/&quot;,&quot;infoWindow&quot;:{&quot;image&quot;:&quot;https:\\\/\\\/files.net2rent.com\\\/pfiles\\\/48\\\/4379\\\/579196-4I-o-m.jpg&quot;,&quot;title&quot;:&quot;Lloguer casa de poble amb piscina a Begur, Centre&quot;,&quot;description&quot;:&quot;\\u003Cdiv\\u003E\\u003Cdiv class=\\&quot;n2r__list__item__feature n2r__list__item__feature--rooms\\&quot; title=\\&quot;3 habitacions\\&quot;\\u003E\\u003Ci class=\\&quot;n2r_room\\&quot;\\u003E\\u003C\\\/i\\u003E 3\\u003C\\\/div\\u003E\\u003Cdiv class=\\&quot;n2r__list__item__feature n2r__list__item__feature--capacity\\&quot; title=\\&quot;6 pax\\&quot;\\u003E\\u003Ci class=\\&quot;n2r_people\\&quot;\\u003E\\u003C\\\/i\\u003E 6\\u003C\\\/div\\u003E\\u003C\\\/div\\u003E\\u003Cdiv\\u003E\\u003Cdiv class=\\&quot;n2r__list__item__price\\&quot;\\u003E\\u003Cspan class=\\&quot;n2r__list__item__price__from\\&quot;\\u003EDes de 1.600 \\u20ac \\u003Csmall class=\\&quot;n2r__list__item__price__from__type\\&quot;\\u003E\\\/  Setmana\\u003C\\\/small\\u003E\\u003C\\\/span\\u003E\\u003C\\\/div\\u003E\\u003C\\\/div\\u003E&quot;}},{&quot;id&quot;:&quot;25373&quot;,&quot;latitude&quot;:41.926907,&quot;longitude&quot;:3.2142620000000002,&quot;link&quot;:&quot;https:\\\/\\\/www.domusbegur.com\\\/ca\\\/lloguer\\\/lloguer-villa-begur-25373\\\/&quot;,&quot;infoWindow&quot;:{&quot;image&quot;:&quot;https:\\\/\\\/files.net2rent.com\\\/pfiles\\\/48\\\/25373\\\/570453-lQ-o-m.jpg&quot;,&quot;title&quot;:&quot;Lloguer exclusiva villa amb piscina a Begur, Aiguablava&quot;,&quot;description&quot;:&quot;\\u003Cdiv\\u003E\\u003Cdiv class=\\&quot;n2r__list__item__feature n2r__list__item__feature--rooms\\&quot; title=\\&quot;5 habitacions\\&quot;\\u003E\\u003Ci class=\\&quot;n2r_room\\&quot;\\u003E\\u003C\\\/i\\u003E 5\\u003C\\\/div\\u003E\\u003Cdiv class=\\&quot;n2r__list__item__feature n2r__list__item__feature--capacity\\&quot; title=\\&quot;12 pax\\&quot;\\u003E\\u003Ci class=\\&quot;n2r_people\\&quot;\\u003E\\u003C\\\/i\\u003E 12\\u003C\\\/div\\u003E\\u003C\\\/div\\u003E\\u003Cdiv\\u003E\\u003Cdiv class=\\&quot;n2r__list__item__price\\&quot;\\u003EConsultar\\u003C\\\/div\\u003E\\u003C\\\/div\\u003E&quot;}},{&quot;id&quot;:&quot;27453&quot;,&quot;latitude&quot;:41.970280000000002,&quot;longitude&quot;:3.2092510000000001,&quot;link&quot;:&quot;https:\\\/\\\/www.domusbegur.com\\\/ca\\\/lloguer\\\/lloguer-apartament-begur-27453\\\/&quot;,&quot;infoWindow&quot;:{&quot;image&quot;:&quot;https:\\\/\\\/files.net2rent.com\\\/pfiles\\\/48\\\/27453\\\/632782-qh-o-m.jpg&quot;,&quot;title&quot;:&quot;D\\u00faplex amb terrassa i vistes al mar a Sa Riera, Begur&quot;,&quot;description&quot;:&quot;\\u003Cdiv\\u003E\\u003Cdiv class=\\&quot;n2r__list__item__feature n2r__list__item__feature--rooms\\&quot; title=\\&quot;3 habitacions\\&quot;\\u003E\\u003Ci class=\\&quot;n2r_room\\&quot;\\u003E\\u003C\\\/i\\u003E 3\\u003C\\\/div\\u003E\\u003Cdiv class=\\&quot;n2r__list__item__feature n2r__list__item__feature--capacity\\&quot; title=\\&quot;6 pax\\&quot;\\u003E\\u003Ci class=\\&quot;n2r_people\\&quot;\\u003E\\u003C\\\/i\\u003E 6\\u003C\\\/div\\u003E\\u003C\\\/div\\u003E\\u003Cdiv\\u003E\\u003Cdiv class=\\&quot;n2r__list__item__price\\&quot;\\u003E\\u003Cspan class=\\&quot;n2r__list__item__price__from\\&quot;\\u003EDes de 1.490 \\u20ac \\u003Csmall class=\\&quot;n2r__list__item__price__from__type\\&quot;\\u003E\\\/  Setmana\\u003C\\\/small\\u003E\\u003C\\\/span\\u003E\\u003C\\\/div\\u003E\\u003C\\\/div\\u003E&quot;}},{&quot;id&quot;:&quot;27214&quot;,&quot;latitude&quot;:41.968403000000002,&quot;longitude&quot;:3.2086960000000002,&quot;link&quot;:&quot;https:\\\/\\\/www.domusbegur.com\\\/ca\\\/lloguer\\\/lloguer-apartament-begur-27214\\\/&quot;,&quot;infoWindow&quot;:{&quot;image&quot;:&quot;https:\\\/\\\/files.net2rent.com\\\/pfiles\\\/48\\\/27214\\\/631652-eH-o-m.jpg&quot;,&quot;title&quot;:&quot;Apartament d\\u00faplex de lloguer a Sa Riera, Begur, amb vistes al mar&quot;,&quot;description&quot;:&quot;\\u003Cdiv\\u003E\\u003Cdiv class=\\&quot;n2r__list__item__feature n2r__list__item__feature--rooms\\&quot; title=\\&quot;3 habitacions\\&quot;\\u003E\\u003Ci class=\\&quot;n2r_room\\&quot;\\u003E\\u003C\\\/i\\u003E 3\\u003C\\\/div\\u003E\\u003Cdiv class=\\&quot;n2r__list__item__feature n2r__list__item__feature--capacity\\&quot; title=\\&quot;6 pax\\&quot;\\u003E\\u003Ci class=\\&quot;n2r_people\\&quot;\\u003E\\u003C\\\/i\\u003E 6\\u003C\\\/div\\u003E\\u003C\\\/div\\u003E\\u003Cdiv\\u003E\\u003Cdiv class=\\&quot;n2r__list__item__price\\&quot;\\u003E\\u003Cspan class=\\&quot;n2r__list__item__price__from\\&quot;\\u003EDes de 1.475 \\u20ac \\u003Csmall class=\\&quot;n2r__list__item__price__from__type\\&quot;\\u003E\\\/  Setmana\\u003C\\\/small\\u003E\\u003C\\\/span\\u003E\\u003C\\\/div\\u003E\\u003C\\\/div\\u003E&quot;}},{&quot;id&quot;:&quot;27479&quot;,&quot;latitude&quot;:41.960456999999998,&quot;longitude&quot;:3.2268949999999998,&quot;link&quot;:&quot;https:\\\/\\\/www.domusbegur.com\\\/ca\\\/lloguer\\\/lloguer-apartament-begur-27479\\\/&quot;,&quot;infoWindow&quot;:{&quot;image&quot;:&quot;https:\\\/\\\/files.net2rent.com\\\/pfiles\\\/48\\\/27479\\\/634505-cB-o-m.jpg&quot;,&quot;title&quot;:&quot;Lloguer fant\\u00e0stic duplex amb vistes al mar a Begur, Sa Tuna&quot;,&quot;description&quot;:&quot;\\u003Cdiv\\u003E\\u003Cdiv class=\\&quot;n2r__list__item__feature n2r__list__item__feature--rooms\\&quot; title=\\&quot;4 habitacions\\&quot;\\u003E\\u003Ci class=\\&quot;n2r_room\\&quot;\\u003E\\u003C\\\/i\\u003E 4\\u003C\\\/div\\u003E\\u003Cdiv class=\\&quot;n2r__list__item__feature n2r__list__item__feature--capacity\\&quot; title=\\&quot;8 pax\\&quot;\\u003E\\u003Ci class=\\&quot;n2r_people\\&quot;\\u003E\\u003C\\\/i\\u003E 8\\u003C\\\/div\\u003E\\u003C\\\/div\\u003E\\u003Cdiv\\u003E\\u003Cdiv class=\\&quot;n2r__list__item__price\\&quot;\\u003E\\u003Cspan class=\\&quot;n2r__list__item__price__from\\&quot;\\u003EDes de 12.500 \\u20ac \\u003Csmall class=\\&quot;n2r__list__item__price__from__type\\&quot;\\u003E\\\/  mes\\u003C\\\/small\\u003E\\u003C\\\/span\\u003E\\u003C\\\/div\\u003E\\u003C\\\/div\\u003E&quot;}},{&quot;id&quot;:&quot;26981&quot;,&quot;latitude&quot;:41.952872999999997,&quot;longitude&quot;:3.2254230000000002,&quot;link&quot;:&quot;https:\\\/\\\/www.domusbegur.com\\\/ca\\\/lloguer\\\/lloguer-casa-adossada-begur-26981\\\/&quot;,&quot;infoWindow&quot;:{&quot;image&quot;:&quot;https:\\\/\\\/files.net2rent.com\\\/pfiles\\\/48\\\/26981\\\/617595-5C-o-m.jpg&quot;,&quot;title&quot;:&quot;Lloguer de casa adossada amb piscina a Begur, Sa Tuna&quot;,&quot;description&quot;:&quot;\\u003Cdiv\\u003E\\u003Cdiv class=\\&quot;n2r__list__item__feature n2r__list__item__feature--rooms\\&quot; title=\\&quot;4 habitacions\\&quot;\\u003E\\u003Ci class=\\&quot;n2r_room\\&quot;\\u003E\\u003C\\\/i\\u003E 4\\u003C\\\/div\\u003E\\u003Cdiv class=\\&quot;n2r__list__item__feature n2r__list__item__feature--capacity\\&quot; title=\\&quot;8 pax\\&quot;\\u003E\\u003Ci class=\\&quot;n2r_people\\&quot;\\u003E\\u003C\\\/i\\u003E 8\\u003C\\\/div\\u003E\\u003C\\\/div\\u003E\\u003Cdiv\\u003E\\u003Cdiv class=\\&quot;n2r__list__item__price\\&quot;\\u003E\\u003Cspan class=\\&quot;n2r__list__item__price__from\\&quot;\\u003EDes de 2.125 \\u20ac \\u003Csmall class=\\&quot;n2r__list__item__price__from__type\\&quot;\\u003E\\\/  Setmana\\u003C\\\/small\\u003E\\u003C\\\/span\\u003E\\u003C\\\/div\\u003E\\u003C\\\/div\\u003E&quot;}},{&quot;id&quot;:&quot;27238&quot;,&quot;latitude&quot;:41.970280000000002,&quot;longitude&quot;:3.2092510000000001,&quot;link&quot;:&quot;https:\\\/\\\/www.domusbegur.com\\\/ca\\\/lloguer\\\/lloguer-apartament-begur-27238\\\/&quot;,&quot;infoWindow&quot;:{&quot;image&quot;:&quot;https:\\\/\\\/files.net2rent.com\\\/pfiles\\\/48\\\/27238\\\/631725-Ej-o-m.jpg&quot;,&quot;title&quot;:&quot;Lloguer d\\u2019apartament d\\u00faplex a Sa Riera, Begur&quot;,&quot;description&quot;:&quot;\\u003Cdiv\\u003E\\u003Cdiv class=\\&quot;n2r__list__item__feature n2r__list__item__feature--rooms\\&quot; title=\\&quot;3 habitacions\\&quot;\\u003E\\u003Ci class=\\&quot;n2r_room\\&quot;\\u003E\\u003C\\\/i\\u003E 3\\u003C\\\/div\\u003E\\u003Cdiv class=\\&quot;n2r__list__item__feature n2r__list__item__feature--capacity\\&quot; title=\\&quot;6 pax\\&quot;\\u003E\\u003Ci class=\\&quot;n2r_people\\&quot;\\u003E\\u003C\\\/i\\u003E 6\\u003C\\\/div\\u003E\\u003C\\\/div\\u003E\\u003Cdiv\\u003E\\u003Cdiv class=\\&quot;n2r__list__item__price\\&quot;\\u003E\\u003Cspan class=\\&quot;n2r__list__item__price__from\\&quot;\\u003EDes de 1.550 \\u20ac \\u003Csmall class=\\&quot;n2r__list__item__price__from__type\\&quot;\\u003E\\\/  Setmana\\u003C\\\/small\\u003E\\u003C\\\/span\\u003E\\u003C\\\/div\\u003E\\u003C\\\/div\\u003E&quot;}},{&quot;id&quot;:&quot;27239&quot;,&quot;latitude&quot;:41.970042999999997,&quot;longitude&quot;:3.2091639999999999,&quot;link&quot;:&quot;https:\\\/\\\/www.domusbegur.com\\\/ca\\\/lloguer\\\/lloguer-apartament-begur-27239\\\/&quot;,&quot;infoWindow&quot;:{&quot;image&quot;:&quot;https:\\\/\\\/files.net2rent.com\\\/pfiles\\\/48\\\/27239\\\/632537-i1-o-m.jpg&quot;,&quot;title&quot;:&quot;Lloguer apartament a Sa Riera, d\\u00faplex amb vistes al mar&quot;,&quot;description&quot;:&quot;\\u003Cdiv\\u003E\\u003Cdiv class=\\&quot;n2r__list__item__feature n2r__list__item__feature--rooms\\&quot; title=\\&quot;3 habitacions\\&quot;\\u003E\\u003Ci class=\\&quot;n2r_room\\&quot;\\u003E\\u003C\\\/i\\u003E 3\\u003C\\\/div\\u003E\\u003Cdiv class=\\&quot;n2r__list__item__feature n2r__list__item__feature--capacity\\&quot; title=\\&quot;6 pax\\&quot;\\u003E\\u003Ci class=\\&quot;n2r_people\\&quot;\\u003E\\u003C\\\/i\\u003E 6\\u003C\\\/div\\u003E\\u003C\\\/div\\u003E\\u003Cdiv\\u003E\\u003Cdiv class=\\&quot;n2r__list__item__price\\&quot;\\u003E\\u003Cspan class=\\&quot;n2r__list__item__price__from\\&quot;\\u003EDes de 1.500 \\u20ac \\u003Csmall class=\\&quot;n2r__list__item__price__from__type\\&quot;\\u003E\\\/  Setmana\\u003C\\\/small\\u003E\\u003C\\\/span\\u003E\\u003C\\\/div\\u003E\\u003C\\\/div\\u003E&quot;}},{&quot;id&quot;:&quot;27240&quot;,&quot;latitude&quot;:41.970042999999997,&quot;longitude&quot;:3.2091639999999999,&quot;link&quot;:&quot;https:\\\/\\\/www.domusbegur.com\\\/ca\\\/lloguer\\\/lloguer-apartament-begur-27240\\\/&quot;,&quot;infoWindow&quot;:{&quot;image&quot;:&quot;https:\\\/\\\/files.net2rent.com\\\/pfiles\\\/48\\\/27240\\\/632493-zo-o-m.jpg&quot;,&quot;title&quot;:&quot;Lloguer apartament a Sa Riera, d\\u00faplex amb vistes al mar&quot;,&quot;description&quot;:&quot;\\u003Cdiv\\u003E\\u003Cdiv class=\\&quot;n2r__list__item__feature n2r__list__item__feature--rooms\\&quot; title=\\&quot;3 habitacions\\&quot;\\u003E\\u003Ci class=\\&quot;n2r_room\\&quot;\\u003E\\u003C\\\/i\\u003E 3\\u003C\\\/div\\u003E\\u003Cdiv class=\\&quot;n2r__list__item__feature n2r__list__item__feature--capacity\\&quot; title=\\&quot;6 pax\\&quot;\\u003E\\u003Ci class=\\&quot;n2r_people\\&quot;\\u003E\\u003C\\\/i\\u003E 6\\u003C\\\/div\\u003E\\u003C\\\/div\\u003E\\u003Cdiv\\u003E\\u003Cdiv class=\\&quot;n2r__list__item__price\\&quot;\\u003E\\u003Cspan class=\\&quot;n2r__list__item__price__from\\&quot;\\u003EDes de 1.500 \\u20ac \\u003Csmall class=\\&quot;n2r__list__item__price__from__type\\&quot;\\u003E\\\/  Setmana\\u003C\\\/small\\u003E\\u003C\\\/span\\u003E\\u003C\\\/div\\u003E\\u003C\\\/div\\u003E&quot;}},{&quot;id&quot;:&quot;27246&quot;,&quot;latitude&quot;:41.918278000000001,&quot;longitude&quot;:3.205254,&quot;link&quot;:&quot;https:\\\/\\\/www.domusbegur.com\\\/ca\\\/lloguer\\\/lloguer-apartament-tamariu-27246\\\/&quot;,&quot;infoWindow&quot;:{&quot;image&quot;:&quot;https:\\\/\\\/files.net2rent.com\\\/pfiles\\\/48\\\/27246\\\/624391-gG-o-m.jpg&quot;,&quot;title&quot;:&quot;Lloguer apartament a Tamariu, a 2 minuts de la platja&quot;,&quot;description&quot;:&quot;\\u003Cdiv\\u003E\\u003Cdiv class=\\&quot;n2r__list__item__feature n2r__list__item__feature--rooms\\&quot; title=\\&quot;1 habitacions\\&quot;\\u003E\\u003Ci class=\\&quot;n2r_room\\&quot;\\u003E\\u003C\\\/i\\u003E 1\\u003C\\\/div\\u003E\\u003Cdiv class=\\&quot;n2r__list__item__feature n2r__list__item__feature--capacity\\&quot; title=\\&quot;4 pax\\&quot;\\u003E\\u003Ci class=\\&quot;n2r_people\\&quot;\\u003E\\u003C\\\/i\\u003E 4\\u003C\\\/div\\u003E\\u003C\\\/div\\u003E\\u003Cdiv\\u003E\\u003Cdiv class=\\&quot;n2r__list__item__price\\&quot;\\u003E\\u003Cspan class=\\&quot;n2r__list__item__price__from\\&quot;\\u003EDes de 1.150 \\u20ac \\u003Csmall class=\\&quot;n2r__list__item__price__from__type\\&quot;\\u003E\\\/  Setmana\\u003C\\\/small\\u003E\\u003C\\\/span\\u003E\\u003C\\\/div\\u003E\\u003C\\\/div\\u003E&quot;}}]\" ><\/div>\n  <\/div>\n\n<\/div>  <\/div>\n  <div class=\"n2r__pagination\">\n  <div class=\"n2r__pagination__summary\">\n    149 Articles    -\n    P\u00e0gina 1 de 13  <\/div>\n  <div class=\"separator\"><\/div>\n      <div class=\"n2r__pagination__links\">\n      <a href=\"https:\/\/www.domusbegur.com\/ca\/lloguer-apartaments-begur\/\" class=\"active\" data-page=\"1\">1<\/a><a href=\"https:\/\/www.domusbegur.com\/ca\/lloguer-apartaments-begur\/pg-2\/\" class=\"\" data-page=\"2\">2<\/a><span>...<\/span><a href=\"https:\/\/www.domusbegur.com\/ca\/lloguer-apartaments-begur\/pg-13\/\" class=\"\" data-page=\"13\">13<\/a>        <a href=\"https:\/\/www.domusbegur.com\/ca\/lloguer-apartaments-begur\/pg-2\/\" data-page=\"2\" class=\"n2r__pagination__links__icon\">&rsaquo;<\/a>\n        <a href=\"https:\/\/www.domusbegur.com\/ca\/lloguer-apartaments-begur\/pg-13\/\" data-page=\"13\" class=\"n2r__pagination__links__icon\">&raquo;<\/a>\n          <\/div>\n      <div class=\"n2r__pagination__itemsperpage\">\n      <form method=\"GET\" action=\"\">\n                <label for=\"items_per_page\">Per p\u00e0gina<\/label>\n        <select class=\"n2r__select\" id=\"items_per_page\" name=\"items\" onchange=\"this.form.submit()\">\n          <option value=\"12\"  selected='selected'>12<\/option><option value=\"24\" >24<\/option><option value=\"48\" >48<\/option>        <\/select>\n      <\/form>\n    <\/div>\n  <\/div><\/div><\/div>\n\t\t\t\t\t\t<\/div>\n\t\t\t\t\t<\/div>\n\t\t<\/div>\n\t\t\t\t\t<\/div>\n\t\t<\/section>\n\t\t\t\t<section class=\"elementor-section elementor-top-section elementor-element elementor-element-c5b40ef dc-has-condition dc-condition-not_empty texto-pie elementor-section-boxed elementor-section-height-default elementor-section-height-default\" data-id=\"c5b40ef\" data-element_type=\"section\" data-e-type=\"section\" data-settings=\"{&quot;background_background&quot;:&quot;gradient&quot;}\">\n\t\t\t\t\t\t<div class=\"elementor-container elementor-column-gap-default\">\n\t\t\t\t\t<div class=\"elementor-column elementor-col-100 elementor-top-column elementor-element elementor-element-d567d32\" data-id=\"d567d32\" data-element_type=\"column\" data-e-type=\"column\">\n\t\t\t<div class=\"elementor-widget-wrap elementor-element-populated\">\n\t\t\t\t\t\t<div class=\"elementor-element elementor-element-8d4ed18 elementor-widget elementor-widget-heading\" data-id=\"8d4ed18\" data-element_type=\"widget\" data-e-type=\"widget\" data-widget_type=\"heading.default\">\n\t\t\t\t\t<h2 class=\"elementor-heading-title elementor-size-default\">Begur, una meravella de la Costa Brava<\/h2>\t\t\t\t<\/div>\n\t\t\t\t<div class=\"elementor-element elementor-element-5f0c35e elementor-widget elementor-widget-text-editor\" data-id=\"5f0c35e\" data-element_type=\"widget\" data-e-type=\"widget\" data-widget_type=\"text-editor.default\">\n\t\t\t\t\t\t\t\t\t<p>L\u2019atmosfera que envolta aquesta singular localitat mediterr\u00e0nia \u00e9s incomparable. Els encants de Begur s\u00f3n visibles en les seves m\u00e9s diverses facetes: es tracta d\u2019un <b>poble hist\u00f2ric<\/b> amb reminisc\u00e8ncies cubanes ubicat en un <b>entorn natural salvatge<\/b> impressionant on no falten vegetaci\u00f3, muntanyes, platges i cales. El <a href=\"https:\/\/www.domusbegur.com\/ca\/venda-cases-apartaments-begur-costa-brava\/\">lloguer i venda de cases a Begur<\/a> ha augmentat progressivament any rere any a causa dels viatgers que busquen gaudir dels incre\u00efbles encants de la zona d\u2019entre els quals destaca un esdeveniment que t\u00e9 lloc cada mes de setembre, la <b>Fira d\u2019Indians<\/b>. Es tracta d\u2019una festa local que celebra el retorn de la poblaci\u00f3 emigrada a Cuba al S.XIX. Amb la seva tornada, aquests emigrants van portar un gust arquitect\u00f2nic pintoresc al qual hi van sumar nombroses riqueses. Tot plegat, va dotar al poble del peculiar aspecte que encara conserva actualment.<\/p>\n<p>Els apartaments de lloguer a Begur s\u00f3n tamb\u00e9 utilitzats per visitants espor\u00e0dics de m\u00faltiples racons del m\u00f3n que, a banda de les ja mencionades riqueses, valoren tamb\u00e9 la reconeguda gastronomia de la zona. Les mat\u00e8ries primeres utilitzades en l\u2019elaboraci\u00f3 de les receptes tradicionals de la Costa Brava s\u00f3n de primer nivell, tant pel que fa als aliments cultivats a la terra com en el cas del bestiar o dels peixos de riu i mar.<\/p>\n<p>Per tots aquests motius, a la nostra immobili\u00e0ria ens esforcem di\u00e0riament per oferir a tots els nostres clients els millors apartaments de lloguer a Begur. Consulta la llista anterior i vine a viure una experi\u00e8ncia inoblidable a les nostres terres!<\/p>\n\t\t\t\t\t\t\t\t<\/div>\n\t\t\t\t<div class=\"elementor-element elementor-element-071740f elementor-widget elementor-widget-heading\" data-id=\"071740f\" data-element_type=\"widget\" data-e-type=\"widget\" data-widget_type=\"heading.default\">\n\t\t\t\t\t<h3 class=\"elementor-heading-title elementor-size-default\">Lloga un apartament amb nosaltres <\/h3>\t\t\t\t<\/div>\n\t\t\t\t<div class=\"elementor-element elementor-element-9c2765f elementor-widget elementor-widget-text-editor\" data-id=\"9c2765f\" data-element_type=\"widget\" data-e-type=\"widget\" data-widget_type=\"text-editor.default\">\n\t\t\t\t\t\t\t\t\t<p>A Domus Begur estem a la teva disposici\u00f3 per resoldre qualsevol dubte que et sorgeixi. Durant els <b>m\u00e9s de 25 anys<\/b> que portem gestionant vendes i <a href=\"https:\/\/www.domusbegur.com\/ca\/lloguer-apartaments-cases-vacances-begur-costa-brava\/\">lloguers d\u2019apartaments i cases a la Costa Brava<\/a>, hem apr\u00e8s a tractar els nostres clients com si de nosaltres mateixos es tract\u00e9s, anteposant la seva felicitat a qualsevol altra cosa. Veure\u2019ls gaudir ens alegra el dia aix\u00ed que estarem encantats d\u2019ajudar-te a passar <b>les millors vacances de la teva vida<\/b>.<\/p>\n\t\t\t\t\t\t\t\t<\/div>\n\t\t\t\t\t<\/div>\n\t\t<\/div>\n\t\t\t\t\t<\/div>\n\t\t<\/section>\n\t\t\t\t<section class=\"elementor-section elementor-top-section elementor-element elementor-element-42f72b5 elementor-section-boxed elementor-section-height-default elementor-section-height-default elementor-invisible\" data-id=\"42f72b5\" data-element_type=\"section\" data-e-type=\"section\" data-settings=\"{&quot;animation&quot;:&quot;fadeIn&quot;}\">\n\t\t\t\t\t\t<div class=\"elementor-container elementor-column-gap-default\">\n\t\t\t\t\t<div class=\"elementor-column elementor-col-100 elementor-top-column elementor-element elementor-element-6d2075c\" data-id=\"6d2075c\" data-element_type=\"column\" data-e-type=\"column\">\n\t\t\t<div class=\"elementor-widget-wrap elementor-element-populated\">\n\t\t\t\t\t\t<div class=\"elementor-element elementor-element-95587f8 elementor-widget elementor-widget-heading\" data-id=\"95587f8\" data-element_type=\"widget\" data-e-type=\"widget\" data-widget_type=\"heading.default\">\n\t\t\t\t\t<h3 class=\"elementor-heading-title elementor-size-default\">El Temps a Begur<\/h3>\t\t\t\t<\/div>\n\t\t\t\t<div class=\"elementor-element elementor-element-0d70e2d elementor-widget elementor-widget-html\" data-id=\"0d70e2d\" data-element_type=\"widget\" data-e-type=\"widget\" data-widget_type=\"html.default\">\n\t\t\t\t\t<a class=\"weatherwidget-io\" href=\"https:\/\/forecast7.com\/es\/41d953d20\/begur\/\" data-label_1=\"BEGUR\" data-label_2=\"CATALU\u00d1A\" data-theme=\"original\" data-basecolor=\"#003e8f\" >BEGUR CATALU\u00d1A<\/a>\r\n<script>\r\n!function(d,s,id){var js,fjs=d.getElementsByTagName(s)[0];if(!d.getElementById(id)){js=d.createElement(s);js.id=id;js.src='https:\/\/weatherwidget.io\/js\/widget.min.js';fjs.parentNode.insertBefore(js,fjs);}}(document,'script','weatherwidget-io-js');\r\n<\/script>\t\t\t\t<\/div>\n\t\t\t\t\t<\/div>\n\t\t<\/div>\n\t\t\t\t\t<\/div>\n\t\t<\/section>\n\t\t\t\t<\/div>\n\t\t","protected":false},"excerpt":{"rendered":"<p>Lloguer d\u2019apartaments a Begur Gaudeix d&#8217;una de les millors destinacions de la Costa Brava llogant un dels apartaments a Begur que trobar\u00e0s a continuaci\u00f3. Les paradis\u00edaques cales de Sa Riera i Aiguafreda, les platges de Pals i Aiguablava o els espectaculars Camins de Ronda s\u00f3n nom\u00e9s alguns dels incre\u00efbles atractius que trobar\u00e0s en aquest entorn [&hellip;]<\/p>\n","protected":false},"author":4,"featured_media":1584,"parent":0,"menu_order":0,"comment_status":"closed","ping_status":"closed","template":"","meta":{"footnotes":""},"class_list":["post-3352","page","type-page","status-publish","has-post-thumbnail","hentry"],"yoast_head":"<!-- This site is optimized with the Yoast SEO plugin v27.4 - https:\/\/yoast.com\/product\/yoast-seo-wordpress\/ -->\n<title>Lloguer d\u2019apartaments a Begur - Domus Begur - Servicios Inmobiliarios<\/title>\n<meta name=\"description\" content=\"Si est\u00e0s buscant un apartament a Begur de lloguer per viure els incre\u00efbles avantatges de la Costa Brava, consulta el cat\u00e0leg de la nostra Web Oficial.\" \/>\n<meta name=\"robots\" content=\"index, follow, max-snippet:-1, max-image-preview:large, max-video-preview:-1\" \/>\n<link rel=\"canonical\" href=\"https:\/\/www.domusbegur.com\/ca\/lloguer-apartaments-begur\/\" \/>\n<meta property=\"og:locale\" content=\"ca_ES\" \/>\n<meta property=\"og:type\" content=\"article\" \/>\n<meta property=\"og:title\" content=\"Lloguer d\u2019apartaments a Begur - Domus Begur - Servicios Inmobiliarios\" \/>\n<meta property=\"og:description\" content=\"Si est\u00e0s buscant un apartament a Begur de lloguer per viure els incre\u00efbles avantatges de la Costa Brava, consulta el cat\u00e0leg de la nostra Web Oficial.\" \/>\n<meta property=\"og:url\" content=\"https:\/\/www.domusbegur.com\/ca\/lloguer-apartaments-begur\/\" \/>\n<meta property=\"og:site_name\" content=\"Domus Begur - Servicios Inmobiliarios\" \/>\n<meta property=\"article:modified_time\" content=\"2021-11-17T10:47:40+00:00\" \/>\n<meta property=\"og:image\" content=\"https:\/\/www.domusbegur.com\/wp-content\/uploads\/2019\/04\/destacada_generica03.jpg\" \/>\n\t<meta property=\"og:image:width\" content=\"1280\" \/>\n\t<meta property=\"og:image:height\" content=\"720\" \/>\n\t<meta property=\"og:image:type\" content=\"image\/jpeg\" \/>\n<meta name=\"twitter:card\" content=\"summary_large_image\" \/>\n<meta name=\"twitter:label1\" content=\"Temps estimat de lectura\" \/>\n\t<meta name=\"twitter:data1\" content=\"3 minuts\" \/>\n<script type=\"application\/ld+json\" class=\"yoast-schema-graph\">{\"@context\":\"https:\\\/\\\/schema.org\",\"@graph\":[{\"@type\":\"WebPage\",\"@id\":\"https:\\\/\\\/www.domusbegur.com\\\/ca\\\/lloguer-apartaments-begur\\\/\",\"url\":\"https:\\\/\\\/www.domusbegur.com\\\/ca\\\/lloguer-apartaments-begur\\\/\",\"name\":\"Lloguer d\u2019apartaments a Begur - Domus Begur - Servicios Inmobiliarios\",\"isPartOf\":{\"@id\":\"https:\\\/\\\/www.domusbegur.com\\\/ca\\\/#website\"},\"primaryImageOfPage\":{\"@id\":\"https:\\\/\\\/www.domusbegur.com\\\/ca\\\/lloguer-apartaments-begur\\\/#primaryimage\"},\"image\":{\"@id\":\"https:\\\/\\\/www.domusbegur.com\\\/ca\\\/lloguer-apartaments-begur\\\/#primaryimage\"},\"thumbnailUrl\":\"https:\\\/\\\/www.domusbegur.com\\\/wp-content\\\/uploads\\\/2019\\\/04\\\/destacada_generica03.jpg\",\"datePublished\":\"2019-09-27T11:29:24+00:00\",\"dateModified\":\"2021-11-17T10:47:40+00:00\",\"description\":\"Si est\u00e0s buscant un apartament a Begur de lloguer per viure els incre\u00efbles avantatges de la Costa Brava, consulta el cat\u00e0leg de la nostra Web Oficial.\",\"breadcrumb\":{\"@id\":\"https:\\\/\\\/www.domusbegur.com\\\/ca\\\/lloguer-apartaments-begur\\\/#breadcrumb\"},\"inLanguage\":\"ca\",\"potentialAction\":[{\"@type\":\"ReadAction\",\"target\":[\"https:\\\/\\\/www.domusbegur.com\\\/ca\\\/lloguer-apartaments-begur\\\/\"]}]},{\"@type\":\"BreadcrumbList\",\"@id\":\"https:\\\/\\\/www.domusbegur.com\\\/ca\\\/lloguer-apartaments-begur\\\/#breadcrumb\",\"itemListElement\":[{\"@type\":\"ListItem\",\"position\":1,\"name\":\"Inicio\",\"item\":\"https:\\\/\\\/www.domusbegur.com\\\/ca\\\/\"},{\"@type\":\"ListItem\",\"position\":2,\"name\":\"Lloguer d\u2019apartaments a Begur\"}]},{\"@type\":\"WebSite\",\"@id\":\"https:\\\/\\\/www.domusbegur.com\\\/ca\\\/#website\",\"url\":\"https:\\\/\\\/www.domusbegur.com\\\/ca\\\/\",\"name\":\"Domus Begur - Servicios Inmobiliarios\",\"description\":\"La mejor selecci\u00f3n de casas y apartamentos en la Costa Brava\",\"publisher\":{\"@id\":\"https:\\\/\\\/www.domusbegur.com\\\/ca\\\/#organization\"},\"potentialAction\":[{\"@type\":\"SearchAction\",\"target\":{\"@type\":\"EntryPoint\",\"urlTemplate\":\"https:\\\/\\\/www.domusbegur.com\\\/rental-results\\\/?search_text={search_term_string}\"},\"query-input\":{\"@type\":\"PropertyValueSpecification\",\"valueRequired\":true,\"valueName\":\"search_term_string\"}}],\"inLanguage\":\"ca\"},{\"@type\":\"Organization\",\"@id\":\"https:\\\/\\\/www.domusbegur.com\\\/ca\\\/#organization\",\"name\":\"Domus Begur - Serveis Immobiliaris\",\"url\":\"https:\\\/\\\/www.domusbegur.com\\\/ca\\\/\",\"logo\":{\"@type\":\"ImageObject\",\"inLanguage\":\"ca\",\"@id\":\"https:\\\/\\\/www.domusbegur.com\\\/ca\\\/#\\\/schema\\\/logo\\\/image\\\/\",\"url\":\"https:\\\/\\\/www.domusbegur.com\\\/wp-content\\\/uploads\\\/2020\\\/02\\\/Logo_domus.png\",\"contentUrl\":\"https:\\\/\\\/www.domusbegur.com\\\/wp-content\\\/uploads\\\/2020\\\/02\\\/Logo_domus.png\",\"width\":166,\"height\":173,\"caption\":\"Domus Begur - Serveis Immobiliaris\"},\"image\":{\"@id\":\"https:\\\/\\\/www.domusbegur.com\\\/ca\\\/#\\\/schema\\\/logo\\\/image\\\/\"}}]}<\/script>\n<!-- \/ Yoast SEO plugin. -->","yoast_head_json":{"title":"Lloguer d\u2019apartaments a Begur - Domus Begur - Servicios Inmobiliarios","description":"Si est\u00e0s buscant un apartament a Begur de lloguer per viure els incre\u00efbles avantatges de la Costa Brava, consulta el cat\u00e0leg de la nostra Web Oficial.","robots":{"index":"index","follow":"follow","max-snippet":"max-snippet:-1","max-image-preview":"max-image-preview:large","max-video-preview":"max-video-preview:-1"},"canonical":"https:\/\/www.domusbegur.com\/ca\/lloguer-apartaments-begur\/","og_locale":"ca_ES","og_type":"article","og_title":"Lloguer d\u2019apartaments a Begur - Domus Begur - Servicios Inmobiliarios","og_description":"Si est\u00e0s buscant un apartament a Begur de lloguer per viure els incre\u00efbles avantatges de la Costa Brava, consulta el cat\u00e0leg de la nostra Web Oficial.","og_url":"https:\/\/www.domusbegur.com\/ca\/lloguer-apartaments-begur\/","og_site_name":"Domus Begur - Servicios Inmobiliarios","article_modified_time":"2021-11-17T10:47:40+00:00","og_image":[{"width":1280,"height":720,"url":"https:\/\/www.domusbegur.com\/wp-content\/uploads\/2019\/04\/destacada_generica03.jpg","type":"image\/jpeg"}],"twitter_card":"summary_large_image","twitter_misc":{"Temps estimat de lectura":"3 minuts"},"schema":{"@context":"https:\/\/schema.org","@graph":[{"@type":"WebPage","@id":"https:\/\/www.domusbegur.com\/ca\/lloguer-apartaments-begur\/","url":"https:\/\/www.domusbegur.com\/ca\/lloguer-apartaments-begur\/","name":"Lloguer d\u2019apartaments a Begur - Domus Begur - Servicios Inmobiliarios","isPartOf":{"@id":"https:\/\/www.domusbegur.com\/ca\/#website"},"primaryImageOfPage":{"@id":"https:\/\/www.domusbegur.com\/ca\/lloguer-apartaments-begur\/#primaryimage"},"image":{"@id":"https:\/\/www.domusbegur.com\/ca\/lloguer-apartaments-begur\/#primaryimage"},"thumbnailUrl":"https:\/\/www.domusbegur.com\/wp-content\/uploads\/2019\/04\/destacada_generica03.jpg","datePublished":"2019-09-27T11:29:24+00:00","dateModified":"2021-11-17T10:47:40+00:00","description":"Si est\u00e0s buscant un apartament a Begur de lloguer per viure els incre\u00efbles avantatges de la Costa Brava, consulta el cat\u00e0leg de la nostra Web Oficial.","breadcrumb":{"@id":"https:\/\/www.domusbegur.com\/ca\/lloguer-apartaments-begur\/#breadcrumb"},"inLanguage":"ca","potentialAction":[{"@type":"ReadAction","target":["https:\/\/www.domusbegur.com\/ca\/lloguer-apartaments-begur\/"]}]},{"@type":"BreadcrumbList","@id":"https:\/\/www.domusbegur.com\/ca\/lloguer-apartaments-begur\/#breadcrumb","itemListElement":[{"@type":"ListItem","position":1,"name":"Inicio","item":"https:\/\/www.domusbegur.com\/ca\/"},{"@type":"ListItem","position":2,"name":"Lloguer d\u2019apartaments a Begur"}]},{"@type":"WebSite","@id":"https:\/\/www.domusbegur.com\/ca\/#website","url":"https:\/\/www.domusbegur.com\/ca\/","name":"Domus Begur - Servicios Inmobiliarios","description":"La mejor selecci\u00f3n de casas y apartamentos en la Costa Brava","publisher":{"@id":"https:\/\/www.domusbegur.com\/ca\/#organization"},"potentialAction":[{"@type":"SearchAction","target":{"@type":"EntryPoint","urlTemplate":"https:\/\/www.domusbegur.com\/rental-results\/?search_text={search_term_string}"},"query-input":{"@type":"PropertyValueSpecification","valueRequired":true,"valueName":"search_term_string"}}],"inLanguage":"ca"},{"@type":"Organization","@id":"https:\/\/www.domusbegur.com\/ca\/#organization","name":"Domus Begur - Serveis Immobiliaris","url":"https:\/\/www.domusbegur.com\/ca\/","logo":{"@type":"ImageObject","inLanguage":"ca","@id":"https:\/\/www.domusbegur.com\/ca\/#\/schema\/logo\/image\/","url":"https:\/\/www.domusbegur.com\/wp-content\/uploads\/2020\/02\/Logo_domus.png","contentUrl":"https:\/\/www.domusbegur.com\/wp-content\/uploads\/2020\/02\/Logo_domus.png","width":166,"height":173,"caption":"Domus Begur - Serveis Immobiliaris"},"image":{"@id":"https:\/\/www.domusbegur.com\/ca\/#\/schema\/logo\/image\/"}}]}},"_links":{"self":[{"href":"https:\/\/www.domusbegur.com\/ca\/wp-json\/wp\/v2\/pages\/3352","targetHints":{"allow":["GET"]}}],"collection":[{"href":"https:\/\/www.domusbegur.com\/ca\/wp-json\/wp\/v2\/pages"}],"about":[{"href":"https:\/\/www.domusbegur.com\/ca\/wp-json\/wp\/v2\/types\/page"}],"author":[{"embeddable":true,"href":"https:\/\/www.domusbegur.com\/ca\/wp-json\/wp\/v2\/users\/4"}],"replies":[{"embeddable":true,"href":"https:\/\/www.domusbegur.com\/ca\/wp-json\/wp\/v2\/comments?post=3352"}],"version-history":[{"count":2,"href":"https:\/\/www.domusbegur.com\/ca\/wp-json\/wp\/v2\/pages\/3352\/revisions"}],"predecessor-version":[{"id":7211,"href":"https:\/\/www.domusbegur.com\/ca\/wp-json\/wp\/v2\/pages\/3352\/revisions\/7211"}],"wp:featuredmedia":[{"embeddable":true,"href":"https:\/\/www.domusbegur.com\/ca\/wp-json\/wp\/v2\/media\/1584"}],"wp:attachment":[{"href":"https:\/\/www.domusbegur.com\/ca\/wp-json\/wp\/v2\/media?parent=3352"}],"curies":[{"name":"wp","href":"https:\/\/api.w.org\/{rel}","templated":true}]}}