{"id":5818,"date":"2020-04-21T16:32:03","date_gmt":"2020-04-21T14:32:03","guid":{"rendered":"http:\/\/booking.net2rent.com\/domusbegur2\/?page_id=5818"},"modified":"2024-05-29T17:00:40","modified_gmt":"2024-05-29T15:00:40","slug":"en-venda","status":"publish","type":"page","link":"https:\/\/www.domusbegur.com\/ca\/en-venda\/","title":{"rendered":"Immoble de venda detalladament"},"content":{"rendered":"\t\t<div data-elementor-type=\"wp-post\" data-elementor-id=\"5818\" class=\"elementor elementor-5818 elementor-5817\" data-elementor-post-type=\"page\">\n\t\t\t\t\t\t<section class=\"elementor-section elementor-top-section elementor-element elementor-element-5fe7f8b elementor-section-height-min-height elementor-section-stretched positionHeader elementor-section-boxed elementor-section-height-default elementor-section-items-middle elementor-invisible\" data-id=\"5fe7f8b\" data-element_type=\"section\" data-e-type=\"section\" data-settings=\"{&quot;background_background&quot;:&quot;classic&quot;,&quot;stretch_section&quot;:&quot;section-stretched&quot;,&quot;animation&quot;:&quot;fadeIn&quot;}\">\n\t\t\t\t\t\t<div class=\"elementor-container elementor-column-gap-default\">\n\t\t\t\t\t<div class=\"elementor-column elementor-col-100 elementor-top-column elementor-element elementor-element-1b7223c\" data-id=\"1b7223c\" data-element_type=\"column\" data-e-type=\"column\" data-settings=\"{&quot;background_background&quot;:&quot;classic&quot;}\">\n\t\t\t<div class=\"elementor-widget-wrap\">\n\t\t\t\t\t\t\t<\/div>\n\t\t<\/div>\n\t\t\t\t\t<\/div>\n\t\t<\/section>\n\t\t\t\t<section class=\"elementor-section elementor-top-section elementor-element elementor-element-6132ef4 elementor-section-boxed elementor-section-height-default elementor-section-height-default\" data-id=\"6132ef4\" data-element_type=\"section\" data-e-type=\"section\" data-settings=\"{&quot;background_background&quot;:&quot;classic&quot;}\">\n\t\t\t\t\t\t<div class=\"elementor-container elementor-column-gap-default\">\n\t\t\t\t\t<div class=\"elementor-column elementor-col-100 elementor-top-column elementor-element elementor-element-50cc652\" data-id=\"50cc652\" data-element_type=\"column\" data-e-type=\"column\">\n\t\t\t<div class=\"elementor-widget-wrap elementor-element-populated\">\n\t\t\t\t\t\t<div class=\"elementor-element elementor-element-dcf8a41 elementor-widget elementor-widget-breadcrumbs\" data-id=\"dcf8a41\" data-element_type=\"widget\" data-e-type=\"widget\" data-widget_type=\"breadcrumbs.default\">\n\t\t\t\t\t<p id=\"breadcrumbs\"><span><span><a href=\"https:\/\/www.domusbegur.com\/ca\/\">Inicio<\/a><\/span><\/span><\/p>\t\t\t\t<\/div>\n\t\t\t\t\t<\/div>\n\t\t<\/div>\n\t\t\t\t\t<\/div>\n\t\t<\/section>\n\t\t\t\t<section class=\"elementor-section elementor-top-section elementor-element elementor-element-1a11e1d search-container elementor-section-boxed elementor-section-height-default elementor-section-height-default elementor-invisible\" data-id=\"1a11e1d\" data-element_type=\"section\" data-e-type=\"section\" data-settings=\"{&quot;background_background&quot;:&quot;classic&quot;,&quot;sticky&quot;:&quot;top&quot;,&quot;sticky_on&quot;:[],&quot;animation&quot;:&quot;fadeIn&quot;,&quot;sticky_offset&quot;:0,&quot;sticky_effects_offset&quot;:0,&quot;sticky_anchor_link_offset&quot;:0}\">\n\t\t\t\t\t\t<div class=\"elementor-container elementor-column-gap-default\">\n\t\t\t\t\t<div class=\"elementor-column elementor-col-100 elementor-top-column elementor-element elementor-element-05993a9 col-interior\" data-id=\"05993a9\" data-element_type=\"column\" data-e-type=\"column\" data-settings=\"{&quot;background_background&quot;:&quot;classic&quot;}\">\n\t\t\t<div class=\"elementor-widget-wrap elementor-element-populated\">\n\t\t\t\t\t\t<div class=\"elementor-element elementor-element-f874155 elementor-widget elementor-widget-menu-anchor\" data-id=\"f874155\" data-element_type=\"widget\" data-e-type=\"widget\" data-widget_type=\"menu-anchor.default\">\n\t\t\t\t\t\t\t<div class=\"elementor-menu-anchor\" id=\"searcher\"><\/div>\n\t\t\t\t\t\t<\/div>\n\t\t\t\t<div class=\"elementor-element elementor-element-c7b44ab elementor-widget elementor-widget-shortcode\" data-id=\"c7b44ab\" data-element_type=\"widget\" data-e-type=\"widget\" data-widget_type=\"shortcode.default\">\n\t\t\t\t\t\t\t<div class=\"elementor-shortcode\"><div class=\"n2r__search  \" data-n2r-searchsession-url=\"https:\/\/www.domusbegur.com\/wp-json\/n2r\/v1\/searchsession\" data-n2r-nosession=\"true\">\n    <div class=\"n2r__search__container n2r__tabs__content\">\n    \n<div class=\"n2r__tabs__content__item n2r__search__container__sale active\" >\n  <form name=\"n2r__search\" method=\"get\" action=\"https:\/\/www.domusbegur.com\/sales-results\/\" role=\"form\" autocomplete=\"off\">\n    <input type=\"hidden\" aria-hidden=\"true\" name=\"commercialization_type\" value=\"sale\">\n                <div class=\"n2r__search__field \">\n              <label for=\"n2r-search-sale-type-41491\">Tipus d&#039;edificaci\u00f3<\/label>\n              <select name=\"type\" id=\"n2r-search-sale-type-41491\" class=\"n2r__select\">\n                <option value=\"\">Tots<\/option>\n                <option value=\"apartment\" >Apartament<\/option><option value=\"attached_house\" >Casa adossada<\/option><option value=\"isolated_house\" >Casa a\u00efllada \/ Villa<\/option><option value=\"terrain\" >Terreny<\/option><option value=\"townhouse\" >Casa de poble<\/option>              <\/select>\n              <span><\/span>\n            <\/div>\n                    <div class=\"n2r__search__field\">\n            <label for=\"n2r-search-sale-price-41491\">Preu<\/label>\n            <select name=\"price\" id=\"n2r-search-sale-price-41491\" class=\"n2r__select\">\n              <option value=\"\"> - <\/option>\n              <option value=\"0 - 100.000 \u20ac\" >0 - 100.000 \u20ac<\/option><option value=\"100.000 \u20ac - 300.000 \u20ac\" >100.000 \u20ac - 300.000 \u20ac<\/option><option value=\"300.000 \u20ac - 500.000 \u20ac\" >300.000 \u20ac - 500.000 \u20ac<\/option><option value=\"500.000 \u20ac - 700.000 \u20ac\" >500.000 \u20ac - 700.000 \u20ac<\/option><option value=\"700.000 \u20ac - 1.000.000 \u20ac\" >700.000 \u20ac - 1.000.000 \u20ac<\/option><option value=\"&gt; 1.000.000 \u20ac\" >&gt; 1.000.000 \u20ac<\/option>            <\/select>\n          <\/div>\n                <div class=\"n2r__search__field\">\n              <label for=\"n2r-search-sale-city-41491\">Destinaci\u00f3<\/label>\n              <select name=\"city\" id=\"n2r-search-sale-city-41491\" class=\"n2r__select\">\n                <option value=\"\">Tots<\/option>\n                <option value=\"BEGUR\" >BEGUR<\/option><option value=\"Begur\" >Begur<\/option><option value=\"Esclany\u00e0\" >Esclany\u00e0<\/option><option value=\"Llafranc\" >Llafranc<\/option><option value=\"Palafrugell\" >Palafrugell<\/option><option value=\"Pals\" >Pals<\/option><option value=\"Peratallada\" >Peratallada<\/option><option value=\"Tamariu\" >Tamariu<\/option>              <\/select>\n            <\/div>\n                      <div class=\"n2r__search__field\">\n              <label for=\"n2r-search-sale-pool-41491\">Piscina<\/label>\n              <select name=\"pooltype\" id=\"n2r-search-sale-pool-41491\" class=\"n2r__select\">\n                <option value=\"\"> - <\/option>\n                <option value=\"communal\" >Comunit\u00e0ria<\/option><option value=\"private\" >Privada<\/option>              <\/select>\n            <\/div>\n                    <div class=\"n2r__search__field\">\n            <label for=\"n2r-search-sale-search_text-41491\">Refer\u00e8ncia<\/label>\n            <input type=\"text\" name=\"search_text\" id=\"n2r-search-sale-search_text-41491\" class=\"n2r__input\" value=\"\">\n          <\/div>\n              <div class=\"n2r__search__field n2r__search__field--submit\">\n      <button type=\"submit\" class=\"n2r__search__submit n2r__btn\">Cercar<\/button>\n    <\/div>\n  <\/form>\n<\/div>  <\/div>\n<\/div><\/div>\n\t\t\t\t\t\t<\/div>\n\t\t\t\t\t<\/div>\n\t\t<\/div>\n\t\t\t\t\t<\/div>\n\t\t<\/section>\n\t\t\t\t<section class=\"elementor-section elementor-top-section elementor-element elementor-element-8d7525c elementor-section-boxed elementor-section-height-default elementor-section-height-default\" data-id=\"8d7525c\" data-element_type=\"section\" data-e-type=\"section\">\n\t\t\t\t\t\t<div class=\"elementor-container elementor-column-gap-default\">\n\t\t\t\t\t<div class=\"elementor-column elementor-col-100 elementor-top-column elementor-element elementor-element-547017e\" data-id=\"547017e\" data-element_type=\"column\" data-e-type=\"column\">\n\t\t\t<div class=\"elementor-widget-wrap elementor-element-populated\">\n\t\t\t\t\t\t<div class=\"elementor-element elementor-element-cda04f0 elementor-widget elementor-widget-heading\" data-id=\"cda04f0\" data-element_type=\"widget\" data-e-type=\"widget\" data-widget_type=\"heading.default\">\n\t\t\t\t\t<h1 class=\"elementor-heading-title elementor-size-default\"> Detall de l'immoble ref. {{propertyRef}}<\/h1>\t\t\t\t<\/div>\n\t\t\t\t\t<\/div>\n\t\t<\/div>\n\t\t\t\t\t<\/div>\n\t\t<\/section>\n\t\t\t\t<section class=\"elementor-section elementor-top-section elementor-element elementor-element-525421d elementor-section-boxed elementor-section-height-default elementor-section-height-default elementor-invisible\" data-id=\"525421d\" data-element_type=\"section\" data-e-type=\"section\" data-settings=\"{&quot;animation&quot;:&quot;fadeIn&quot;}\">\n\t\t\t\t\t\t<div class=\"elementor-container elementor-column-gap-default\">\n\t\t\t\t\t<div class=\"elementor-column elementor-col-50 elementor-top-column elementor-element elementor-element-ebd8e2d\" data-id=\"ebd8e2d\" data-element_type=\"column\" data-e-type=\"column\">\n\t\t\t<div class=\"elementor-widget-wrap elementor-element-populated\">\n\t\t\t\t\t\t<div class=\"elementor-element elementor-element-6e0474d elementor-widget elementor-widget-shortcode\" data-id=\"6e0474d\" data-element_type=\"widget\" data-e-type=\"widget\" data-widget_type=\"shortcode.default\">\n\t\t\t\t\t\t\t<div class=\"elementor-shortcode\"><\/div>\n\t\t\t\t\t\t<\/div>\n\t\t\t\t\t<\/div>\n\t\t<\/div>\n\t\t\t\t<div class=\"elementor-column elementor-col-50 elementor-top-column elementor-element elementor-element-476c123\" data-id=\"476c123\" data-element_type=\"column\" data-e-type=\"column\">\n\t\t\t<div class=\"elementor-widget-wrap elementor-element-populated\">\n\t\t\t\t\t\t<section class=\"elementor-section elementor-inner-section elementor-element elementor-element-2961f3f elementor-section-full_width elementor-section-height-default elementor-section-height-default\" data-id=\"2961f3f\" data-element_type=\"section\" data-e-type=\"section\" data-settings=\"{&quot;background_background&quot;:&quot;classic&quot;}\">\n\t\t\t\t\t\t<div class=\"elementor-container elementor-column-gap-default\">\n\t\t\t\t\t<div class=\"elementor-column elementor-col-100 elementor-inner-column elementor-element elementor-element-9c03f4b\" data-id=\"9c03f4b\" data-element_type=\"column\" data-e-type=\"column\">\n\t\t\t<div class=\"elementor-widget-wrap elementor-element-populated\">\n\t\t\t\t\t\t<div class=\"elementor-element elementor-element-cb2dc40 elementor-widget elementor-widget-shortcode\" data-id=\"cb2dc40\" data-element_type=\"widget\" data-e-type=\"widget\" data-widget_type=\"shortcode.default\">\n\t\t\t\t\t\t\t<div class=\"elementor-shortcode\"><\/div>\n\t\t\t\t\t\t<\/div>\n\t\t\t\t<div class=\"elementor-element elementor-element-ee05bae elementor-widget elementor-widget-shortcode\" data-id=\"ee05bae\" data-element_type=\"widget\" data-e-type=\"widget\" data-widget_type=\"shortcode.default\">\n\t\t\t\t\t\t\t<div class=\"elementor-shortcode\"><\/div>\n\t\t\t\t\t\t<\/div>\n\t\t\t\t\t<\/div>\n\t\t<\/div>\n\t\t\t\t\t<\/div>\n\t\t<\/section>\n\t\t\t\t<section class=\"elementor-section elementor-inner-section elementor-element elementor-element-566f5d2 elementor-section-full_width elementor-section-height-default elementor-section-height-default\" data-id=\"566f5d2\" data-element_type=\"section\" data-e-type=\"section\" data-settings=\"{&quot;background_background&quot;:&quot;classic&quot;}\">\n\t\t\t\t\t\t<div class=\"elementor-container elementor-column-gap-default\">\n\t\t\t\t\t<div class=\"elementor-column elementor-col-100 elementor-inner-column elementor-element elementor-element-9ea91c7\" data-id=\"9ea91c7\" data-element_type=\"column\" data-e-type=\"column\">\n\t\t\t<div class=\"elementor-widget-wrap elementor-element-populated\">\n\t\t\t\t\t\t<div class=\"elementor-element elementor-element-c0a0ef3 elementor-widget elementor-widget-shortcode\" data-id=\"c0a0ef3\" data-element_type=\"widget\" data-e-type=\"widget\" data-widget_type=\"shortcode.default\">\n\t\t\t\t\t\t\t<div class=\"elementor-shortcode\"><\/div>\n\t\t\t\t\t\t<\/div>\n\t\t\t\t\t<\/div>\n\t\t<\/div>\n\t\t\t\t\t<\/div>\n\t\t<\/section>\n\t\t\t\t\t<\/div>\n\t\t<\/div>\n\t\t\t\t\t<\/div>\n\t\t<\/section>\n\t\t\t\t<section class=\"elementor-section elementor-top-section elementor-element elementor-element-595f413 elementor-section-boxed elementor-section-height-default elementor-section-height-default\" data-id=\"595f413\" data-element_type=\"section\" data-e-type=\"section\">\n\t\t\t\t\t\t<div class=\"elementor-container elementor-column-gap-default\">\n\t\t\t\t\t<div class=\"elementor-column elementor-col-100 elementor-top-column elementor-element elementor-element-575645c\" data-id=\"575645c\" data-element_type=\"column\" data-e-type=\"column\">\n\t\t\t<div class=\"elementor-widget-wrap elementor-element-populated\">\n\t\t\t\t\t\t<div class=\"elementor-element elementor-element-e22843b elementor-widget elementor-widget-shortcode\" data-id=\"e22843b\" data-element_type=\"widget\" data-e-type=\"widget\" data-widget_type=\"shortcode.default\">\n\t\t\t\t\t\t\t<div class=\"elementor-shortcode\"><\/div>\n\t\t\t\t\t\t<\/div>\n\t\t\t\t\t<\/div>\n\t\t<\/div>\n\t\t\t\t\t<\/div>\n\t\t<\/section>\n\t\t\t\t<section class=\"elementor-section elementor-top-section elementor-element elementor-element-09f0432 elementor-section-boxed elementor-section-height-default elementor-section-height-default\" data-id=\"09f0432\" data-element_type=\"section\" data-e-type=\"section\">\n\t\t\t\t\t\t<div class=\"elementor-container elementor-column-gap-default\">\n\t\t\t\t\t<div class=\"elementor-column elementor-col-100 elementor-top-column elementor-element elementor-element-048f184\" data-id=\"048f184\" data-element_type=\"column\" data-e-type=\"column\">\n\t\t\t<div class=\"elementor-widget-wrap elementor-element-populated\">\n\t\t\t\t\t\t<div class=\"elementor-element elementor-element-63b9e0d elementor-widget elementor-widget-shortcode\" data-id=\"63b9e0d\" data-element_type=\"widget\" data-e-type=\"widget\" data-widget_type=\"shortcode.default\">\n\t\t\t\t\t\t\t<div class=\"elementor-shortcode\"><\/div>\n\t\t\t\t\t\t<\/div>\n\t\t\t\t\t<\/div>\n\t\t<\/div>\n\t\t\t\t\t<\/div>\n\t\t<\/section>\n\t\t\t\t<section class=\"elementor-section elementor-top-section elementor-element elementor-element-a1b3930 elementor-section-boxed elementor-section-height-default elementor-section-height-default\" data-id=\"a1b3930\" data-element_type=\"section\" data-e-type=\"section\">\n\t\t\t\t\t\t<div class=\"elementor-container elementor-column-gap-default\">\n\t\t\t\t\t<div class=\"elementor-column elementor-col-100 elementor-top-column elementor-element elementor-element-6cbcf59\" data-id=\"6cbcf59\" data-element_type=\"column\" data-e-type=\"column\">\n\t\t\t<div class=\"elementor-widget-wrap elementor-element-populated\">\n\t\t\t\t\t\t<div class=\"elementor-element elementor-element-4378105 elementor-widget elementor-widget-shortcode\" data-id=\"4378105\" data-element_type=\"widget\" data-e-type=\"widget\" data-widget_type=\"shortcode.default\">\n\t\t\t\t\t\t\t<div class=\"elementor-shortcode\"><\/div>\n\t\t\t\t\t\t<\/div>\n\t\t\t\t\t<\/div>\n\t\t<\/div>\n\t\t\t\t\t<\/div>\n\t\t<\/section>\n\t\t\t\t<section class=\"elementor-section elementor-top-section elementor-element elementor-element-40be0dd elementor-section-boxed elementor-section-height-default elementor-section-height-default\" data-id=\"40be0dd\" data-element_type=\"section\" data-e-type=\"section\">\n\t\t\t\t\t\t<div class=\"elementor-container elementor-column-gap-default\">\n\t\t\t\t\t<div class=\"elementor-column elementor-col-100 elementor-top-column elementor-element elementor-element-64f027b\" data-id=\"64f027b\" data-element_type=\"column\" data-e-type=\"column\">\n\t\t\t<div class=\"elementor-widget-wrap elementor-element-populated\">\n\t\t\t\t\t\t<div class=\"elementor-element elementor-element-51acec0 elementor-widget elementor-widget-heading\" data-id=\"51acec0\" data-element_type=\"widget\" data-e-type=\"widget\" data-widget_type=\"heading.default\">\n\t\t\t\t\t<h2 class=\"elementor-heading-title elementor-size-default\">Tamb\u00e9 et poden interessar<\/h2>\t\t\t\t<\/div>\n\t\t\t\t\t<\/div>\n\t\t<\/div>\n\t\t\t\t\t<\/div>\n\t\t<\/section>\n\t\t\t\t<section class=\"elementor-section elementor-top-section elementor-element elementor-element-1b0fbc6 elementor-section-boxed elementor-section-height-default elementor-section-height-default\" data-id=\"1b0fbc6\" data-element_type=\"section\" data-e-type=\"section\">\n\t\t\t\t\t\t<div class=\"elementor-container elementor-column-gap-default\">\n\t\t\t\t\t<div class=\"elementor-column elementor-col-100 elementor-top-column elementor-element elementor-element-4a82686\" data-id=\"4a82686\" data-element_type=\"column\" data-e-type=\"column\">\n\t\t\t<div class=\"elementor-widget-wrap elementor-element-populated\">\n\t\t\t\t\t\t<div class=\"elementor-element elementor-element-7081202 relacionados elementor-widget elementor-widget-shortcode\" data-id=\"7081202\" data-element_type=\"widget\" data-e-type=\"widget\" data-widget_type=\"shortcode.default\">\n\t\t\t\t\t\t\t<div class=\"elementor-shortcode\">\n<div class=\"n2r__list grid\" data-n2r-searchparams=\"\">\n    <div class=\"n2r__row\">\n    <div class=\"n2r__list__items\">\n      <div class=\"n2r__list__item n2r__clickable   n2r__safeandclean\" data-id=\"10079\">\n    <div class=\"n2r__list__item__gallery n2r__slider\">\n    <div class=\"slide-item\"><img data-lazy=\"https:\/\/files.net2rent.com\/pfiles\/48\/10079\/475763-o-m.jpg\" alt=\"294 Monte Calvo Casa a\u00efllada \/ Villa Sa Tuna Begur\" title=\"294 Monte Calvo Casa a\u00efllada \/ Villa Sa Tuna Begur\"><\/div>  <\/div>\n\n  <div class=\"n2r__list__item__info\">\n    <div class=\"n2r__list__item__title\">\n      <h2 class=\"n2r__list__item__name\">\n        <a href=\"https:\/\/www.domusbegur.com\/ca\/lloguer\/lloguer-villa-begur-10079\/\">Lloguer villa amb piscina a Begur, Sa Tuna<\/a>\n      <\/h2>\n          <\/div>\n    <div class=\"n2r__list__item__title\">\n      <div class=\"n2r__list__item__reference\">Ref: 294<\/div>\n      <div class=\"n2r__list__item__turisticreference\">HUTG-038391-23<\/div>      <div class=\"n2r__list__item__city\">Begur<\/div>\n              <div class=\"n2r__list__item__rating\">\n          <div class=\"n2r__rating\">\n            <div class=\"n2r__rating__complete\" style=\"width:0%\"><\/div>\n          <\/div>\n        <\/div>\n          <\/div>\n    <div class=\"n2r__list__item__features\">\n      <div class=\"n2r__list__item__feature n2r__list__item__feature--rooms\" title=\"4 habitacions\"><i class=\"n2r_room\"><\/i> 4<\/div><div class=\"n2r__list__item__feature n2r__list__item__feature--capacity\" title=\"8 pax\"><i class=\"n2r_people\"><\/i> 8<\/div><div class=\"n2r__list__item__feature n2r__list__item__feature--bathrooms\" title=\"5 lavabos\"><i class=\"n2r_toilet\"><\/i> 5<\/div><div class=\"n2r__list__item__feature n2r__list__item__feature--terrace\" title=\"terrassa\"><i class=\"n2r_terrace\"><\/i> <\/div><div class=\"n2r__list__item__feature n2r__list__item__feature--parking\" title=\"Aparcament\"><i class=\"n2r_parking\"><\/i> <\/div><div class=\"n2r__list__item__feature n2r__list__item__feature--garage\" title=\"Garatge\"><i class=\"n2r_garage\"><\/i> <\/div><div class=\"n2r__list__item__feature n2r__list__item__feature--sea_distance\" title=\"Dist\u00e0ncia al mar\"><i class=\"n2r_sea_distance\"><\/i> 2 km<\/div><div class=\"n2r__list__item__feature n2r__list__item__feature--pool\" title=\"piscina\"><i class=\"n2r_swimming_pool\"><\/i> <\/div><div class=\"n2r__list__item__feature n2r__list__item__feature--wifi\" title=\"WIFI\"><i class=\"n2r_properties_equipment_wifi\"><\/i> <\/div><div class=\"n2r__list__item__feature n2r__list__item__feature--heating\" title=\"Calefacci\u00f3\"><i class=\"n2r_properties_equipment_heating\"><\/i> <\/div><div class=\"n2r__list__item__feature n2r__list__item__feature--air_conditioning\" title=\"Aire condicionat\"><i class=\"n2r_properties_equipment_air_conditioning\"><\/i> <\/div>    <\/div>\n    <div class=\"n2r__list__item__description\">Fant\u00e0stica casa de recent construcci\u00f3, situada en tranquil\u00b7la zona residencial a tan sols uns 1,5 km de la platja de Sa Tuna. Constru\u00efda sobre un terreny de 800 metres, la seva ubicaci\u00f3, en una de les zones m\u00e9s elevades de Begur, la fa gaudir d&#039;unes immillorables vistes al mar, illes Medes, Aiguafreda i Pirineus. Els seus di\u00e0fans i lluminosos espais interiors es distribueixen en tres nivells comunicats per ascensor. A la planta baixa trobem, rebedor, bugaderia, habitaci\u00f3 de servei amb bany i ampli garatge. A la planta mitjanera, tres \u00e0mplies habitacions tipus suite amb vestidor i dues d&#039;elles amb sortida a Terrassa privada. A la planta superior, una gran sala d&#039;estar menjador amb unes vistes espectaculars al mar i sortida al jard\u00ed amb piscina, zona sol\u00e0rium i zona de barbacoa. Cuina semi oberta i habitaci\u00f3 principal tipus suite amb vestidor i terrassa privada.<\/div>\n    <div class=\"n2r__list__item__footer\">\n      <div class=\"n2r__list__item__price\"><span class=\"n2r__list__item__price__from\">Des de 6.950 \u20ac <small class=\"n2r__list__item__price__from__type\">\/  Setmana<\/small><\/span><\/div>    <\/div>\n  <\/div>\n  <a class=\"n2r__list__item__link\" href=\"https:\/\/www.domusbegur.com\/ca\/lloguer\/lloguer-villa-begur-10079\/\">M\u00e9s detalls<\/a>\n  <a class=\"n2r__list__item__wishlistmodifybutton n2r__wishlistmodifybutton\" data-n2r-url=\"https:\/\/www.domusbegur.com\/wp-json\/n2r\/v1\/wishlistmodify\"><\/a><\/div><div class=\"n2r__list__item n2r__clickable   n2r__safeandclean\" data-id=\"25858\">\n    <div class=\"n2r__list__item__gallery n2r__slider\">\n    <div class=\"slide-item\"><img data-lazy=\"https:\/\/files.net2rent.com\/pfiles\/48\/25858\/585488-Oh-o-m.jpg\" alt=\"625 Bella Vista Sud Casa a\u00efllada \/ Villa Aiguablava Begur\" title=\"625 Bella Vista Sud Casa a\u00efllada \/ Villa Aiguablava Begur\"><\/div>  <\/div>\n\n  <div class=\"n2r__list__item__info\">\n    <div class=\"n2r__list__item__title\">\n      <h2 class=\"n2r__list__item__name\">\n        <a href=\"https:\/\/www.domusbegur.com\/ca\/lloguer\/lloguer-villa-begur-25858\/\">Lloguer de villa amb piscina privada a Aiguablava, Begur<\/a>\n      <\/h2>\n          <\/div>\n    <div class=\"n2r__list__item__title\">\n      <div class=\"n2r__list__item__reference\">Ref: 625<\/div>\n      <div class=\"n2r__list__item__turisticreference\">HUTG-065073-76<\/div>      <div class=\"n2r__list__item__city\">Begur<\/div>\n              <div class=\"n2r__list__item__rating\">\n          <div class=\"n2r__rating\">\n            <div class=\"n2r__rating__complete\" style=\"width:0%\"><\/div>\n          <\/div>\n        <\/div>\n          <\/div>\n    <div class=\"n2r__list__item__features\">\n      <div class=\"n2r__list__item__feature n2r__list__item__feature--rooms\" title=\"4 habitacions\"><i class=\"n2r_room\"><\/i> 4<\/div><div class=\"n2r__list__item__feature n2r__list__item__feature--capacity\" title=\"8 pax\"><i class=\"n2r_people\"><\/i> 8<\/div><div class=\"n2r__list__item__feature n2r__list__item__feature--bathrooms\" title=\"5 lavabos\"><i class=\"n2r_toilet\"><\/i> 5<\/div><div class=\"n2r__list__item__feature n2r__list__item__feature--terrace\" title=\"terrassa\"><i class=\"n2r_terrace\"><\/i> <\/div><div class=\"n2r__list__item__feature n2r__list__item__feature--parking\" title=\"Aparcament\"><i class=\"n2r_parking\"><\/i> <\/div><div class=\"n2r__list__item__feature n2r__list__item__feature--garage\" title=\"Garatge\"><i class=\"n2r_garage\"><\/i> <\/div><div class=\"n2r__list__item__feature n2r__list__item__feature--sea_distance\" title=\"Dist\u00e0ncia al mar\"><i class=\"n2r_sea_distance\"><\/i> 1,7km<\/div><div class=\"n2r__list__item__feature n2r__list__item__feature--pool\" title=\"piscina\"><i class=\"n2r_swimming_pool\"><\/i> <\/div><div class=\"n2r__list__item__feature n2r__list__item__feature--wifi\" title=\"WIFI\"><i class=\"n2r_properties_equipment_wifi\"><\/i> <\/div><div class=\"n2r__list__item__feature n2r__list__item__feature--heating\" title=\"Calefacci\u00f3 per bomba de calor\"><i class=\"n2r_equipment_air_conditioning\"><\/i> <\/div><div class=\"n2r__list__item__feature n2r__list__item__feature--air_conditioning\" title=\"Aire condicionat\"><i class=\"n2r_properties_equipment_air_conditioning\"><\/i> <\/div>    <\/div>\n    <div class=\"n2r__list__item__description\">Espectacular vila de luxe recentment reformada amb vistes al mar.\r\nDescobreix aquesta impressionant propietat ubicada a una exclusiva zona residencial, on el disseny contemporani es fusiona amb la m\u00e0xima comoditat. Acabada de reformar amb materials d&#039;alta gamma, aquesta vila ofereix una experi\u00e8ncia de vida \u00fanica, banyada per la llum natural gr\u00e0cies a la seva excel\u00b7lent orientaci\u00f3 sud.\r\nLa casa compta amb quatre \u00e0mplies habitacions en suite, totes amb armaris i banys moderns, dissenyades per oferir privadesa i confort absolut. Des de qualsevol punt de la casa, es gaudeix d\u00b4una vista al mar espectacular, que converteix cada despertar en un aut\u00e8ntic privilegi.\r\nA l&#039;exterior, la joia de la propietat \u00e9s la piscina desbordant, perfectament integrada en una \u00e0mplia terrassa amb zones de chill-out, ideal per gaudir del clima mediterrani durant tot l&#039;any.\r\nEl sal\u00f3, de planta oberta, est\u00e0 connectat amb una cuina totalment equipada i un menjador amb finestrals panor\u00e0mics que emmarquen el blau del mar com si fos una obra d&#039;art.\r\nL&#039;habitatge es completa amb un garatge privat amb espai per a un cotxe i tots els detalls han estat pensats per a una vida de luxe, tranquil\u00b7litat i estil.\r\nUna casa perfecta per a qui busca exclusivitat, disseny i una ubicaci\u00f3 immillorable davant del mar.<\/div>\n    <div class=\"n2r__list__item__footer\">\n      <div class=\"n2r__list__item__price\"><span class=\"n2r__list__item__price__from\">Des de 4.950 \u20ac <small class=\"n2r__list__item__price__from__type\">\/  Setmana<\/small><\/span><\/div>    <\/div>\n  <\/div>\n  <a class=\"n2r__list__item__link\" href=\"https:\/\/www.domusbegur.com\/ca\/lloguer\/lloguer-villa-begur-25858\/\">M\u00e9s detalls<\/a>\n  <a class=\"n2r__list__item__wishlistmodifybutton n2r__wishlistmodifybutton\" data-n2r-url=\"https:\/\/www.domusbegur.com\/wp-json\/n2r\/v1\/wishlistmodify\"><\/a><\/div><div class=\"n2r__list__item n2r__clickable   n2r__safeandclean\" data-id=\"4379\">\n    <div class=\"n2r__list__item__gallery n2r__slider\">\n    <div class=\"slide-item\"><img data-lazy=\"https:\/\/files.net2rent.com\/pfiles\/48\/4379\/579196-4I-o-m.jpg\" alt=\"138 Casa Riu Casa de poble Centre Begur\" title=\"138 Casa Riu Casa de poble Centre Begur\"><\/div>  <\/div>\n\n  <div class=\"n2r__list__item__info\">\n    <div class=\"n2r__list__item__title\">\n      <h2 class=\"n2r__list__item__name\">\n        <a href=\"https:\/\/www.domusbegur.com\/ca\/lloguer\/lloguer-casa-de-poble-begur-4379\/\">Lloguer casa de poble amb piscina a Begur, Centre<\/a>\n      <\/h2>\n          <\/div>\n    <div class=\"n2r__list__item__title\">\n      <div class=\"n2r__list__item__reference\">Ref: 138<\/div>\n      <div class=\"n2r__list__item__turisticreference\">HUTG-008306-32<\/div>      <div class=\"n2r__list__item__city\">Begur<\/div>\n              <div class=\"n2r__list__item__rating\">\n          <div class=\"n2r__rating\">\n            <div class=\"n2r__rating__complete\" style=\"width:0%\"><\/div>\n          <\/div>\n        <\/div>\n          <\/div>\n    <div class=\"n2r__list__item__features\">\n      <div class=\"n2r__list__item__feature n2r__list__item__feature--rooms\" title=\"3 habitacions\"><i class=\"n2r_room\"><\/i> 3<\/div><div class=\"n2r__list__item__feature n2r__list__item__feature--capacity\" title=\"6 pax\"><i class=\"n2r_people\"><\/i> 6<\/div><div class=\"n2r__list__item__feature n2r__list__item__feature--bathrooms\" title=\"2 lavabos\"><i class=\"n2r_toilet\"><\/i> 2<\/div><div class=\"n2r__list__item__feature n2r__list__item__feature--sea_distance\" title=\"Dist\u00e0ncia al mar\"><i class=\"n2r_sea_distance\"><\/i> 4 km<\/div><div class=\"n2r__list__item__feature n2r__list__item__feature--pool\" title=\"piscina\"><i class=\"n2r_swimming_pool\"><\/i> <\/div><div class=\"n2r__list__item__feature n2r__list__item__feature--wifi\" title=\"WIFI\"><i class=\"n2r_properties_equipment_wifi\"><\/i> <\/div><div class=\"n2r__list__item__feature n2r__list__item__feature--heating\" title=\"Calefacci\u00f3\"><i class=\"n2r_properties_equipment_heating\"><\/i> <\/div>    <\/div>\n    <div class=\"n2r__list__item__description\">Acollidora casa tradicional situada al centre de Begur, ideal per gaudir del poble amb totes les comoditats i a nom\u00e9s 4 km de les platges de la zona. Amb una superf\u00edcie de 160 m\u00b2 distribu\u00efts en tres plantes, ofereix espais amplis i amb molt de car\u00e0cter.\r\nA la planta baixa hi ha una \u00e0mplia entrada, una c\u00f2moda sala d\u2019estar amb acc\u00e9s directe al jard\u00ed, dues habitacions dobles i un bany complet amb dutxa.\r\nA la primera planta es troba la zona de despatx, la cuina independent i un ampli menjador amb llar de foc, que connecta amb una terrassa i el jard\u00ed amb piscina privada, perfecte per relaxar-se i gaudir a l\u2019aire lliure.\r\nA l\u2019\u00faltima planta hi ha la suite principal, amb bany complet que inclou dutxa i banyera, ideal per a m\u00e9s privacitat i confort.\r\nLa casa conserva detalls tradicionals com parets de pedra, sostres voltats i bigues de fusta, creant un ambient c\u00e0lid i aut\u00e8ntic per unes vacances inoblidables a Begur.<\/div>\n    <div class=\"n2r__list__item__footer\">\n      <div class=\"n2r__list__item__price\"><span class=\"n2r__list__item__price__from\">Des de 1.600 \u20ac <small class=\"n2r__list__item__price__from__type\">\/  Setmana<\/small><\/span><\/div>    <\/div>\n  <\/div>\n  <a class=\"n2r__list__item__link\" href=\"https:\/\/www.domusbegur.com\/ca\/lloguer\/lloguer-casa-de-poble-begur-4379\/\">M\u00e9s detalls<\/a>\n  <a class=\"n2r__list__item__wishlistmodifybutton n2r__wishlistmodifybutton\" data-n2r-url=\"https:\/\/www.domusbegur.com\/wp-json\/n2r\/v1\/wishlistmodify\"><\/a><\/div><div class=\"n2r__list__item n2r__clickable   \" data-id=\"25373\">\n    <div class=\"n2r__list__item__gallery n2r__slider\">\n    <div class=\"slide-item\"><img data-lazy=\"https:\/\/files.net2rent.com\/pfiles\/48\/25373\/570453-lQ-o-m.jpg\" alt=\"496-1 Casa Bellavista Casa a\u00efllada \/ Villa Aiguablava Begur\" title=\"496-1 Casa Bellavista Casa a\u00efllada \/ Villa Aiguablava Begur\"><\/div>  <\/div>\n\n  <div class=\"n2r__list__item__info\">\n    <div class=\"n2r__list__item__title\">\n      <h2 class=\"n2r__list__item__name\">\n        <a href=\"https:\/\/www.domusbegur.com\/ca\/lloguer\/lloguer-villa-begur-25373\/\">Lloguer exclusiva villa amb piscina a Begur, Aiguablava<\/a>\n      <\/h2>\n          <\/div>\n    <div class=\"n2r__list__item__title\">\n      <div class=\"n2r__list__item__reference\">Ref: 496-1<\/div>\n      <div class=\"n2r__list__item__turisticreference\">HUTG-067182-53<\/div>      <div class=\"n2r__list__item__city\">Begur<\/div>\n              <div class=\"n2r__list__item__rating\">\n          <div class=\"n2r__rating\">\n            <div class=\"n2r__rating__complete\" style=\"width:0%\"><\/div>\n          <\/div>\n        <\/div>\n          <\/div>\n    <div class=\"n2r__list__item__features\">\n      <div class=\"n2r__list__item__feature n2r__list__item__feature--rooms\" title=\"5 habitacions\"><i class=\"n2r_room\"><\/i> 5<\/div><div class=\"n2r__list__item__feature n2r__list__item__feature--capacity\" title=\"12 pax\"><i class=\"n2r_people\"><\/i> 12<\/div><div class=\"n2r__list__item__feature n2r__list__item__feature--bathrooms\" title=\"6 lavabos\"><i class=\"n2r_toilet\"><\/i> 6<\/div><div class=\"n2r__list__item__feature n2r__list__item__feature--terrace\" title=\"terrassa\"><i class=\"n2r_terrace\"><\/i> <\/div><div class=\"n2r__list__item__feature n2r__list__item__feature--parking\" title=\"Aparcament\"><i class=\"n2r_parking\"><\/i> <\/div><div class=\"n2r__list__item__feature n2r__list__item__feature--garage\" title=\"Garatge\"><i class=\"n2r_garage\"><\/i> <\/div><div class=\"n2r__list__item__feature n2r__list__item__feature--sea_distance\" title=\"Dist\u00e0ncia al mar\"><i class=\"n2r_sea_distance\"><\/i> 1,5 km<\/div><div class=\"n2r__list__item__feature n2r__list__item__feature--pool\" title=\"piscina\"><i class=\"n2r_swimming_pool\"><\/i> <\/div><div class=\"n2r__list__item__feature n2r__list__item__feature--wifi\" title=\"WIFI\"><i class=\"n2r_properties_equipment_wifi\"><\/i> <\/div><div class=\"n2r__list__item__feature n2r__list__item__feature--heating\" title=\"Calefacci\u00f3\"><i class=\"n2r_properties_equipment_heating\"><\/i> <\/div><div class=\"n2r__list__item__feature n2r__list__item__feature--air_conditioning\" title=\"Aire condicionat\"><i class=\"n2r_properties_equipment_air_conditioning\"><\/i> <\/div>    <\/div>\n    <div class=\"n2r__list__item__description\">Exclusiva propietat de disseny contemporani amb vistes panor\u00e0miques al mar, situada en una tranquil\u00b7la i prestigiosa urbanitzaci\u00f3 de la Costa Brava, a 1,5 km de les platges d&#039;Aiguablava i Tamariu.\r\nL&#039;habitatge destaca per la seva arquitectura moderna, l\u00ednies netes i espais interiors di\u00e0fans que es distribueixen de forma funcional a diversos nivells, aprofitant al m\u00e0xim la llum natural i les vistes a l&#039;entorn mediterrani.\r\nA la planta principal hi ha un ampli i llumin\u00f3s sal\u00f3 amb grans finestrals que permeten gaudir de les vistes al mar des de l&#039;interior. L\u00b4espectacular cuina tipus office, totalment equipada amb electrodom\u00e8stics d\u00b4alta gamma, s\u00b4integra perfectament al\u00b4espai obert, ideal per a reunions familiars o amb amics. Aquesta planta tamb\u00e9 acull un elegant bany de cortesia i una c\u00f2moda habitaci\u00f3 doble tipus suite amb bany privat.Totes les estades d&#039;aquest nivell tenen acc\u00e9s directe a una gran terrassa amb porxo, perfecta per menjar a l&#039;aire lliure, aix\u00ed com a una terrassa superior on hi ha una elegant zona chill-out i una impressionant piscina desbordant, que ofereix un entorn ideal per relaxar-se contemplant el mar.\r\nAl nivell inferior, la zona de nit inclou una habitaci\u00f3 tipus suite amb bany privat, equipada amb tres llits individuals i un sof\u00e0 llit, ideal per a nens o convidats. Tamb\u00e9 hi trobem dues \u00e0mplies habitacions dobles que comparteixen un bany complet i una majestuosa m\u00e0ster suite amb un gran vestidor, bany privat i sortida directa a una terrassa privada. Aquest nivell tamb\u00e9 compta amb una confortable sala de televisi\u00f3 o zona d&#039;estar addicional, pensada per al descans i entreteniment.\r\nLa propietat disposa d\u00b4ascensor, garatge privat i zona d\u00b4aparcament exterior, la qual cosa la fa c\u00f2moda i accessible en tots els sentits.\r\nUna resid\u00e8ncia de luxe, en un entorn privilegiat de la Costa Brava, que combina confort, disseny i natura en una ubicaci\u00f3 immillorable.<\/div>\n    <div class=\"n2r__list__item__footer\">\n      <div class=\"n2r__list__item__price\">Consultar<\/div>    <\/div>\n  <\/div>\n  <a class=\"n2r__list__item__link\" href=\"https:\/\/www.domusbegur.com\/ca\/lloguer\/lloguer-villa-begur-25373\/\">M\u00e9s detalls<\/a>\n  <a class=\"n2r__list__item__wishlistmodifybutton n2r__wishlistmodifybutton\" data-n2r-url=\"https:\/\/www.domusbegur.com\/wp-json\/n2r\/v1\/wishlistmodify\"><\/a><\/div>    <\/div>\n      <\/div>\n  <\/div><\/div>\n\t\t\t\t\t\t<\/div>\n\t\t\t\t\t<\/div>\n\t\t<\/div>\n\t\t\t\t\t<\/div>\n\t\t<\/section>\n\t\t\t\t<\/div>\n\t\t","protected":false},"excerpt":{"rendered":"<p>Detall de l&#8217;immoble ref. {{propertyRef}} Tamb\u00e9 et poden interessar<\/p>\n","protected":false},"author":4,"featured_media":1584,"parent":0,"menu_order":0,"comment_status":"closed","ping_status":"closed","template":"","meta":{"footnotes":""},"class_list":["post-5818","page","type-page","status-publish","has-post-thumbnail","hentry"],"yoast_head":"<!-- This site is optimized with the Yoast SEO plugin v27.4 - https:\/\/yoast.com\/product\/yoast-seo-wordpress\/ -->\n<title>Vacances a la Costa Brava - Domus Begur - Servicios Inmobiliarios<\/title>\n<meta name=\"description\" content=\"La millor selecci\u00f3 de cases, apartaments i viles en venda i en lloguer per a les vacances a Begur i en tota la Costa Brava.\" \/>\n<meta name=\"robots\" content=\"index, follow, max-snippet:-1, max-image-preview:large, max-video-preview:-1\" \/>\n<link rel=\"canonical\" href=\"https:\/\/www.domusbegur.com\/ca\/en-venda\/\" \/>\n<meta property=\"og:locale\" content=\"ca_ES\" \/>\n<meta property=\"og:type\" content=\"article\" \/>\n<meta property=\"og:title\" content=\"Vacances a la Costa Brava - Domus Begur - Servicios Inmobiliarios\" \/>\n<meta property=\"og:description\" content=\"La millor selecci\u00f3 de cases, apartaments i viles en venda i en lloguer per a les vacances a Begur i en tota la Costa Brava.\" \/>\n<meta property=\"og:url\" content=\"https:\/\/www.domusbegur.com\/ca\/en-venda\/\" \/>\n<meta property=\"og:site_name\" content=\"Domus Begur - Servicios Inmobiliarios\" \/>\n<meta property=\"article:modified_time\" content=\"2024-05-29T15:00:40+00:00\" \/>\n<meta property=\"og:image\" content=\"https:\/\/www.domusbegur.com\/wp-content\/uploads\/2019\/04\/destacada_generica03.jpg\" \/>\n\t<meta property=\"og:image:width\" content=\"1280\" \/>\n\t<meta property=\"og:image:height\" content=\"720\" \/>\n\t<meta property=\"og:image:type\" content=\"image\/jpeg\" \/>\n<meta name=\"twitter:card\" content=\"summary_large_image\" \/>\n<script type=\"application\/ld+json\" class=\"yoast-schema-graph\">{\"@context\":\"https:\\\/\\\/schema.org\",\"@graph\":[{\"@type\":\"WebPage\",\"@id\":\"https:\\\/\\\/www.domusbegur.com\\\/ca\\\/en-venda\\\/\",\"url\":\"https:\\\/\\\/www.domusbegur.com\\\/ca\\\/en-venda\\\/\",\"name\":\"Vacances a la Costa Brava - Domus Begur - Servicios Inmobiliarios\",\"isPartOf\":{\"@id\":\"https:\\\/\\\/www.domusbegur.com\\\/ca\\\/#website\"},\"primaryImageOfPage\":{\"@id\":\"https:\\\/\\\/www.domusbegur.com\\\/ca\\\/en-venda\\\/#primaryimage\"},\"image\":{\"@id\":\"https:\\\/\\\/www.domusbegur.com\\\/ca\\\/en-venda\\\/#primaryimage\"},\"thumbnailUrl\":\"https:\\\/\\\/www.domusbegur.com\\\/wp-content\\\/uploads\\\/2019\\\/04\\\/destacada_generica03.jpg\",\"datePublished\":\"2020-04-21T14:32:03+00:00\",\"dateModified\":\"2024-05-29T15:00:40+00:00\",\"description\":\"La millor selecci\u00f3 de cases, apartaments i viles en venda i en lloguer per a les vacances a Begur i en tota la Costa Brava.\",\"breadcrumb\":{\"@id\":\"https:\\\/\\\/www.domusbegur.com\\\/ca\\\/en-venda\\\/#breadcrumb\"},\"inLanguage\":\"ca\",\"potentialAction\":[{\"@type\":\"ReadAction\",\"target\":[\"https:\\\/\\\/www.domusbegur.com\\\/ca\\\/en-venda\\\/\"]}]},{\"@type\":\"BreadcrumbList\",\"@id\":\"https:\\\/\\\/www.domusbegur.com\\\/ca\\\/en-venda\\\/#breadcrumb\",\"itemListElement\":[{\"@type\":\"ListItem\",\"position\":1,\"name\":\"Inicio\",\"item\":\"https:\\\/\\\/www.domusbegur.com\\\/ca\\\/\"},{\"@type\":\"ListItem\",\"position\":2,\"name\":\"Immoble de venda detalladament\"}]},{\"@type\":\"WebSite\",\"@id\":\"https:\\\/\\\/www.domusbegur.com\\\/ca\\\/#website\",\"url\":\"https:\\\/\\\/www.domusbegur.com\\\/ca\\\/\",\"name\":\"Domus Begur - Servicios Inmobiliarios\",\"description\":\"La mejor selecci\u00f3n de casas y apartamentos en la Costa Brava\",\"publisher\":{\"@id\":\"https:\\\/\\\/www.domusbegur.com\\\/ca\\\/#organization\"},\"potentialAction\":[{\"@type\":\"SearchAction\",\"target\":{\"@type\":\"EntryPoint\",\"urlTemplate\":\"https:\\\/\\\/www.domusbegur.com\\\/rental-results\\\/?search_text={search_term_string}\"},\"query-input\":{\"@type\":\"PropertyValueSpecification\",\"valueRequired\":true,\"valueName\":\"search_term_string\"}}],\"inLanguage\":\"ca\"},{\"@type\":\"Organization\",\"@id\":\"https:\\\/\\\/www.domusbegur.com\\\/ca\\\/#organization\",\"name\":\"Domus Begur - Serveis Immobiliaris\",\"url\":\"https:\\\/\\\/www.domusbegur.com\\\/ca\\\/\",\"logo\":{\"@type\":\"ImageObject\",\"inLanguage\":\"ca\",\"@id\":\"https:\\\/\\\/www.domusbegur.com\\\/ca\\\/#\\\/schema\\\/logo\\\/image\\\/\",\"url\":\"https:\\\/\\\/www.domusbegur.com\\\/wp-content\\\/uploads\\\/2020\\\/02\\\/Logo_domus.png\",\"contentUrl\":\"https:\\\/\\\/www.domusbegur.com\\\/wp-content\\\/uploads\\\/2020\\\/02\\\/Logo_domus.png\",\"width\":166,\"height\":173,\"caption\":\"Domus Begur - Serveis Immobiliaris\"},\"image\":{\"@id\":\"https:\\\/\\\/www.domusbegur.com\\\/ca\\\/#\\\/schema\\\/logo\\\/image\\\/\"}}]}<\/script>\n<!-- \/ Yoast SEO plugin. -->","yoast_head_json":{"title":"Vacances a la Costa Brava - Domus Begur - Servicios Inmobiliarios","description":"La millor selecci\u00f3 de cases, apartaments i viles en venda i en lloguer per a les vacances a Begur i en tota la Costa Brava.","robots":{"index":"index","follow":"follow","max-snippet":"max-snippet:-1","max-image-preview":"max-image-preview:large","max-video-preview":"max-video-preview:-1"},"canonical":"https:\/\/www.domusbegur.com\/ca\/en-venda\/","og_locale":"ca_ES","og_type":"article","og_title":"Vacances a la Costa Brava - Domus Begur - Servicios Inmobiliarios","og_description":"La millor selecci\u00f3 de cases, apartaments i viles en venda i en lloguer per a les vacances a Begur i en tota la Costa Brava.","og_url":"https:\/\/www.domusbegur.com\/ca\/en-venda\/","og_site_name":"Domus Begur - Servicios Inmobiliarios","article_modified_time":"2024-05-29T15:00:40+00:00","og_image":[{"width":1280,"height":720,"url":"https:\/\/www.domusbegur.com\/wp-content\/uploads\/2019\/04\/destacada_generica03.jpg","type":"image\/jpeg"}],"twitter_card":"summary_large_image","schema":{"@context":"https:\/\/schema.org","@graph":[{"@type":"WebPage","@id":"https:\/\/www.domusbegur.com\/ca\/en-venda\/","url":"https:\/\/www.domusbegur.com\/ca\/en-venda\/","name":"Vacances a la Costa Brava - Domus Begur - Servicios Inmobiliarios","isPartOf":{"@id":"https:\/\/www.domusbegur.com\/ca\/#website"},"primaryImageOfPage":{"@id":"https:\/\/www.domusbegur.com\/ca\/en-venda\/#primaryimage"},"image":{"@id":"https:\/\/www.domusbegur.com\/ca\/en-venda\/#primaryimage"},"thumbnailUrl":"https:\/\/www.domusbegur.com\/wp-content\/uploads\/2019\/04\/destacada_generica03.jpg","datePublished":"2020-04-21T14:32:03+00:00","dateModified":"2024-05-29T15:00:40+00:00","description":"La millor selecci\u00f3 de cases, apartaments i viles en venda i en lloguer per a les vacances a Begur i en tota la Costa Brava.","breadcrumb":{"@id":"https:\/\/www.domusbegur.com\/ca\/en-venda\/#breadcrumb"},"inLanguage":"ca","potentialAction":[{"@type":"ReadAction","target":["https:\/\/www.domusbegur.com\/ca\/en-venda\/"]}]},{"@type":"BreadcrumbList","@id":"https:\/\/www.domusbegur.com\/ca\/en-venda\/#breadcrumb","itemListElement":[{"@type":"ListItem","position":1,"name":"Inicio","item":"https:\/\/www.domusbegur.com\/ca\/"},{"@type":"ListItem","position":2,"name":"Immoble de venda detalladament"}]},{"@type":"WebSite","@id":"https:\/\/www.domusbegur.com\/ca\/#website","url":"https:\/\/www.domusbegur.com\/ca\/","name":"Domus Begur - Servicios Inmobiliarios","description":"La mejor selecci\u00f3n de casas y apartamentos en la Costa Brava","publisher":{"@id":"https:\/\/www.domusbegur.com\/ca\/#organization"},"potentialAction":[{"@type":"SearchAction","target":{"@type":"EntryPoint","urlTemplate":"https:\/\/www.domusbegur.com\/rental-results\/?search_text={search_term_string}"},"query-input":{"@type":"PropertyValueSpecification","valueRequired":true,"valueName":"search_term_string"}}],"inLanguage":"ca"},{"@type":"Organization","@id":"https:\/\/www.domusbegur.com\/ca\/#organization","name":"Domus Begur - Serveis Immobiliaris","url":"https:\/\/www.domusbegur.com\/ca\/","logo":{"@type":"ImageObject","inLanguage":"ca","@id":"https:\/\/www.domusbegur.com\/ca\/#\/schema\/logo\/image\/","url":"https:\/\/www.domusbegur.com\/wp-content\/uploads\/2020\/02\/Logo_domus.png","contentUrl":"https:\/\/www.domusbegur.com\/wp-content\/uploads\/2020\/02\/Logo_domus.png","width":166,"height":173,"caption":"Domus Begur - Serveis Immobiliaris"},"image":{"@id":"https:\/\/www.domusbegur.com\/ca\/#\/schema\/logo\/image\/"}}]}},"_links":{"self":[{"href":"https:\/\/www.domusbegur.com\/ca\/wp-json\/wp\/v2\/pages\/5818","targetHints":{"allow":["GET"]}}],"collection":[{"href":"https:\/\/www.domusbegur.com\/ca\/wp-json\/wp\/v2\/pages"}],"about":[{"href":"https:\/\/www.domusbegur.com\/ca\/wp-json\/wp\/v2\/types\/page"}],"author":[{"embeddable":true,"href":"https:\/\/www.domusbegur.com\/ca\/wp-json\/wp\/v2\/users\/4"}],"replies":[{"embeddable":true,"href":"https:\/\/www.domusbegur.com\/ca\/wp-json\/wp\/v2\/comments?post=5818"}],"version-history":[{"count":3,"href":"https:\/\/www.domusbegur.com\/ca\/wp-json\/wp\/v2\/pages\/5818\/revisions"}],"predecessor-version":[{"id":9134,"href":"https:\/\/www.domusbegur.com\/ca\/wp-json\/wp\/v2\/pages\/5818\/revisions\/9134"}],"wp:featuredmedia":[{"embeddable":true,"href":"https:\/\/www.domusbegur.com\/ca\/wp-json\/wp\/v2\/media\/1584"}],"wp:attachment":[{"href":"https:\/\/www.domusbegur.com\/ca\/wp-json\/wp\/v2\/media?parent=5818"}],"curies":[{"name":"wp","href":"https:\/\/api.w.org\/{rel}","templated":true}]}}